{"id":23681,"date":"2022-02-07T11:56:46","date_gmt":"2022-02-07T10:56:46","guid":{"rendered":"https:\/\/alan.lu\/?page_id=23681"},"modified":"2024-01-30T10:23:39","modified_gmt":"2024-01-30T09:23:39","slug":"rareflections","status":"publish","type":"page","link":"https:\/\/alan.lu\/de\/rareflections\/","title":{"rendered":"RaReflections"},"content":{"rendered":"<div class=\"wpb-content-wrapper\"><p>[vc_row content_width=&#8221;grid&#8221;][vc_column][vc_column_text]<\/p>\n<h2 style=\"text-align: center;\">Die Ausstellung \u201eRaReflections\u201c<\/h2>\n<p>[\/vc_column_text][vc_empty_space height=&#8221;14px&#8221;]<div class=\"edgtf-separator-holder clearfix  edgtf-separator-center\">\n\t<div class=\"edgtf-separator\" style=\"border-color: #00bcdf;width: 50px;border-bottom-width: 3px;margin-top: 25px;margin-bottom: 25px\"><\/div>\n<\/div>\n[vc_empty_space height=&#8221;14px&#8221;][\/vc_column][\/vc_row][vc_row][vc_column][vc_column_text]Im Rahmen des Rare Disease Day pr\u00e4sentierte ALAN eine Fotoausstellung mit dem Titel &#8220;RaReflections&#8221;.<\/p>\n<p>Die Portraits sind das Werk der renommierten Fotografin Sophie Margue. Die Aufnahmen zeigen 16 von einer seltenen Erkrankung betroffenen Kinder und Erwachsene in einem Moment der Reflexion. Unter dem Motto \u201ea rare disease does not define who you are or what your future holds\u201c werden die fotografierten Menschen zu Tr\u00e4gern einer positiven und ermutigenden Botschaft. Der Blick der Ausstellungsbesucher wird auf nat\u00fcrliche Weise auf die Menschen, und nicht auf deren Krankheit, gelenkt. Die fl\u00fcchtige Verbindung, die hierbei zwischen Betrachter und abgebildeter Person entsteht, regt eine pers\u00f6nliche Reflexion des Betrachters \u00fcber dieses \u00fcberaus komplexe Thema an.<\/p>\n<p>Die Vernissage der Fotoausstellung fand am 24. Februar 2022 um 14.30 Uhr in der \u201eVerri\u00e8re\u201c des Hauptbahnhofs Luxemburg statt. Die Ausstellung wurde in Zusammenarbeit mit CFL, Spuerkeess und dem Gesundheitsministerium organisiert.<\/p>\n<p><strong>Programm der Vernissage<\/strong>[\/vc_column_text][vc_empty_space]<div class=\"edgtf-unordered-list  edgtf-square\" >\n<ul>\n<li>Begr\u00fc\u00dfungsrede der Abteilungsleiterin Kommunikation und Pressesprecherin der CFL, Alessandra Nonnweiler<\/li>\n<li>Begr\u00fc\u00dfungsrede des Sch\u00f6ffen der Stadt Luxemburg, Maurice Bauer<\/li>\n<li>Begr\u00fc\u00dfungsrede der Abteilungsleiterin Marketing von Spuerkeess, Lisa Wells<\/li>\n<li>Begr\u00fc\u00dfungsrede der Fotografin, Sophie Margue<\/li>\n<li>Ansprach der Pr\u00e4sidentin von ALAN, Shirley Feider-Rohen<\/li>\n<li>Erfahrungsbericht von Abby &amp; Julie Scheidweiler<\/li>\n<li>Ansprach von Dr Fran\u00e7oise Berthet, Directeur Adjoint der Direction de la sant\u00e9<\/li>\n<\/ul>\n<\/div>[vc_column_text]Die Wanderausstellung blieb bis zum 31. M\u00e4rz 2022 im Hauptbahnhof Luxemburg. Anschlie\u00dfend wurden die Portr\u00e4ts bei anderen Partnerorganisationen von ALAN ausgestellt. Die Finissage der Ausstellung fand im Februar 2023 in einer Zweigstelle von Spuerkeess, dem Sponsor des Fotoprojekts, statt.[\/vc_column_text][vc_empty_space height=&#8221;64px&#8221;][\/vc_column][\/vc_row][vc_row][vc_column width=&#8221;1\/4&#8243;]\n<div class=\"edgtf-team main-info-below-image\">\n\t<div class=\"edgtf-team-inner\">\n\t\t\t\t\t<div class=\"edgtf-team-image\">\n                <img loading=\"lazy\" decoding=\"async\" width=\"1085\" height=\"1085\" src=\"https:\/\/alan.lu\/wp-content\/uploads\/2022\/02\/Abby-ig.jpg\" class=\"attachment-full size-full\" alt=\"\" srcset=\"https:\/\/alan.lu\/wp-content\/uploads\/2022\/02\/Abby-ig.jpg 1085w, https:\/\/alan.lu\/wp-content\/uploads\/2022\/02\/Abby-ig-300x300.jpg 300w, https:\/\/alan.lu\/wp-content\/uploads\/2022\/02\/Abby-ig-1024x1024.jpg 1024w, https:\/\/alan.lu\/wp-content\/uploads\/2022\/02\/Abby-ig-150x150.jpg 150w, https:\/\/alan.lu\/wp-content\/uploads\/2022\/02\/Abby-ig-768x768.jpg 768w, https:\/\/alan.lu\/wp-content\/uploads\/2022\/02\/Abby-ig-550x550.jpg 550w, https:\/\/alan.lu\/wp-content\/uploads\/2022\/02\/Abby-ig-1000x1000.jpg 1000w, https:\/\/alan.lu\/wp-content\/uploads\/2022\/02\/Abby-ig-600x600.jpg 600w, https:\/\/alan.lu\/wp-content\/uploads\/2022\/02\/Abby-ig-100x100.jpg 100w, https:\/\/alan.lu\/wp-content\/uploads\/2022\/02\/Abby-ig-60x60.jpg 60w, https:\/\/alan.lu\/wp-content\/uploads\/2022\/02\/Abby-ig-90x90.jpg 90w\" sizes=\"auto, (max-width: 1085px) 100vw, 1085px\" \/>                \t\t\t<\/div>\n\t\t\n\t\t\t\t\t<div class=\"edgtf-team-info\">\n\t\t\t\t\t\t\t\t\t<div class=\"edgtf-team-title-holder normal_social\">\n\t\t\t\t\t\t\t\t\t\t\t\t\t\t\t\t\t\t\t<h4 class=\"edgtf-team-name\" >\n\t\t\t\t\t\t\t\t<a class=\"team-link-name\"  href=\"\">Abby<\/a>\n\t\t\t\t\t\t\t<\/h4>\n\t\t\t\t\t\t\t\t\t\t\t\t\t\t\t\t\t<\/div>\n\t\t\t\t\n\t\t\t\t\t\t\t\t\t<div class='edgtf-team-text'>\n\t\t\t\t\t\t<div class='edgtf-team-text-inner'>\n\t\t\t\t\t\t\t<div class='edgtf-team-description'>\n\t\t\t\t\t\t\t\t<p >\u201eEch weess nach net esou richteg wat an der Zukunft esou op mech duer kennt mee w\u00e4ert mech duerch n\u00e4ischt bremsen loossen. Ech w\u00ebnschen mir m\u00e9i en einfachen Alldag a m\u00e9i autonom kenne ze sinn. Ech w\u00ebnschen mir Schoul, Sport a Liewen ew\u00e9i all di aner Kanner gen\u00e9issen ze kennen ouni H\u00ebllef.\u201c<\/p>\n\t\t\t\t\t\t\t<\/div>\n\t\t\t\t\t\t<\/div>\n\t\t\t\t\t<\/div>\n\t\t\t\t\n\t\t<div class=\"edgtf-team-social-holder-between\">\n\t\t\t<div class=\"edgtf-team-social normal_social\">\n\t\t\t\t<div class=\"edgtf-team-social-inner\">\n\t\t\t\t\t<div class=\"edgtf-team-social-wrapp\">\n\n\t\t\t\t\t\t\n\t\t\t\t\t<\/div>\n\t\t\t\t<\/div>\n\t\t\t<\/div>\n\t\t<\/div>\n\n\t\t<\/div>\n\t<\/div>\n<\/div>[vc_empty_space][\/vc_column][vc_column width=&#8221;1\/4&#8243;]\n<div class=\"edgtf-team main-info-below-image\">\n\t<div class=\"edgtf-team-inner\">\n\t\t\t\t\t<div class=\"edgtf-team-image\">\n                <img loading=\"lazy\" decoding=\"async\" width=\"1080\" height=\"1080\" src=\"https:\/\/alan.lu\/wp-content\/uploads\/2022\/02\/Eve-1.jpg\" class=\"attachment-full size-full\" alt=\"\" srcset=\"https:\/\/alan.lu\/wp-content\/uploads\/2022\/02\/Eve-1.jpg 1080w, https:\/\/alan.lu\/wp-content\/uploads\/2022\/02\/Eve-1-300x300.jpg 300w, https:\/\/alan.lu\/wp-content\/uploads\/2022\/02\/Eve-1-1024x1024.jpg 1024w, https:\/\/alan.lu\/wp-content\/uploads\/2022\/02\/Eve-1-150x150.jpg 150w, https:\/\/alan.lu\/wp-content\/uploads\/2022\/02\/Eve-1-768x768.jpg 768w, https:\/\/alan.lu\/wp-content\/uploads\/2022\/02\/Eve-1-550x550.jpg 550w, https:\/\/alan.lu\/wp-content\/uploads\/2022\/02\/Eve-1-1000x1000.jpg 1000w, https:\/\/alan.lu\/wp-content\/uploads\/2022\/02\/Eve-1-600x600.jpg 600w, https:\/\/alan.lu\/wp-content\/uploads\/2022\/02\/Eve-1-100x100.jpg 100w, https:\/\/alan.lu\/wp-content\/uploads\/2022\/02\/Eve-1-60x60.jpg 60w, https:\/\/alan.lu\/wp-content\/uploads\/2022\/02\/Eve-1-90x90.jpg 90w\" sizes=\"auto, (max-width: 1080px) 100vw, 1080px\" \/>                \t\t\t<\/div>\n\t\t\n\t\t\t\t\t<div class=\"edgtf-team-info\">\n\t\t\t\t\t\t\t\t\t<div class=\"edgtf-team-title-holder normal_social\">\n\t\t\t\t\t\t\t\t\t\t\t\t\t\t\t\t\t\t\t<h4 class=\"edgtf-team-name\" >\n\t\t\t\t\t\t\t\t<a class=\"team-link-name\"  href=\"\">Eve<\/a>\n\t\t\t\t\t\t\t<\/h4>\n\t\t\t\t\t\t\t\t\t\t\t\t\t\t\t\t\t<\/div>\n\t\t\t\t\n\t\t\t\t\t\t\t\t\t<div class='edgtf-team-text'>\n\t\t\t\t\t\t<div class='edgtf-team-text-inner'>\n\t\t\t\t\t\t\t<div class='edgtf-team-description'>\n\t\t\t\t\t\t\t\t<p >\u201cA secret to happiness is to let any situation be what it is, not what you think it should be, and then make the most posit\u2019Eve of it\u201d<\/p>\n\t\t\t\t\t\t\t<\/div>\n\t\t\t\t\t\t<\/div>\n\t\t\t\t\t<\/div>\n\t\t\t\t\n\t\t<div class=\"edgtf-team-social-holder-between\">\n\t\t\t<div class=\"edgtf-team-social normal_social\">\n\t\t\t\t<div class=\"edgtf-team-social-inner\">\n\t\t\t\t\t<div class=\"edgtf-team-social-wrapp\">\n\n\t\t\t\t\t\t\n\t\t\t\t\t<\/div>\n\t\t\t\t<\/div>\n\t\t\t<\/div>\n\t\t<\/div>\n\n\t\t<\/div>\n\t<\/div>\n<\/div>[vc_empty_space][\/vc_column][vc_column width=&#8221;1\/4&#8243;]\n<div class=\"edgtf-team main-info-below-image\">\n\t<div class=\"edgtf-team-inner\">\n\t\t\t\t\t<div class=\"edgtf-team-image\">\n                <img loading=\"lazy\" decoding=\"async\" width=\"1080\" height=\"1080\" src=\"https:\/\/alan.lu\/wp-content\/uploads\/2022\/02\/Denis-1.jpg\" class=\"attachment-full size-full\" alt=\"\" srcset=\"https:\/\/alan.lu\/wp-content\/uploads\/2022\/02\/Denis-1.jpg 1080w, https:\/\/alan.lu\/wp-content\/uploads\/2022\/02\/Denis-1-300x300.jpg 300w, https:\/\/alan.lu\/wp-content\/uploads\/2022\/02\/Denis-1-1024x1024.jpg 1024w, https:\/\/alan.lu\/wp-content\/uploads\/2022\/02\/Denis-1-150x150.jpg 150w, https:\/\/alan.lu\/wp-content\/uploads\/2022\/02\/Denis-1-768x768.jpg 768w, https:\/\/alan.lu\/wp-content\/uploads\/2022\/02\/Denis-1-550x550.jpg 550w, https:\/\/alan.lu\/wp-content\/uploads\/2022\/02\/Denis-1-1000x1000.jpg 1000w, https:\/\/alan.lu\/wp-content\/uploads\/2022\/02\/Denis-1-600x600.jpg 600w, https:\/\/alan.lu\/wp-content\/uploads\/2022\/02\/Denis-1-100x100.jpg 100w, https:\/\/alan.lu\/wp-content\/uploads\/2022\/02\/Denis-1-60x60.jpg 60w, https:\/\/alan.lu\/wp-content\/uploads\/2022\/02\/Denis-1-90x90.jpg 90w\" sizes=\"auto, (max-width: 1080px) 100vw, 1080px\" \/>                \t\t\t<\/div>\n\t\t\n\t\t\t\t\t<div class=\"edgtf-team-info\">\n\t\t\t\t\t\t\t\t\t<div class=\"edgtf-team-title-holder normal_social\">\n\t\t\t\t\t\t\t\t\t\t\t\t\t\t\t\t\t\t\t<h4 class=\"edgtf-team-name\" >\n\t\t\t\t\t\t\t\t<a class=\"team-link-name\"  href=\"\">Denis<\/a>\n\t\t\t\t\t\t\t<\/h4>\n\t\t\t\t\t\t\t\t\t\t\t\t\t\t\t\t\t<\/div>\n\t\t\t\t\n\t\t\t\t\t\t\t\t\t<div class='edgtf-team-text'>\n\t\t\t\t\t\t<div class='edgtf-team-text-inner'>\n\t\t\t\t\t\t\t<div class='edgtf-team-description'>\n\t\t\t\t\t\t\t\t<p >\u201eMeng Famill ass fir mech dat Allerwichtegst am Liewen. Si si meng Energie, meng Freed a m\u00e4i Liewenselixier. Fir mech, fir si a fir all d\u00e9i aner betraffe M\u00ebnsche w\u00e4ert ech ni opginn an \u00ebmmer weider k\u00e4mpfen. Never give up!\u201d<\/p>\n\t\t\t\t\t\t\t<\/div>\n\t\t\t\t\t\t<\/div>\n\t\t\t\t\t<\/div>\n\t\t\t\t\n\t\t<div class=\"edgtf-team-social-holder-between\">\n\t\t\t<div class=\"edgtf-team-social normal_social\">\n\t\t\t\t<div class=\"edgtf-team-social-inner\">\n\t\t\t\t\t<div class=\"edgtf-team-social-wrapp\">\n\n\t\t\t\t\t\t\n\t\t\t\t\t<\/div>\n\t\t\t\t<\/div>\n\t\t\t<\/div>\n\t\t<\/div>\n\n\t\t<\/div>\n\t<\/div>\n<\/div>[vc_empty_space][\/vc_column][vc_column width=&#8221;1\/4&#8243;]\n<div class=\"edgtf-team main-info-below-image\">\n\t<div class=\"edgtf-team-inner\">\n\t\t\t\t\t<div class=\"edgtf-team-image\">\n                <img loading=\"lazy\" decoding=\"async\" width=\"1080\" height=\"1080\" src=\"https:\/\/alan.lu\/wp-content\/uploads\/2022\/02\/Eric-1.jpg\" class=\"attachment-full size-full\" alt=\"\" srcset=\"https:\/\/alan.lu\/wp-content\/uploads\/2022\/02\/Eric-1.jpg 1080w, https:\/\/alan.lu\/wp-content\/uploads\/2022\/02\/Eric-1-300x300.jpg 300w, https:\/\/alan.lu\/wp-content\/uploads\/2022\/02\/Eric-1-1024x1024.jpg 1024w, https:\/\/alan.lu\/wp-content\/uploads\/2022\/02\/Eric-1-150x150.jpg 150w, https:\/\/alan.lu\/wp-content\/uploads\/2022\/02\/Eric-1-768x768.jpg 768w, https:\/\/alan.lu\/wp-content\/uploads\/2022\/02\/Eric-1-550x550.jpg 550w, https:\/\/alan.lu\/wp-content\/uploads\/2022\/02\/Eric-1-1000x1000.jpg 1000w, https:\/\/alan.lu\/wp-content\/uploads\/2022\/02\/Eric-1-600x600.jpg 600w, https:\/\/alan.lu\/wp-content\/uploads\/2022\/02\/Eric-1-100x100.jpg 100w, https:\/\/alan.lu\/wp-content\/uploads\/2022\/02\/Eric-1-60x60.jpg 60w, https:\/\/alan.lu\/wp-content\/uploads\/2022\/02\/Eric-1-90x90.jpg 90w\" sizes=\"auto, (max-width: 1080px) 100vw, 1080px\" \/>                \t\t\t<\/div>\n\t\t\n\t\t\t\t\t<div class=\"edgtf-team-info\">\n\t\t\t\t\t\t\t\t\t<div class=\"edgtf-team-title-holder normal_social\">\n\t\t\t\t\t\t\t\t\t\t\t\t\t\t\t\t\t\t\t<h4 class=\"edgtf-team-name\" >\n\t\t\t\t\t\t\t\t<a class=\"team-link-name\"  href=\"\">Eric<\/a>\n\t\t\t\t\t\t\t<\/h4>\n\t\t\t\t\t\t\t\t\t\t\t\t\t\t\t\t\t<\/div>\n\t\t\t\t\n\t\t\t\t\t\t\t\t\t<div class='edgtf-team-text'>\n\t\t\t\t\t\t<div class='edgtf-team-text-inner'>\n\t\t\t\t\t\t\t<div class='edgtf-team-description'>\n\t\t\t\t\t\t\t\t<p >\u201eEch w\u00ebnschen mer dat ech esou akzept\u00e9iert ginn, wei ech sinn. Talent ist wichtiger als Technik. \u2013 Andreas Feininger \u2013\u201d<\/p>\n\t\t\t\t\t\t\t<\/div>\n\t\t\t\t\t\t<\/div>\n\t\t\t\t\t<\/div>\n\t\t\t\t\n\t\t<div class=\"edgtf-team-social-holder-between\">\n\t\t\t<div class=\"edgtf-team-social normal_social\">\n\t\t\t\t<div class=\"edgtf-team-social-inner\">\n\t\t\t\t\t<div class=\"edgtf-team-social-wrapp\">\n\n\t\t\t\t\t\t\n\t\t\t\t\t<\/div>\n\t\t\t\t<\/div>\n\t\t\t<\/div>\n\t\t<\/div>\n\n\t\t<\/div>\n\t<\/div>\n<\/div>[vc_empty_space][\/vc_column][\/vc_row][vc_row][vc_column width=&#8221;1\/4&#8243;]\n<div class=\"edgtf-team main-info-below-image\">\n\t<div class=\"edgtf-team-inner\">\n\t\t\t\t\t<div class=\"edgtf-team-image\">\n                <img loading=\"lazy\" decoding=\"async\" width=\"1080\" height=\"1080\" src=\"https:\/\/alan.lu\/wp-content\/uploads\/2022\/02\/Jessica-og.jpg\" class=\"attachment-full size-full\" alt=\"\" srcset=\"https:\/\/alan.lu\/wp-content\/uploads\/2022\/02\/Jessica-og.jpg 1080w, https:\/\/alan.lu\/wp-content\/uploads\/2022\/02\/Jessica-og-300x300.jpg 300w, https:\/\/alan.lu\/wp-content\/uploads\/2022\/02\/Jessica-og-1024x1024.jpg 1024w, https:\/\/alan.lu\/wp-content\/uploads\/2022\/02\/Jessica-og-150x150.jpg 150w, https:\/\/alan.lu\/wp-content\/uploads\/2022\/02\/Jessica-og-768x768.jpg 768w, https:\/\/alan.lu\/wp-content\/uploads\/2022\/02\/Jessica-og-550x550.jpg 550w, https:\/\/alan.lu\/wp-content\/uploads\/2022\/02\/Jessica-og-1000x1000.jpg 1000w, https:\/\/alan.lu\/wp-content\/uploads\/2022\/02\/Jessica-og-600x600.jpg 600w, https:\/\/alan.lu\/wp-content\/uploads\/2022\/02\/Jessica-og-100x100.jpg 100w, https:\/\/alan.lu\/wp-content\/uploads\/2022\/02\/Jessica-og-60x60.jpg 60w, https:\/\/alan.lu\/wp-content\/uploads\/2022\/02\/Jessica-og-90x90.jpg 90w\" sizes=\"auto, (max-width: 1080px) 100vw, 1080px\" \/>                \t\t\t<\/div>\n\t\t\n\t\t\t\t\t<div class=\"edgtf-team-info\">\n\t\t\t\t\t\t\t\t\t<div class=\"edgtf-team-title-holder normal_social\">\n\t\t\t\t\t\t\t\t\t\t\t\t\t\t\t\t\t\t\t<h4 class=\"edgtf-team-name\" >\n\t\t\t\t\t\t\t\t<a class=\"team-link-name\"  href=\"\">Jessica<\/a>\n\t\t\t\t\t\t\t<\/h4>\n\t\t\t\t\t\t\t\t\t\t\t\t\t\t\t\t\t<\/div>\n\t\t\t\t\n\t\t\t\t\t\t\t\t\t<div class='edgtf-team-text'>\n\t\t\t\t\t\t<div class='edgtf-team-text-inner'>\n\t\t\t\t\t\t\t<div class='edgtf-team-description'>\n\t\t\t\t\t\t\t\t<p >\u201cI wish understanding, cohesion, inner peace and love for all of us. For my kids and me, that more about rare diseases is being researched!\u201d<\/p>\n\t\t\t\t\t\t\t<\/div>\n\t\t\t\t\t\t<\/div>\n\t\t\t\t\t<\/div>\n\t\t\t\t\n\t\t<div class=\"edgtf-team-social-holder-between\">\n\t\t\t<div class=\"edgtf-team-social normal_social\">\n\t\t\t\t<div class=\"edgtf-team-social-inner\">\n\t\t\t\t\t<div class=\"edgtf-team-social-wrapp\">\n\n\t\t\t\t\t\t\n\t\t\t\t\t<\/div>\n\t\t\t\t<\/div>\n\t\t\t<\/div>\n\t\t<\/div>\n\n\t\t<\/div>\n\t<\/div>\n<\/div>[vc_empty_space][\/vc_column][vc_column width=&#8221;1\/4&#8243;]\n<div class=\"edgtf-team main-info-below-image\">\n\t<div class=\"edgtf-team-inner\">\n\t\t\t\t\t<div class=\"edgtf-team-image\">\n                <img loading=\"lazy\" decoding=\"async\" width=\"1080\" height=\"1080\" src=\"https:\/\/alan.lu\/wp-content\/uploads\/2022\/02\/Hannah-ig.jpg\" class=\"attachment-full size-full\" alt=\"\" srcset=\"https:\/\/alan.lu\/wp-content\/uploads\/2022\/02\/Hannah-ig.jpg 1080w, https:\/\/alan.lu\/wp-content\/uploads\/2022\/02\/Hannah-ig-300x300.jpg 300w, https:\/\/alan.lu\/wp-content\/uploads\/2022\/02\/Hannah-ig-1024x1024.jpg 1024w, https:\/\/alan.lu\/wp-content\/uploads\/2022\/02\/Hannah-ig-150x150.jpg 150w, https:\/\/alan.lu\/wp-content\/uploads\/2022\/02\/Hannah-ig-768x768.jpg 768w, https:\/\/alan.lu\/wp-content\/uploads\/2022\/02\/Hannah-ig-550x550.jpg 550w, https:\/\/alan.lu\/wp-content\/uploads\/2022\/02\/Hannah-ig-1000x1000.jpg 1000w, https:\/\/alan.lu\/wp-content\/uploads\/2022\/02\/Hannah-ig-600x600.jpg 600w, https:\/\/alan.lu\/wp-content\/uploads\/2022\/02\/Hannah-ig-100x100.jpg 100w, https:\/\/alan.lu\/wp-content\/uploads\/2022\/02\/Hannah-ig-60x60.jpg 60w, https:\/\/alan.lu\/wp-content\/uploads\/2022\/02\/Hannah-ig-90x90.jpg 90w\" sizes=\"auto, (max-width: 1080px) 100vw, 1080px\" \/>                \t\t\t<\/div>\n\t\t\n\t\t\t\t\t<div class=\"edgtf-team-info\">\n\t\t\t\t\t\t\t\t\t<div class=\"edgtf-team-title-holder normal_social\">\n\t\t\t\t\t\t\t\t\t\t\t\t\t\t\t\t\t\t\t<h4 class=\"edgtf-team-name\" >\n\t\t\t\t\t\t\t\t<a class=\"team-link-name\"  href=\"\">Hannah<\/a>\n\t\t\t\t\t\t\t<\/h4>\n\t\t\t\t\t\t\t\t\t\t\t\t\t\t\t\t\t<\/div>\n\t\t\t\t\n\t\t\t\t\t\t\t\t\t<div class='edgtf-team-text'>\n\t\t\t\t\t\t<div class='edgtf-team-text-inner'>\n\t\t\t\t\t\t\t<div class='edgtf-team-description'>\n\t\t\t\t\t\t\t\t<p >\u201eAls junge Schmerzpatientin w\u00fcnsche ich mir, dass ich zuk\u00fcnftig in Luxemburg die M\u00f6glichkeit haben werde, regelm\u00e4\u00dfig in einer ad\u00e4quaten Schmerztherapie behandelt zu werden. Eine Schmerztherapie, die mir dabei helfen k\u00f6nnte, meinen Alltag k\u00fcnftig zu erleichtern.\u201d<\/p>\n\t\t\t\t\t\t\t<\/div>\n\t\t\t\t\t\t<\/div>\n\t\t\t\t\t<\/div>\n\t\t\t\t\n\t\t<div class=\"edgtf-team-social-holder-between\">\n\t\t\t<div class=\"edgtf-team-social normal_social\">\n\t\t\t\t<div class=\"edgtf-team-social-inner\">\n\t\t\t\t\t<div class=\"edgtf-team-social-wrapp\">\n\n\t\t\t\t\t\t\n\t\t\t\t\t<\/div>\n\t\t\t\t<\/div>\n\t\t\t<\/div>\n\t\t<\/div>\n\n\t\t<\/div>\n\t<\/div>\n<\/div>[vc_empty_space][\/vc_column][vc_column width=&#8221;1\/4&#8243;]\n<div class=\"edgtf-team main-info-below-image\">\n\t<div class=\"edgtf-team-inner\">\n\t\t\t\t\t<div class=\"edgtf-team-image\">\n                <img loading=\"lazy\" decoding=\"async\" width=\"1080\" height=\"1080\" src=\"https:\/\/alan.lu\/wp-content\/uploads\/2022\/02\/Lucas-ig.jpg\" class=\"attachment-full size-full\" alt=\"\" srcset=\"https:\/\/alan.lu\/wp-content\/uploads\/2022\/02\/Lucas-ig.jpg 1080w, https:\/\/alan.lu\/wp-content\/uploads\/2022\/02\/Lucas-ig-300x300.jpg 300w, https:\/\/alan.lu\/wp-content\/uploads\/2022\/02\/Lucas-ig-1024x1024.jpg 1024w, https:\/\/alan.lu\/wp-content\/uploads\/2022\/02\/Lucas-ig-150x150.jpg 150w, https:\/\/alan.lu\/wp-content\/uploads\/2022\/02\/Lucas-ig-768x768.jpg 768w, https:\/\/alan.lu\/wp-content\/uploads\/2022\/02\/Lucas-ig-550x550.jpg 550w, https:\/\/alan.lu\/wp-content\/uploads\/2022\/02\/Lucas-ig-1000x1000.jpg 1000w, https:\/\/alan.lu\/wp-content\/uploads\/2022\/02\/Lucas-ig-600x600.jpg 600w, https:\/\/alan.lu\/wp-content\/uploads\/2022\/02\/Lucas-ig-100x100.jpg 100w, https:\/\/alan.lu\/wp-content\/uploads\/2022\/02\/Lucas-ig-60x60.jpg 60w, https:\/\/alan.lu\/wp-content\/uploads\/2022\/02\/Lucas-ig-90x90.jpg 90w\" sizes=\"auto, (max-width: 1080px) 100vw, 1080px\" \/>                \t\t\t<\/div>\n\t\t\n\t\t\t\t\t<div class=\"edgtf-team-info\">\n\t\t\t\t\t\t\t\t\t<div class=\"edgtf-team-title-holder normal_social\">\n\t\t\t\t\t\t\t\t\t\t\t\t\t\t\t\t\t\t\t<h4 class=\"edgtf-team-name\" >\n\t\t\t\t\t\t\t\t<a class=\"team-link-name\"  href=\"\">Lucas<\/a>\n\t\t\t\t\t\t\t<\/h4>\n\t\t\t\t\t\t\t\t\t\t\t\t\t\t\t\t\t<\/div>\n\t\t\t\t\n\t\t\t\t\t\t\t\t\t<div class='edgtf-team-text'>\n\t\t\t\t\t\t<div class='edgtf-team-text-inner'>\n\t\t\t\t\t\t\t<div class='edgtf-team-description'>\n\t\t\t\t\t\t\t\t<p >\u00ab Je voudrais \u00eatre aussi fort et aussi grand qu\u2019un pompier ou un policier pour aider de nombreuses personnes. Dieu ne donne des batailles qu\u2019\u00e0 ses meilleurs combattants !! \u00bb<\/p>\n\t\t\t\t\t\t\t<\/div>\n\t\t\t\t\t\t<\/div>\n\t\t\t\t\t<\/div>\n\t\t\t\t\n\t\t<div class=\"edgtf-team-social-holder-between\">\n\t\t\t<div class=\"edgtf-team-social normal_social\">\n\t\t\t\t<div class=\"edgtf-team-social-inner\">\n\t\t\t\t\t<div class=\"edgtf-team-social-wrapp\">\n\n\t\t\t\t\t\t\n\t\t\t\t\t<\/div>\n\t\t\t\t<\/div>\n\t\t\t<\/div>\n\t\t<\/div>\n\n\t\t<\/div>\n\t<\/div>\n<\/div>[vc_empty_space][\/vc_column][vc_column width=&#8221;1\/4&#8243;]\n<div class=\"edgtf-team main-info-below-image\">\n\t<div class=\"edgtf-team-inner\">\n\t\t\t\t\t<div class=\"edgtf-team-image\">\n                <img loading=\"lazy\" decoding=\"async\" width=\"1080\" height=\"1080\" src=\"https:\/\/alan.lu\/wp-content\/uploads\/2022\/02\/Jill-ig.jpg\" class=\"attachment-full size-full\" alt=\"\" srcset=\"https:\/\/alan.lu\/wp-content\/uploads\/2022\/02\/Jill-ig.jpg 1080w, https:\/\/alan.lu\/wp-content\/uploads\/2022\/02\/Jill-ig-300x300.jpg 300w, https:\/\/alan.lu\/wp-content\/uploads\/2022\/02\/Jill-ig-1024x1024.jpg 1024w, https:\/\/alan.lu\/wp-content\/uploads\/2022\/02\/Jill-ig-150x150.jpg 150w, https:\/\/alan.lu\/wp-content\/uploads\/2022\/02\/Jill-ig-768x768.jpg 768w, https:\/\/alan.lu\/wp-content\/uploads\/2022\/02\/Jill-ig-550x550.jpg 550w, https:\/\/alan.lu\/wp-content\/uploads\/2022\/02\/Jill-ig-1000x1000.jpg 1000w, https:\/\/alan.lu\/wp-content\/uploads\/2022\/02\/Jill-ig-600x600.jpg 600w, https:\/\/alan.lu\/wp-content\/uploads\/2022\/02\/Jill-ig-100x100.jpg 100w, https:\/\/alan.lu\/wp-content\/uploads\/2022\/02\/Jill-ig-60x60.jpg 60w, https:\/\/alan.lu\/wp-content\/uploads\/2022\/02\/Jill-ig-90x90.jpg 90w\" sizes=\"auto, (max-width: 1080px) 100vw, 1080px\" \/>                \t\t\t<\/div>\n\t\t\n\t\t\t\t\t<div class=\"edgtf-team-info\">\n\t\t\t\t\t\t\t\t\t<div class=\"edgtf-team-title-holder normal_social\">\n\t\t\t\t\t\t\t\t\t\t\t\t\t\t\t\t\t\t\t<h4 class=\"edgtf-team-name\" >\n\t\t\t\t\t\t\t\t<a class=\"team-link-name\"  href=\"\">In loving memory of Jil<\/a>\n\t\t\t\t\t\t\t<\/h4>\n\t\t\t\t\t\t\t\t\t\t\t\t\t\t\t\t\t<\/div>\n\t\t\t\t\n\t\t\t\t\t\t\t\t\t<div class='edgtf-team-text'>\n\t\t\t\t\t\t<div class='edgtf-team-text-inner'>\n\t\t\t\t\t\t\t<div class='edgtf-team-description'>\n\t\t\t\t\t\t\t\t<p >\u201eD\u2019Jil war ee Sonnesch\u00e4in. S\u00e4i Laache konnt ee verzauberen. Hatt hat immense Charme, ee staarke Charakter, vill Kreativit\u00e9it a war \u00ebmmer h\u00ebllefsbereet. Mir hu s\u00e4i Courage a seng St\u00e4erkt bewonnert. D\u2019Jil huet ni opginn an \u00ebmmer seng Zieler virun An behalen. An dat w\u00eblle mir och aner betraffe Famillje mat op de Wee ginn: verl\u00e9iert de Mutt net an hutt Gedold, well et lount sech ze k\u00e4mpfen och wann et net \u00ebmmer einfach ass.\u201c<\/p>\n\t\t\t\t\t\t\t<\/div>\n\t\t\t\t\t\t<\/div>\n\t\t\t\t\t<\/div>\n\t\t\t\t\n\t\t<div class=\"edgtf-team-social-holder-between\">\n\t\t\t<div class=\"edgtf-team-social normal_social\">\n\t\t\t\t<div class=\"edgtf-team-social-inner\">\n\t\t\t\t\t<div class=\"edgtf-team-social-wrapp\">\n\n\t\t\t\t\t\t\n\t\t\t\t\t<\/div>\n\t\t\t\t<\/div>\n\t\t\t<\/div>\n\t\t<\/div>\n\n\t\t<\/div>\n\t<\/div>\n<\/div>[vc_empty_space][\/vc_column][\/vc_row][vc_row][vc_column width=&#8221;1\/4&#8243;]\n<div class=\"edgtf-team main-info-below-image\">\n\t<div class=\"edgtf-team-inner\">\n\t\t\t\t\t<div class=\"edgtf-team-image\">\n                <img loading=\"lazy\" decoding=\"async\" width=\"1080\" height=\"1080\" src=\"https:\/\/alan.lu\/wp-content\/uploads\/2022\/02\/jos-ig.jpg\" class=\"attachment-full size-full\" alt=\"\" srcset=\"https:\/\/alan.lu\/wp-content\/uploads\/2022\/02\/jos-ig.jpg 1080w, https:\/\/alan.lu\/wp-content\/uploads\/2022\/02\/jos-ig-300x300.jpg 300w, https:\/\/alan.lu\/wp-content\/uploads\/2022\/02\/jos-ig-1024x1024.jpg 1024w, https:\/\/alan.lu\/wp-content\/uploads\/2022\/02\/jos-ig-150x150.jpg 150w, https:\/\/alan.lu\/wp-content\/uploads\/2022\/02\/jos-ig-768x768.jpg 768w, https:\/\/alan.lu\/wp-content\/uploads\/2022\/02\/jos-ig-550x550.jpg 550w, https:\/\/alan.lu\/wp-content\/uploads\/2022\/02\/jos-ig-1000x1000.jpg 1000w, https:\/\/alan.lu\/wp-content\/uploads\/2022\/02\/jos-ig-600x600.jpg 600w, https:\/\/alan.lu\/wp-content\/uploads\/2022\/02\/jos-ig-100x100.jpg 100w, https:\/\/alan.lu\/wp-content\/uploads\/2022\/02\/jos-ig-60x60.jpg 60w, https:\/\/alan.lu\/wp-content\/uploads\/2022\/02\/jos-ig-90x90.jpg 90w\" sizes=\"auto, (max-width: 1080px) 100vw, 1080px\" \/>                \t\t\t<\/div>\n\t\t\n\t\t\t\t\t<div class=\"edgtf-team-info\">\n\t\t\t\t\t\t\t\t\t<div class=\"edgtf-team-title-holder normal_social\">\n\t\t\t\t\t\t\t\t\t\t\t\t\t\t\t\t\t\t\t<h4 class=\"edgtf-team-name\" >\n\t\t\t\t\t\t\t\t<a class=\"team-link-name\"  href=\"\">Jos<\/a>\n\t\t\t\t\t\t\t<\/h4>\n\t\t\t\t\t\t\t\t\t\t\t\t\t\t\t\t\t<\/div>\n\t\t\t\t\n\t\t\t\t\t\t\t\t\t<div class='edgtf-team-text'>\n\t\t\t\t\t\t<div class='edgtf-team-text-inner'>\n\t\t\t\t\t\t\t<div class='edgtf-team-description'>\n\t\t\t\t\t\t\t\t<p >\u201eEch hoffen, dass ech weiderhin esou gutt duerch d\u2019Liewe komme w\u00e9i bis elo. Esou laang ech mental nach fit bleiwe sinn ech frou.\u201d<\/p>\n\t\t\t\t\t\t\t<\/div>\n\t\t\t\t\t\t<\/div>\n\t\t\t\t\t<\/div>\n\t\t\t\t\n\t\t<div class=\"edgtf-team-social-holder-between\">\n\t\t\t<div class=\"edgtf-team-social normal_social\">\n\t\t\t\t<div class=\"edgtf-team-social-inner\">\n\t\t\t\t\t<div class=\"edgtf-team-social-wrapp\">\n\n\t\t\t\t\t\t\n\t\t\t\t\t<\/div>\n\t\t\t\t<\/div>\n\t\t\t<\/div>\n\t\t<\/div>\n\n\t\t<\/div>\n\t<\/div>\n<\/div>[vc_empty_space][\/vc_column][vc_column width=&#8221;1\/4&#8243;]\n<div class=\"edgtf-team main-info-below-image\">\n\t<div class=\"edgtf-team-inner\">\n\t\t\t\t\t<div class=\"edgtf-team-image\">\n                <img loading=\"lazy\" decoding=\"async\" width=\"1080\" height=\"1080\" src=\"https:\/\/alan.lu\/wp-content\/uploads\/2022\/02\/Nathalie-g-ig.jpg\" class=\"attachment-full size-full\" alt=\"\" srcset=\"https:\/\/alan.lu\/wp-content\/uploads\/2022\/02\/Nathalie-g-ig.jpg 1080w, https:\/\/alan.lu\/wp-content\/uploads\/2022\/02\/Nathalie-g-ig-300x300.jpg 300w, https:\/\/alan.lu\/wp-content\/uploads\/2022\/02\/Nathalie-g-ig-1024x1024.jpg 1024w, https:\/\/alan.lu\/wp-content\/uploads\/2022\/02\/Nathalie-g-ig-150x150.jpg 150w, https:\/\/alan.lu\/wp-content\/uploads\/2022\/02\/Nathalie-g-ig-768x768.jpg 768w, https:\/\/alan.lu\/wp-content\/uploads\/2022\/02\/Nathalie-g-ig-550x550.jpg 550w, https:\/\/alan.lu\/wp-content\/uploads\/2022\/02\/Nathalie-g-ig-1000x1000.jpg 1000w, https:\/\/alan.lu\/wp-content\/uploads\/2022\/02\/Nathalie-g-ig-600x600.jpg 600w, https:\/\/alan.lu\/wp-content\/uploads\/2022\/02\/Nathalie-g-ig-100x100.jpg 100w, https:\/\/alan.lu\/wp-content\/uploads\/2022\/02\/Nathalie-g-ig-60x60.jpg 60w, https:\/\/alan.lu\/wp-content\/uploads\/2022\/02\/Nathalie-g-ig-90x90.jpg 90w\" sizes=\"auto, (max-width: 1080px) 100vw, 1080px\" \/>                \t\t\t<\/div>\n\t\t\n\t\t\t\t\t<div class=\"edgtf-team-info\">\n\t\t\t\t\t\t\t\t\t<div class=\"edgtf-team-title-holder normal_social\">\n\t\t\t\t\t\t\t\t\t\t\t\t\t\t\t\t\t\t\t<h4 class=\"edgtf-team-name\" >\n\t\t\t\t\t\t\t\t<a class=\"team-link-name\"  href=\"\">Nathalie<\/a>\n\t\t\t\t\t\t\t<\/h4>\n\t\t\t\t\t\t\t\t\t\t\t\t\t\t\t\t\t<\/div>\n\t\t\t\t\n\t\t\t\t\t\t\t\t\t<div class='edgtf-team-text'>\n\t\t\t\t\t\t<div class='edgtf-team-text-inner'>\n\t\t\t\t\t\t\t<div class='edgtf-team-description'>\n\t\t\t\t\t\t\t\t<p >\u201eChronesche W\u00e9i ass een Aspekt vu rare Krankheeten deen ee vu baussen net ges\u00e4it mee de Betraffenen awer massiv am Alldag aschr\u00e4nkt a sech op all Ber\u00e4icher vum Liewen auswierkt. Ech w\u00ebnsche mir fir d\u2018Zukunft m\u00e9i Versteesdemech a Sensibilis\u00e9ierung vun net Betraffenen, och wat d\u00ebse wichtege Volet \u2013 de chronesche W\u00e9i \u2013 betr\u00ebfft.\u201d<\/p>\n\t\t\t\t\t\t\t<\/div>\n\t\t\t\t\t\t<\/div>\n\t\t\t\t\t<\/div>\n\t\t\t\t\n\t\t<div class=\"edgtf-team-social-holder-between\">\n\t\t\t<div class=\"edgtf-team-social normal_social\">\n\t\t\t\t<div class=\"edgtf-team-social-inner\">\n\t\t\t\t\t<div class=\"edgtf-team-social-wrapp\">\n\n\t\t\t\t\t\t\n\t\t\t\t\t<\/div>\n\t\t\t\t<\/div>\n\t\t\t<\/div>\n\t\t<\/div>\n\n\t\t<\/div>\n\t<\/div>\n<\/div>[vc_empty_space][\/vc_column][vc_column width=&#8221;1\/4&#8243;]\n<div class=\"edgtf-team main-info-below-image\">\n\t<div class=\"edgtf-team-inner\">\n\t\t\t\t\t<div class=\"edgtf-team-image\">\n                <img loading=\"lazy\" decoding=\"async\" width=\"1080\" height=\"1080\" src=\"https:\/\/alan.lu\/wp-content\/uploads\/2022\/02\/Daniel-ig.jpg\" class=\"attachment-full size-full\" alt=\"\" srcset=\"https:\/\/alan.lu\/wp-content\/uploads\/2022\/02\/Daniel-ig.jpg 1080w, https:\/\/alan.lu\/wp-content\/uploads\/2022\/02\/Daniel-ig-300x300.jpg 300w, https:\/\/alan.lu\/wp-content\/uploads\/2022\/02\/Daniel-ig-1024x1024.jpg 1024w, https:\/\/alan.lu\/wp-content\/uploads\/2022\/02\/Daniel-ig-150x150.jpg 150w, https:\/\/alan.lu\/wp-content\/uploads\/2022\/02\/Daniel-ig-768x768.jpg 768w, https:\/\/alan.lu\/wp-content\/uploads\/2022\/02\/Daniel-ig-550x550.jpg 550w, https:\/\/alan.lu\/wp-content\/uploads\/2022\/02\/Daniel-ig-1000x1000.jpg 1000w, https:\/\/alan.lu\/wp-content\/uploads\/2022\/02\/Daniel-ig-600x600.jpg 600w, https:\/\/alan.lu\/wp-content\/uploads\/2022\/02\/Daniel-ig-100x100.jpg 100w, https:\/\/alan.lu\/wp-content\/uploads\/2022\/02\/Daniel-ig-60x60.jpg 60w, https:\/\/alan.lu\/wp-content\/uploads\/2022\/02\/Daniel-ig-90x90.jpg 90w\" sizes=\"auto, (max-width: 1080px) 100vw, 1080px\" \/>                \t\t\t<\/div>\n\t\t\n\t\t\t\t\t<div class=\"edgtf-team-info\">\n\t\t\t\t\t\t\t\t\t<div class=\"edgtf-team-title-holder normal_social\">\n\t\t\t\t\t\t\t\t\t\t\t\t\t\t\t\t\t\t\t<h4 class=\"edgtf-team-name\" >\n\t\t\t\t\t\t\t\t<a class=\"team-link-name\"  href=\"\">Daniel<\/a>\n\t\t\t\t\t\t\t<\/h4>\n\t\t\t\t\t\t\t\t\t\t\t\t\t\t\t\t\t<\/div>\n\t\t\t\t\n\t\t\t\t\t\t\t\t\t<div class='edgtf-team-text'>\n\t\t\t\t\t\t<div class='edgtf-team-text-inner'>\n\t\t\t\t\t\t\t<div class='edgtf-team-description'>\n\t\t\t\t\t\t\t\t<p >\u201cWe wish Daniel can participate in clinical trials of potential gene therapy. We wish this potential treatment can significantly improve his life and that he can be an ordinary person, although he will always be special to us.\u201d<\/p>\n\t\t\t\t\t\t\t<\/div>\n\t\t\t\t\t\t<\/div>\n\t\t\t\t\t<\/div>\n\t\t\t\t\n\t\t<div class=\"edgtf-team-social-holder-between\">\n\t\t\t<div class=\"edgtf-team-social normal_social\">\n\t\t\t\t<div class=\"edgtf-team-social-inner\">\n\t\t\t\t\t<div class=\"edgtf-team-social-wrapp\">\n\n\t\t\t\t\t\t\n\t\t\t\t\t<\/div>\n\t\t\t\t<\/div>\n\t\t\t<\/div>\n\t\t<\/div>\n\n\t\t<\/div>\n\t<\/div>\n<\/div>[vc_empty_space][\/vc_column][vc_column width=&#8221;1\/4&#8243;]\n<div class=\"edgtf-team main-info-below-image\">\n\t<div class=\"edgtf-team-inner\">\n\t\t\t\t\t<div class=\"edgtf-team-image\">\n                <img loading=\"lazy\" decoding=\"async\" width=\"1085\" height=\"1085\" src=\"https:\/\/alan.lu\/wp-content\/uploads\/2022\/02\/Luca-ig.jpg\" class=\"attachment-full size-full\" alt=\"\" srcset=\"https:\/\/alan.lu\/wp-content\/uploads\/2022\/02\/Luca-ig.jpg 1085w, https:\/\/alan.lu\/wp-content\/uploads\/2022\/02\/Luca-ig-300x300.jpg 300w, https:\/\/alan.lu\/wp-content\/uploads\/2022\/02\/Luca-ig-1024x1024.jpg 1024w, https:\/\/alan.lu\/wp-content\/uploads\/2022\/02\/Luca-ig-150x150.jpg 150w, https:\/\/alan.lu\/wp-content\/uploads\/2022\/02\/Luca-ig-768x768.jpg 768w, https:\/\/alan.lu\/wp-content\/uploads\/2022\/02\/Luca-ig-550x550.jpg 550w, https:\/\/alan.lu\/wp-content\/uploads\/2022\/02\/Luca-ig-1000x1000.jpg 1000w, https:\/\/alan.lu\/wp-content\/uploads\/2022\/02\/Luca-ig-600x600.jpg 600w, https:\/\/alan.lu\/wp-content\/uploads\/2022\/02\/Luca-ig-100x100.jpg 100w, https:\/\/alan.lu\/wp-content\/uploads\/2022\/02\/Luca-ig-60x60.jpg 60w, https:\/\/alan.lu\/wp-content\/uploads\/2022\/02\/Luca-ig-90x90.jpg 90w\" sizes=\"auto, (max-width: 1085px) 100vw, 1085px\" \/>                \t\t\t<\/div>\n\t\t\n\t\t\t\t\t<div class=\"edgtf-team-info\">\n\t\t\t\t\t\t\t\t\t<div class=\"edgtf-team-title-holder normal_social\">\n\t\t\t\t\t\t\t\t\t\t\t\t\t\t\t\t\t\t\t<h4 class=\"edgtf-team-name\" >\n\t\t\t\t\t\t\t\t<a class=\"team-link-name\"  href=\"\">Luca<\/a>\n\t\t\t\t\t\t\t<\/h4>\n\t\t\t\t\t\t\t\t\t\t\t\t\t\t\t\t\t<\/div>\n\t\t\t\t\n\t\t\t\t\t\t\t\t\t<div class='edgtf-team-text'>\n\t\t\t\t\t\t<div class='edgtf-team-text-inner'>\n\t\t\t\t\t\t\t<div class='edgtf-team-description'>\n\t\t\t\t\t\t\t\t<p >\u201eMusik ass meng Leidenschaft, an doraus w\u00ebll ech sp\u00e9ider m\u00e4i Beruff maachen\u201d<\/p>\n\t\t\t\t\t\t\t<\/div>\n\t\t\t\t\t\t<\/div>\n\t\t\t\t\t<\/div>\n\t\t\t\t\n\t\t<div class=\"edgtf-team-social-holder-between\">\n\t\t\t<div class=\"edgtf-team-social normal_social\">\n\t\t\t\t<div class=\"edgtf-team-social-inner\">\n\t\t\t\t\t<div class=\"edgtf-team-social-wrapp\">\n\n\t\t\t\t\t\t\n\t\t\t\t\t<\/div>\n\t\t\t\t<\/div>\n\t\t\t<\/div>\n\t\t<\/div>\n\n\t\t<\/div>\n\t<\/div>\n<\/div>[vc_empty_space][\/vc_column][\/vc_row][vc_row][vc_column width=&#8221;1\/4&#8243;]\n<div class=\"edgtf-team main-info-below-image\">\n\t<div class=\"edgtf-team-inner\">\n\t\t\t\t\t<div class=\"edgtf-team-image\">\n                <img loading=\"lazy\" decoding=\"async\" width=\"1085\" height=\"1085\" src=\"https:\/\/alan.lu\/wp-content\/uploads\/2022\/02\/Noemie-ig.jpg\" class=\"attachment-full size-full\" alt=\"\" srcset=\"https:\/\/alan.lu\/wp-content\/uploads\/2022\/02\/Noemie-ig.jpg 1085w, https:\/\/alan.lu\/wp-content\/uploads\/2022\/02\/Noemie-ig-300x300.jpg 300w, https:\/\/alan.lu\/wp-content\/uploads\/2022\/02\/Noemie-ig-1024x1024.jpg 1024w, https:\/\/alan.lu\/wp-content\/uploads\/2022\/02\/Noemie-ig-150x150.jpg 150w, https:\/\/alan.lu\/wp-content\/uploads\/2022\/02\/Noemie-ig-768x768.jpg 768w, https:\/\/alan.lu\/wp-content\/uploads\/2022\/02\/Noemie-ig-550x550.jpg 550w, https:\/\/alan.lu\/wp-content\/uploads\/2022\/02\/Noemie-ig-1000x1000.jpg 1000w, https:\/\/alan.lu\/wp-content\/uploads\/2022\/02\/Noemie-ig-600x600.jpg 600w, https:\/\/alan.lu\/wp-content\/uploads\/2022\/02\/Noemie-ig-100x100.jpg 100w, https:\/\/alan.lu\/wp-content\/uploads\/2022\/02\/Noemie-ig-60x60.jpg 60w, https:\/\/alan.lu\/wp-content\/uploads\/2022\/02\/Noemie-ig-90x90.jpg 90w\" sizes=\"auto, (max-width: 1085px) 100vw, 1085px\" \/>                \t\t\t<\/div>\n\t\t\n\t\t\t\t\t<div class=\"edgtf-team-info\">\n\t\t\t\t\t\t\t\t\t<div class=\"edgtf-team-title-holder normal_social\">\n\t\t\t\t\t\t\t\t\t\t\t\t\t\t\t\t\t\t\t<h4 class=\"edgtf-team-name\" >\n\t\t\t\t\t\t\t\t<a class=\"team-link-name\"  href=\"\">No\u00e9mie<\/a>\n\t\t\t\t\t\t\t<\/h4>\n\t\t\t\t\t\t\t\t\t\t\t\t\t\t\t\t\t<\/div>\n\t\t\t\t\n\t\t\t\t\t\t\t\t\t<div class='edgtf-team-text'>\n\t\t\t\t\t\t<div class='edgtf-team-text-inner'>\n\t\t\t\t\t\t\t<div class='edgtf-team-description'>\n\t\t\t\t\t\t\t\t<p >\u201eAuf Fl\u00fcgeln des Gesanges\u201c roll ich hinaus in die Welt\u2026.\u201eCarpe diem\u201c \u2026. Versuche jeden Tag zu genie\u00dfen, denn aufgeben ist keine Option\u2026.\u201d<\/p>\n\t\t\t\t\t\t\t<\/div>\n\t\t\t\t\t\t<\/div>\n\t\t\t\t\t<\/div>\n\t\t\t\t\n\t\t<div class=\"edgtf-team-social-holder-between\">\n\t\t\t<div class=\"edgtf-team-social normal_social\">\n\t\t\t\t<div class=\"edgtf-team-social-inner\">\n\t\t\t\t\t<div class=\"edgtf-team-social-wrapp\">\n\n\t\t\t\t\t\t\n\t\t\t\t\t<\/div>\n\t\t\t\t<\/div>\n\t\t\t<\/div>\n\t\t<\/div>\n\n\t\t<\/div>\n\t<\/div>\n<\/div>[vc_empty_space][\/vc_column][vc_column width=&#8221;1\/4&#8243;]\n<div class=\"edgtf-team main-info-below-image\">\n\t<div class=\"edgtf-team-inner\">\n\t\t\t\t\t<div class=\"edgtf-team-image\">\n                <img loading=\"lazy\" decoding=\"async\" width=\"1085\" height=\"1085\" src=\"https:\/\/alan.lu\/wp-content\/uploads\/2022\/02\/Sam-ig.jpg\" class=\"attachment-full size-full\" alt=\"\" srcset=\"https:\/\/alan.lu\/wp-content\/uploads\/2022\/02\/Sam-ig.jpg 1085w, https:\/\/alan.lu\/wp-content\/uploads\/2022\/02\/Sam-ig-300x300.jpg 300w, https:\/\/alan.lu\/wp-content\/uploads\/2022\/02\/Sam-ig-1024x1024.jpg 1024w, https:\/\/alan.lu\/wp-content\/uploads\/2022\/02\/Sam-ig-150x150.jpg 150w, https:\/\/alan.lu\/wp-content\/uploads\/2022\/02\/Sam-ig-768x768.jpg 768w, https:\/\/alan.lu\/wp-content\/uploads\/2022\/02\/Sam-ig-550x550.jpg 550w, https:\/\/alan.lu\/wp-content\/uploads\/2022\/02\/Sam-ig-1000x1000.jpg 1000w, https:\/\/alan.lu\/wp-content\/uploads\/2022\/02\/Sam-ig-600x600.jpg 600w, https:\/\/alan.lu\/wp-content\/uploads\/2022\/02\/Sam-ig-100x100.jpg 100w, https:\/\/alan.lu\/wp-content\/uploads\/2022\/02\/Sam-ig-60x60.jpg 60w, https:\/\/alan.lu\/wp-content\/uploads\/2022\/02\/Sam-ig-90x90.jpg 90w\" sizes=\"auto, (max-width: 1085px) 100vw, 1085px\" \/>                \t\t\t<\/div>\n\t\t\n\t\t\t\t\t<div class=\"edgtf-team-info\">\n\t\t\t\t\t\t\t\t\t<div class=\"edgtf-team-title-holder normal_social\">\n\t\t\t\t\t\t\t\t\t\t\t\t\t\t\t\t\t\t\t<h4 class=\"edgtf-team-name\" >\n\t\t\t\t\t\t\t\t<a class=\"team-link-name\"  href=\"\">Sam<\/a>\n\t\t\t\t\t\t\t<\/h4>\n\t\t\t\t\t\t\t\t\t\t\t\t\t\t\t\t\t<\/div>\n\t\t\t\t\n\t\t\t\t\t\t\t\t\t<div class='edgtf-team-text'>\n\t\t\t\t\t\t<div class='edgtf-team-text-inner'>\n\t\t\t\t\t\t\t<div class='edgtf-team-description'>\n\t\t\t\t\t\t\t\t<p >\u201cAnyone has the right to decide who or what you will become \u2013 It\u2019s your choice. It isn\u2019t a shame to have scars, they just show how strong you are \u2013 They won\u2019t stop me, they give me my (heart)beat.\u201d<\/p>\n\t\t\t\t\t\t\t<\/div>\n\t\t\t\t\t\t<\/div>\n\t\t\t\t\t<\/div>\n\t\t\t\t\n\t\t<div class=\"edgtf-team-social-holder-between\">\n\t\t\t<div class=\"edgtf-team-social normal_social\">\n\t\t\t\t<div class=\"edgtf-team-social-inner\">\n\t\t\t\t\t<div class=\"edgtf-team-social-wrapp\">\n\n\t\t\t\t\t\t\n\t\t\t\t\t<\/div>\n\t\t\t\t<\/div>\n\t\t\t<\/div>\n\t\t<\/div>\n\n\t\t<\/div>\n\t<\/div>\n<\/div>[vc_empty_space][\/vc_column][vc_column width=&#8221;1\/4&#8243;]\n<div class=\"edgtf-team main-info-below-image\">\n\t<div class=\"edgtf-team-inner\">\n\t\t\t\t\t<div class=\"edgtf-team-image\">\n                <img loading=\"lazy\" decoding=\"async\" width=\"1085\" height=\"1085\" src=\"https:\/\/alan.lu\/wp-content\/uploads\/2022\/02\/Laurent-ig.jpg\" class=\"attachment-full size-full\" alt=\"\" srcset=\"https:\/\/alan.lu\/wp-content\/uploads\/2022\/02\/Laurent-ig.jpg 1085w, https:\/\/alan.lu\/wp-content\/uploads\/2022\/02\/Laurent-ig-300x300.jpg 300w, https:\/\/alan.lu\/wp-content\/uploads\/2022\/02\/Laurent-ig-1024x1024.jpg 1024w, https:\/\/alan.lu\/wp-content\/uploads\/2022\/02\/Laurent-ig-150x150.jpg 150w, https:\/\/alan.lu\/wp-content\/uploads\/2022\/02\/Laurent-ig-768x768.jpg 768w, https:\/\/alan.lu\/wp-content\/uploads\/2022\/02\/Laurent-ig-550x550.jpg 550w, https:\/\/alan.lu\/wp-content\/uploads\/2022\/02\/Laurent-ig-1000x1000.jpg 1000w, https:\/\/alan.lu\/wp-content\/uploads\/2022\/02\/Laurent-ig-600x600.jpg 600w, https:\/\/alan.lu\/wp-content\/uploads\/2022\/02\/Laurent-ig-100x100.jpg 100w, https:\/\/alan.lu\/wp-content\/uploads\/2022\/02\/Laurent-ig-60x60.jpg 60w, https:\/\/alan.lu\/wp-content\/uploads\/2022\/02\/Laurent-ig-90x90.jpg 90w\" sizes=\"auto, (max-width: 1085px) 100vw, 1085px\" \/>                \t\t\t<\/div>\n\t\t\n\t\t\t\t\t<div class=\"edgtf-team-info\">\n\t\t\t\t\t\t\t\t\t<div class=\"edgtf-team-title-holder normal_social\">\n\t\t\t\t\t\t\t\t\t\t\t\t\t\t\t\t\t\t\t<h4 class=\"edgtf-team-name\" >\n\t\t\t\t\t\t\t\t<a class=\"team-link-name\"  href=\"\">Laurent<\/a>\n\t\t\t\t\t\t\t<\/h4>\n\t\t\t\t\t\t\t\t\t\t\t\t\t\t\t\t\t<\/div>\n\t\t\t\t\n\t\t\t\t\t\t\t\t\t<div class='edgtf-team-text'>\n\t\t\t\t\t\t<div class='edgtf-team-text-inner'>\n\t\t\t\t\t\t\t<div class='edgtf-team-description'>\n\t\t\t\t\t\t\t\t<p >\u201eEng Beh\u00ebnnerung ze hunn ass ni einfach fir ee selwer oder s\u00e4in \u00cbmfeld. Ech hoffen einfach dass anerer genau esou vill Chance w\u00e4erten hunn w\u00e9i ech! Kolleege fir ronder\u00ebm ze bl\u00f6delen an eng Famill wou een \u00ebnnerst\u00ebtzt. De Rollstull rullt halt just sou s\u00e9ier w\u00e9i de Moto deen hannendrunnersteet.\u201d<\/p>\n\t\t\t\t\t\t\t<\/div>\n\t\t\t\t\t\t<\/div>\n\t\t\t\t\t<\/div>\n\t\t\t\t\n\t\t<div class=\"edgtf-team-social-holder-between\">\n\t\t\t<div class=\"edgtf-team-social normal_social\">\n\t\t\t\t<div class=\"edgtf-team-social-inner\">\n\t\t\t\t\t<div class=\"edgtf-team-social-wrapp\">\n\n\t\t\t\t\t\t\n\t\t\t\t\t<\/div>\n\t\t\t\t<\/div>\n\t\t\t<\/div>\n\t\t<\/div>\n\n\t\t<\/div>\n\t<\/div>\n<\/div>[vc_empty_space][\/vc_column][vc_column width=&#8221;1\/4&#8243;]\n<div class=\"edgtf-team main-info-below-image\">\n\t<div class=\"edgtf-team-inner\">\n\t\t\t\t\t<div class=\"edgtf-team-image\">\n                <img loading=\"lazy\" decoding=\"async\" width=\"1085\" height=\"1085\" src=\"https:\/\/alan.lu\/wp-content\/uploads\/2022\/02\/Nathalie-s-ig.jpg\" class=\"attachment-full size-full\" alt=\"\" srcset=\"https:\/\/alan.lu\/wp-content\/uploads\/2022\/02\/Nathalie-s-ig.jpg 1085w, https:\/\/alan.lu\/wp-content\/uploads\/2022\/02\/Nathalie-s-ig-300x300.jpg 300w, https:\/\/alan.lu\/wp-content\/uploads\/2022\/02\/Nathalie-s-ig-1024x1024.jpg 1024w, https:\/\/alan.lu\/wp-content\/uploads\/2022\/02\/Nathalie-s-ig-150x150.jpg 150w, https:\/\/alan.lu\/wp-content\/uploads\/2022\/02\/Nathalie-s-ig-768x768.jpg 768w, https:\/\/alan.lu\/wp-content\/uploads\/2022\/02\/Nathalie-s-ig-550x550.jpg 550w, https:\/\/alan.lu\/wp-content\/uploads\/2022\/02\/Nathalie-s-ig-1000x1000.jpg 1000w, https:\/\/alan.lu\/wp-content\/uploads\/2022\/02\/Nathalie-s-ig-600x600.jpg 600w, https:\/\/alan.lu\/wp-content\/uploads\/2022\/02\/Nathalie-s-ig-100x100.jpg 100w, https:\/\/alan.lu\/wp-content\/uploads\/2022\/02\/Nathalie-s-ig-60x60.jpg 60w, https:\/\/alan.lu\/wp-content\/uploads\/2022\/02\/Nathalie-s-ig-90x90.jpg 90w\" sizes=\"auto, (max-width: 1085px) 100vw, 1085px\" \/>                \t\t\t<\/div>\n\t\t\n\t\t\t\t\t<div class=\"edgtf-team-info\">\n\t\t\t\t\t\t\t\t\t<div class=\"edgtf-team-title-holder normal_social\">\n\t\t\t\t\t\t\t\t\t\t\t\t\t\t\t\t\t\t\t<h4 class=\"edgtf-team-name\" >\n\t\t\t\t\t\t\t\t<a class=\"team-link-name\"  href=\"\">Nathalie<\/a>\n\t\t\t\t\t\t\t<\/h4>\n\t\t\t\t\t\t\t\t\t\t\t\t\t\t\t\t\t<\/div>\n\t\t\t\t\n\t\t\t\t\t\t\t\t\t<div class='edgtf-team-text'>\n\t\t\t\t\t\t<div class='edgtf-team-text-inner'>\n\t\t\t\t\t\t\t<div class='edgtf-team-description'>\n\t\t\t\t\t\t\t\t<p >\u201cJust like Martin Luther King, I have a dream: I dream of a society, \u2013 where people with special needs, receive the required assistance, without having to struggle for it, \u2013 where respect, tolerance and honesty will govern the way we interact with each other,...``<\/p>\n\t\t\t\t\t\t\t<\/div>\n\t\t\t\t\t\t<\/div>\n\t\t\t\t\t<\/div>\n\t\t\t\t\n\t\t<div class=\"edgtf-team-social-holder-between\">\n\t\t\t<div class=\"edgtf-team-social normal_social\">\n\t\t\t\t<div class=\"edgtf-team-social-inner\">\n\t\t\t\t\t<div class=\"edgtf-team-social-wrapp\">\n\n\t\t\t\t\t\t\n\t\t\t\t\t<\/div>\n\t\t\t\t<\/div>\n\t\t\t<\/div>\n\t\t<\/div>\n\n\t\t<\/div>\n\t<\/div>\n<\/div>[vc_empty_space][\/vc_column][\/vc_row][vc_row content_width=&#8221;grid&#8221; css=&#8221;.vc_custom_1603354399161{padding-top: 36px !important;padding-bottom: 41px !important;}&#8221; el_id=&#8221;wrapper-contact-next-btn&#8221;][vc_column width=&#8221;1\/2&#8243;]\t<div class=\"edgtf-call-to-action normal\" style=\"background-color: #00b4dd;\">\n\n\t\t\t\t\t<div class=\"edgtf-call-to-action-row-75-25 clearfix\" style=\"padding: 55px 15px;\">\n\t\t\t\t\t\t<div class=\"edgtf-text-wrapper edgtf-call-to-action-column1 edgtf-call-to-action-cell left\">\n\t\t\t\t\t<div class=\"edgtf-call-to-action-text\" style=\"text-align: left\"><span style=\"color: #ffffff;\">Was ist eine seltene Erkrankung?<\/span>\t\t\t\t\t\t\t\t\t\t\t<\/div>\n\t\t\t\t<\/div>\n\n\t\t\t\t\t\t\t\t\t<div class=\"edgtf-button-wrapper edgtf-call-to-action-column2 edgtf-call-to-action-cell\" style =\"text-align: right ;\">\n\t\t\t\t\t\t<a itemprop=\"url\" href=\"https:\/\/alan.lu\/de\/was-ist-eine-seltene-erkrankung\/\" target=\"_self\" style=\"color: #00b4dd;background-color: #ffffff;border-color: #ffffff\" class=\"edgtf-btn edgtf-btn-large edgtf-btn-solid edgtf-btn-custom-hover-bg edgtf-btn-custom-border-hover edgtf-btn-custom-hover-color\" data-hover-bg-color=\"#00b4dd\" data-hover-color=\"#ffffff\" data-hover-border-color=\"#ffffff\" >\t<span class=\"edgtf-btn-text\">mehr erfahren<\/span>    <\/a>\t\t\t\t\t<\/div>\n\t\t\t\t\t\t\t<\/div>\n\t\t\t<\/div>\n[\/vc_column][vc_column width=&#8221;1\/2&#8243;]\t<div class=\"edgtf-call-to-action normal\" style=\"background-color: #00b4dd;\">\n\n\t\t\t\t\t<div class=\"edgtf-call-to-action-row-75-25 clearfix\" style=\"padding: 55px 15px;\">\n\t\t\t\t\t\t<div class=\"edgtf-text-wrapper edgtf-call-to-action-column1 edgtf-call-to-action-cell left\">\n\t\t\t\t\t<div class=\"edgtf-call-to-action-text\" style=\"text-align: left\"><span style=\"color: #ffffff;\">Der Nationale Plan f\u00fcr Seltene Krankheiten<\/span>\t\t\t\t\t\t\t\t\t\t\t<\/div>\n\t\t\t\t<\/div>\n\n\t\t\t\t\t\t\t\t\t<div class=\"edgtf-button-wrapper edgtf-call-to-action-column2 edgtf-call-to-action-cell\" style =\"text-align: right ;\">\n\t\t\t\t\t\t<a itemprop=\"url\" href=\"https:\/\/sante.public.lu\/fr\/politique-sante\/plans-action\/maladies-rares\/index.html\" target=\"_self\" style=\"color: #00b4dd;background-color: #ffffff;border-color: #ffffff\" class=\"edgtf-btn edgtf-btn-large edgtf-btn-solid edgtf-btn-custom-hover-bg edgtf-btn-custom-border-hover edgtf-btn-custom-hover-color\" data-hover-bg-color=\"#00b4dd\" data-hover-color=\"#ffffff\" data-hover-border-color=\"#ffffff\" >\t<span class=\"edgtf-btn-text\">mehr erfahren<\/span>    <\/a>\t\t\t\t\t<\/div>\n\t\t\t\t\t\t\t<\/div>\n\t\t\t<\/div>\n[\/vc_column][\/vc_row]<\/p>\n<\/div>","protected":false},"excerpt":{"rendered":"<p>[vc_row content_width=&#8221;grid&#8221;][vc_column][vc_column_text] Die Ausstellung \u201eRaReflections\u201c [\/vc_column_text][vc_empty_space height=&#8221;14px&#8221;][vc_empty_space height=&#8221;14px&#8221;][\/vc_column][\/vc_row][vc_row][vc_column][vc_column_text]Im Rahmen des Rare Disease Day pr\u00e4sentierte ALAN eine Fotoausstellung mit dem Titel &#8220;RaReflections&#8221;. Die Portraits sind das Werk der renommierten Fotografin Sophie&#8230;<\/p>\n","protected":false},"author":2,"featured_media":0,"parent":0,"menu_order":0,"comment_status":"closed","ping_status":"closed","template":"","meta":{"give_campaign_id":0,"inline_featured_image":false,"footnotes":""},"class_list":["post-23681","page","type-page","status-publish","hentry"],"yoast_head":"<!-- This site is optimized with the Yoast SEO plugin v27.4 - https:\/\/yoast.com\/product\/yoast-seo-wordpress\/ -->\n<title>RaReflections, - ALAN<\/title>\n<meta name=\"description\" content=\"This year for Rare Disease Day ALAN and its partners focus their campaign on two actions: the \u201cGlobal Chain of Lights\u201d and the photo exhibition \u201cRaReflections. These actions are accompanied by an intensive and interactive social media campaign.\" \/>\n<meta name=\"robots\" content=\"noindex, follow\" \/>\n<meta property=\"og:locale\" content=\"de_DE\" \/>\n<meta property=\"og:type\" content=\"article\" \/>\n<meta property=\"og:title\" content=\"RaReflections, - ALAN\" \/>\n<meta property=\"og:description\" content=\"This year for Rare Disease Day ALAN and its partners focus their campaign on two actions: the \u201cGlobal Chain of Lights\u201d and the photo exhibition \u201cRaReflections. These actions are accompanied by an intensive and interactive social media campaign.\" \/>\n<meta property=\"og:url\" content=\"https:\/\/alan.lu\/de\/rareflections\/\" \/>\n<meta property=\"og:site_name\" content=\"ALAN\" \/>\n<meta property=\"article:modified_time\" content=\"2024-01-30T09:23:39+00:00\" \/>\n<meta name=\"twitter:card\" content=\"summary_large_image\" \/>\n<meta name=\"twitter:label1\" content=\"Gesch\u00e4tzte Lesezeit\" \/>\n\t<meta name=\"twitter:data1\" content=\"8\u00a0Minuten\" \/>\n<script type=\"application\/ld+json\" class=\"yoast-schema-graph\">{\"@context\":\"https:\\\/\\\/schema.org\",\"@graph\":[{\"@type\":\"WebPage\",\"@id\":\"https:\\\/\\\/alan.lu\\\/de\\\/rareflections\\\/\",\"url\":\"https:\\\/\\\/alan.lu\\\/de\\\/rareflections\\\/\",\"name\":\"RaReflections, - ALAN\",\"isPartOf\":{\"@id\":\"https:\\\/\\\/alan.lu\\\/de\\\/#website\"},\"datePublished\":\"2022-02-07T10:56:46+00:00\",\"dateModified\":\"2024-01-30T09:23:39+00:00\",\"description\":\"This year for Rare Disease Day ALAN and its partners focus their campaign on two actions: the \u201cGlobal Chain of Lights\u201d and the photo exhibition \u201cRaReflections. These actions are accompanied by an intensive and interactive social media campaign.\",\"breadcrumb\":{\"@id\":\"https:\\\/\\\/alan.lu\\\/de\\\/rareflections\\\/#breadcrumb\"},\"inLanguage\":\"de\",\"potentialAction\":[{\"@type\":\"ReadAction\",\"target\":[\"https:\\\/\\\/alan.lu\\\/de\\\/rareflections\\\/\"]}]},{\"@type\":\"BreadcrumbList\",\"@id\":\"https:\\\/\\\/alan.lu\\\/de\\\/rareflections\\\/#breadcrumb\",\"itemListElement\":[{\"@type\":\"ListItem\",\"position\":1,\"name\":\"Accueil\",\"item\":\"https:\\\/\\\/alan.lu\\\/de\\\/\"},{\"@type\":\"ListItem\",\"position\":2,\"name\":\"RaReflections\"}]},{\"@type\":\"WebSite\",\"@id\":\"https:\\\/\\\/alan.lu\\\/de\\\/#website\",\"url\":\"https:\\\/\\\/alan.lu\\\/de\\\/\",\"name\":\"ALAN\",\"description\":\"Rare Diseases Luxembourg\",\"potentialAction\":[{\"@type\":\"SearchAction\",\"target\":{\"@type\":\"EntryPoint\",\"urlTemplate\":\"https:\\\/\\\/alan.lu\\\/de\\\/?s={search_term_string}\"},\"query-input\":{\"@type\":\"PropertyValueSpecification\",\"valueRequired\":true,\"valueName\":\"search_term_string\"}}],\"inLanguage\":\"de\"}]}<\/script>\n<!-- \/ Yoast SEO plugin. -->","yoast_head_json":{"title":"RaReflections, - ALAN","description":"This year for Rare Disease Day ALAN and its partners focus their campaign on two actions: the \u201cGlobal Chain of Lights\u201d and the photo exhibition \u201cRaReflections. These actions are accompanied by an intensive and interactive social media campaign.","robots":{"index":"noindex","follow":"follow"},"og_locale":"de_DE","og_type":"article","og_title":"RaReflections, - ALAN","og_description":"This year for Rare Disease Day ALAN and its partners focus their campaign on two actions: the \u201cGlobal Chain of Lights\u201d and the photo exhibition \u201cRaReflections. These actions are accompanied by an intensive and interactive social media campaign.","og_url":"https:\/\/alan.lu\/de\/rareflections\/","og_site_name":"ALAN","article_modified_time":"2024-01-30T09:23:39+00:00","twitter_card":"summary_large_image","twitter_misc":{"Gesch\u00e4tzte Lesezeit":"8\u00a0Minuten"},"schema":{"@context":"https:\/\/schema.org","@graph":[{"@type":"WebPage","@id":"https:\/\/alan.lu\/de\/rareflections\/","url":"https:\/\/alan.lu\/de\/rareflections\/","name":"RaReflections, - ALAN","isPartOf":{"@id":"https:\/\/alan.lu\/de\/#website"},"datePublished":"2022-02-07T10:56:46+00:00","dateModified":"2024-01-30T09:23:39+00:00","description":"This year for Rare Disease Day ALAN and its partners focus their campaign on two actions: the \u201cGlobal Chain of Lights\u201d and the photo exhibition \u201cRaReflections. These actions are accompanied by an intensive and interactive social media campaign.","breadcrumb":{"@id":"https:\/\/alan.lu\/de\/rareflections\/#breadcrumb"},"inLanguage":"de","potentialAction":[{"@type":"ReadAction","target":["https:\/\/alan.lu\/de\/rareflections\/"]}]},{"@type":"BreadcrumbList","@id":"https:\/\/alan.lu\/de\/rareflections\/#breadcrumb","itemListElement":[{"@type":"ListItem","position":1,"name":"Accueil","item":"https:\/\/alan.lu\/de\/"},{"@type":"ListItem","position":2,"name":"RaReflections"}]},{"@type":"WebSite","@id":"https:\/\/alan.lu\/de\/#website","url":"https:\/\/alan.lu\/de\/","name":"ALAN","description":"Rare Diseases Luxembourg","potentialAction":[{"@type":"SearchAction","target":{"@type":"EntryPoint","urlTemplate":"https:\/\/alan.lu\/de\/?s={search_term_string}"},"query-input":{"@type":"PropertyValueSpecification","valueRequired":true,"valueName":"search_term_string"}}],"inLanguage":"de"}]}},"campaignId":"","_links":{"self":[{"href":"https:\/\/alan.lu\/de\/wp-json\/wp\/v2\/pages\/23681","targetHints":{"allow":["GET"]}}],"collection":[{"href":"https:\/\/alan.lu\/de\/wp-json\/wp\/v2\/pages"}],"about":[{"href":"https:\/\/alan.lu\/de\/wp-json\/wp\/v2\/types\/page"}],"author":[{"embeddable":true,"href":"https:\/\/alan.lu\/de\/wp-json\/wp\/v2\/users\/2"}],"replies":[{"embeddable":true,"href":"https:\/\/alan.lu\/de\/wp-json\/wp\/v2\/comments?post=23681"}],"version-history":[{"count":23,"href":"https:\/\/alan.lu\/de\/wp-json\/wp\/v2\/pages\/23681\/revisions"}],"predecessor-version":[{"id":29015,"href":"https:\/\/alan.lu\/de\/wp-json\/wp\/v2\/pages\/23681\/revisions\/29015"}],"wp:attachment":[{"href":"https:\/\/alan.lu\/de\/wp-json\/wp\/v2\/media?parent=23681"}],"curies":[{"name":"wp","href":"https:\/\/api.w.org\/{rel}","templated":true}]}}