{"version":"1.0","provider_name":"ALAN","provider_url":"https:\/\/alan.lu\/fr\/","title":"Assembl\u00e9e G\u00e9n\u00e9rale : rapport annuel 2022 &#038; nouvelle pr\u00e9sidente - ALAN","type":"rich","width":600,"height":338,"html":"<blockquote class=\"wp-embedded-content\" data-secret=\"kjiurGnxR6\"><a href=\"https:\/\/alan.lu\/fr\/assemblee-generale-2023\/\">Assembl\u00e9e G\u00e9n\u00e9rale : rapport annuel 2022 &#038; nouvelle pr\u00e9sidente<\/a><\/blockquote><iframe sandbox=\"allow-scripts\" security=\"restricted\" src=\"https:\/\/alan.lu\/fr\/assemblee-generale-2023\/embed\/#?secret=kjiurGnxR6\" width=\"600\" height=\"338\" title=\"\u00ab\u00a0Assembl\u00e9e G\u00e9n\u00e9rale : rapport annuel 2022 &#038; nouvelle pr\u00e9sidente\u00a0\u00bb &#8212; ALAN\" data-secret=\"kjiurGnxR6\" frameborder=\"0\" marginwidth=\"0\" marginheight=\"0\" scrolling=\"no\" class=\"wp-embedded-content\"><\/iframe><script type=\"text\/javascript\">\n\/* <![CDATA[ *\/\n\/*! This file is auto-generated *\/\n!function(d,l){\"use strict\";l.querySelector&&d.addEventListener&&\"undefined\"!=typeof URL&&(d.wp=d.wp||{},d.wp.receiveEmbedMessage||(d.wp.receiveEmbedMessage=function(e){var t=e.data;if((t||t.secret||t.message||t.value)&&!\/[^a-zA-Z0-9]\/.test(t.secret)){for(var s,r,n,a=l.querySelectorAll('iframe[data-secret=\"'+t.secret+'\"]'),o=l.querySelectorAll('blockquote[data-secret=\"'+t.secret+'\"]'),c=new RegExp(\"^https?:$\",\"i\"),i=0;i<o.length;i++)o[i].style.display=\"none\";for(i=0;i<a.length;i++)s=a[i],e.source===s.contentWindow&&(s.removeAttribute(\"style\"),\"height\"===t.message?(1e3<(r=parseInt(t.value,10))?r=1e3:~~r<200&&(r=200),s.height=r):\"link\"===t.message&&(r=new URL(s.getAttribute(\"src\")),n=new URL(t.value),c.test(n.protocol))&&n.host===r.host&&l.activeElement===s&&(d.top.location.href=t.value))}},d.addEventListener(\"message\",d.wp.receiveEmbedMessage,!1),l.addEventListener(\"DOMContentLoaded\",function(){for(var e,t,s=l.querySelectorAll(\"iframe.wp-embedded-content\"),r=0;r<s.length;r++)(t=(e=s[r]).getAttribute(\"data-secret\"))||(t=Math.random().toString(36).substring(2,12),e.src+=\"#?secret=\"+t,e.setAttribute(\"data-secret\",t)),e.contentWindow.postMessage({message:\"ready\",secret:t},\"*\")},!1)))}(window,document);\n\/\/# sourceURL=https:\/\/alan.lu\/wp-includes\/js\/wp-embed.min.js\n\/* ]]> *\/\n<\/script>\n","thumbnail_url":"https:\/\/alan.lu\/wp-content\/uploads\/2023\/05\/AGO2023-CA-web.jpg","thumbnail_width":1300,"thumbnail_height":845,"description":"En 2022, l\u2019a.s.b.l. ALAN - Maladies Rares Luxembourg a recueilli presque 700 demandes de personnes concern\u00e9es par une maladie rare, repr\u00e9sentant environ 300 maladies diff\u00e9rentes. Le rapport d\u2019activit\u00e9s, pr\u00e9sent\u00e9 lors de la r\u00e9cente Assembl\u00e9e G\u00e9n\u00e9rale, montre qu\u2019en 2022 l\u2019association a aussi consid\u00e9rablement renforc\u00e9 son mandat d\u2019Alliance National Maladies Rares \u00e0 travers de multiples actions de plaidoyer, telle que la revendication d\u2019un deuxi\u00e8me Plan National Maladies Rares. Cette ann\u00e9e, l\u2019Assembl\u00e9e G\u00e9n\u00e9rale \u00e9tait marqu\u00e9e d\u2019un moment cl\u00e9 pour l\u2019association : Shirley Feider-Rohen, pr\u00e9sidente d\u2019ALAN depuis 2013, a pass\u00e9 le flambeau de la pr\u00e9sidence \u00e0 Anja Di Bartolomeo."}