{"id":20793,"date":"2017-03-30T07:03:58","date_gmt":"2017-03-30T05:03:58","guid":{"rendered":"https:\/\/alan.wearequattro.com\/about-us\/vision-mission-values\/"},"modified":"2024-10-22T09:07:22","modified_gmt":"2024-10-22T07:07:22","slug":"vision-mission-valeurs","status":"publish","type":"page","link":"https:\/\/alan.lu\/fr\/a-propos\/vision-mission-valeurs\/","title":{"rendered":"Nos vision, mission et valeurs"},"content":{"rendered":"<div class=\"wpb-content-wrapper\"><p>[vc_row content_width=&#8221;grid&#8221; css=&#8221;.vc_custom_1599206143457{padding-top: 15px !important;padding-bottom: 60px !important;}&#8221;][vc_column][vc_column_text]<\/p>\n<h2 style=\"text-align: center;\"><span style=\"color: #000000;\">Notre association<\/span><\/h2>\n<p>[\/vc_column_text][vc_empty_space height=&#8221;14px&#8221;]\n<p class=\"edgtf-section-subtitle\" style=\"text-align:center;color:#58595b\">\n\tALAN \u2013 Maladies Rares Luxembourg est une association sans but lucratif (a.s.b.l.) fond\u00e9e en 1998 et reconnue d\u2019utilit\u00e9 publique depuis 2000.<\/p><div class=\"edgtf-separator-holder clearfix  edgtf-separator-center\">\n\t<div class=\"edgtf-separator\" style=\"border-color: #00bcdf;width: 55px;border-bottom-width: 3px;margin-top: 25px;margin-bottom: 0px\"><\/div>\n<\/div>\n[\/vc_column][\/vc_row][vc_row content_width=&#8221;grid&#8221; css=&#8221;.vc_custom_1599818865382{padding-bottom: 100px !important;background-image: url(https:\/\/alan.lu\/wp-content\/uploads\/2020\/09\/Yellow-background.jpg?id=18865) !important;background-position: center !important;background-repeat: no-repeat !important;background-size: cover !important;}&#8221;][vc_column offset=&#8221;vc_col-lg-4 vc_col-md-12 vc_col-xs-12&#8243;]<div class=\"edgtf-elements-holder edgtf-responsive-mode-768\" ><div class=\"edgtf-elements-holder-item \" data-item-class=\"edgtf-elements-holder-custom-383675\" data-1280-1600=\"2% 2% 2% 2%\" data-1024-1280=\"2% 2% 2% 2%\" data-768-1024=\"2% 2% 2% 2%\" data-600-768=\"2% 2% 2% 2%\" data-480-600=\"2% 2% 2% 2%\" data-480=\"2% 2% 2% 2%\" >\n\t\t<div class=\"edgtf-elements-holder-item-inner\">\n\t\t<div class=\"edgtf-elements-holder-item-content edgtf-elements-holder-custom-383675\" style=\"padding: 2% 2% 2% 2%\">\n\t\t\t<h3 class=\"edgtf-title-with-number\" >\n\t<span class=\"edgtf-twn-number\">01<\/span>Notre vision<\/h3>[vc_empty_space height=&#8221;35px&#8221;][vc_column_text]Construire un environnement permettant aux personnes vivant avec une maladie rare de r\u00e9aliser leur plein potentiel gr\u00e2ce \u00e0 une meilleure reconnaissance, l&#8217;\u00e9galit\u00e9 des chances et une qualit\u00e9 de vie am\u00e9lior\u00e9e.[\/vc_column_text][vc_empty_space height=&#8221;35px&#8221;]\t\t<\/div>\n\t<\/div>\n\t<\/div><\/div>[\/vc_column][vc_column offset=&#8221;vc_col-lg-4 vc_col-md-12 vc_col-xs-12&#8243;]<div class=\"edgtf-elements-holder edgtf-responsive-mode-768\" ><div class=\"edgtf-elements-holder-item \" data-item-class=\"edgtf-elements-holder-custom-588993\" data-1280-1600=\"2% 0% 2% 2%\" data-1024-1280=\"2% 2% 2% 2%\" data-768-1024=\"2% 2% 2% 2%\" data-600-768=\"2% 2% 2% 2%\" data-480-600=\"2% 2% 2% 2%\" data-480=\"2% 2% 2% 2%\" >\n\t\t<div class=\"edgtf-elements-holder-item-inner\">\n\t\t<div class=\"edgtf-elements-holder-item-content edgtf-elements-holder-custom-588993\" style=\"padding: 2% 2% 2% 2%\">\n\t\t\t<h3 class=\"edgtf-title-with-number\" >\n\t<span class=\"edgtf-twn-number\">02<\/span>Notre mission<\/h3>[vc_empty_space height=&#8221;35px&#8221;][vc_column_text css=&#8221;&#8221;]ALAN a pour objet social de soutenir et de d\u00e9fendre les int\u00e9r\u00eats de toutes les personnes concern\u00e9es par une maladie rare et de leur permettre d\u2019am\u00e9liorer leur qualit\u00e9 de vie.<\/p>\n<p>L\u2019Association a comme missions principales :<\/p>\n<p>[\/vc_column_text]<div class=\"edgtf-unordered-list  edgtf-square\" style=\"font-size: 18px\">\n<ul>\n<li>d\u2019<strong>informer, de conseiller et de soutenir les personnes concern\u00e9es <\/strong>par une maladie rare ainsi que leurs familles notamment en leur facilitant l\u2019acc\u00e8s aux soins de sant\u00e9, les proc\u00e9dures administratives, l\u2019\u00e9ducation, le travail, la vie familiale, l\u2019inclusion sociale et l\u2019exercice de leurs droits sociaux;<\/li>\n<li>d\u2019organiser des <strong>activit\u00e9s r\u00e9cr\u00e9atives <\/strong>et sportives favorisant le bien-\u00eatre des participants, les rencontres et les \u00e9changes;<\/li>\n<li>de promouvoir <strong>l\u2019\u00e9ducation, le renforcement des capacit\u00e9s et l\u2019autonomisation<\/strong> des personnes affect\u00e9es par une maladie rare;<\/li>\n<li>d\u2019informer et de <strong>sensibiliser<\/strong> r\u00e9guli\u00e8rement le grand public ainsi que les autorit\u00e9s et les institutions nationales de toutes les probl\u00e9matiques auxquelles les personnes vivant avec une maladie rare sont confront\u00e9es;<\/li>\n<li>de <strong>contribuer aux projets<\/strong> visant \u00e0 garantir l\u2019\u00e9galit\u00e9 d\u2019acc\u00e8s au diagnostic, \u00e0 la th\u00e9rapie, aux soins et \u00e0 la recherche pour toute personne vivant avec une maladie rare;<\/li>\n<li>de <strong>promouvoir la recherche scientifique<\/strong> sur les maladies rares;<\/li>\n<li>de d\u00e9velopper et de maintenir des partenariats nationaux et internationaux;<\/li>\n<li>de <strong>f\u00e9d\u00e9rer les associations<\/strong> \u0153uvrant dans le domaine de maladies rares sp\u00e9cifiques en tant qu\u2019alliance nationale, afin d\u2019assurer la reconnaissance des int\u00e9r\u00eats des patients dans l\u2019opinion publique, la politique et la soci\u00e9t\u00e9 ;<\/li>\n<li>et de <strong>collaborer <\/strong>avec des organismes de droit public ou priv\u00e9 luxembourgeois ou \u00e9trangers poursuivant des objectifs convergents ou connexes \u00e0 ceux de l\u2019Association ou susceptibles de cr\u00e9er une utilit\u00e9 pour cette derni\u00e8re et ses membres.<\/li>\n<\/ul>\n<\/div>[vc_empty_space height=&#8221;35px&#8221;]\t\t<\/div>\n\t<\/div>\n\t<\/div><\/div>[\/vc_column][vc_column offset=&#8221;vc_col-lg-4 vc_col-md-12 vc_col-xs-12&#8243;]<div class=\"edgtf-elements-holder edgtf-responsive-mode-768\" ><div class=\"edgtf-elements-holder-item \" data-item-class=\"edgtf-elements-holder-custom-745067\" data-1280-1600=\"2% 2% 2% 2%\" data-1024-1280=\"2% 2% 2% 2%\" data-768-1024=\"2% 2% 2% 2%\" data-600-768=\"2% 2% 2% 2%\" data-480-600=\"2% 2% 2% 2%\" data-480=\"2% 2% 2% 2%\" >\n\t\t<div class=\"edgtf-elements-holder-item-inner\">\n\t\t<div class=\"edgtf-elements-holder-item-content edgtf-elements-holder-custom-745067\" style=\"padding: 2% 2% 2% 2%\">\n\t\t\t<h3 class=\"edgtf-title-with-number\" >\n\t<span class=\"edgtf-twn-number\">03<\/span>Nos valeurs<\/h3>[vc_empty_space height=&#8221;35px&#8221;][vc_column_text]\u00c0 ALAN, nos interactions professionnelles et personnelles sont guid\u00e9es par trois valeurs cardinales :[\/vc_column_text]<div class=\"edgtf-unordered-list  edgtf-square\" style=\"font-size: 18px\">\n<ul>\n<li><strong>Int\u00e9grit\u00e9<\/strong> &#8211; adh\u00e9rer \u00e0 de solides principes d\u00e9ontologiques et prot\u00e9ger la confiance que les patients et leurs familles nous accordent<\/li>\n<li><strong>Empathie<\/strong> &#8211; \u00eatre pr\u00e9venant et sensible envers toutes les personnes, ind\u00e9pendamment de leur situation<\/li>\n<li><strong>Esprit d&#8217;\u00e9quipe<\/strong> &#8211; travailler ensemble au sein et \u00e0 travers des \u00e9quipes, des institutions et des fronti\u00e8res, car ensemble nous sommes plus forts<\/li>\n<\/ul>\n<\/div>[vc_empty_space height=&#8221;35px&#8221;]\t\t<\/div>\n\t<\/div>\n\t<\/div><\/div>[\/vc_column][\/vc_row][vc_row][vc_column][vc_empty_space height=&#8221;50px&#8221;][\/vc_column][\/vc_row][vc_row content_width=&#8221;grid&#8221; css=&#8221;.vc_custom_1596118384380{padding-top: 36px !important;padding-bottom: 41px !important;background-color: #ee3f75 !important;}&#8221;][vc_column css=&#8221;.vc_custom_1492609383973{padding-top: 2px !important;}&#8221;]\t<div class=\"edgtf-call-to-action normal\" style=\"background-color: #ee3f75;\">\n\n\t\t\t\t<div class=\"edgtf-container-inner\">\n\t\t\t\t\t<div class=\"edgtf-call-to-action-row-75-25 clearfix\" style=\"padding: 20px;\">\n\t\t\t\t\t\t<div class=\"edgtf-text-wrapper edgtf-call-to-action-column1 edgtf-call-to-action-cell left\">\n\t\t\t\t\t<div class=\"edgtf-call-to-action-text\" style=\"text-align: left\">\n<h2><span style=\"color: #ffffff;\">Contactez-nous en cas de questions ou besoin d\u2019assistance<\/span><\/h2>\n\t\t\t\t\t\t\t\t\t\t\t<\/div>\n\t\t\t\t<\/div>\n\n\t\t\t\t\t\t\t\t\t<div class=\"edgtf-button-wrapper edgtf-call-to-action-column2 edgtf-call-to-action-cell\" style =\"text-align: right ;\">\n\t\t\t\t\t\t<a itemprop=\"url\" href=\"\/fr\/contactez-nous\/\" target=\"_self\" style=\"color: #ee3f75;background-color: #ffffff;border-color: #ffffff\" class=\"edgtf-btn edgtf-btn-large edgtf-btn-solid edgtf-btn-custom-hover-bg edgtf-btn-custom-border-hover edgtf-btn-custom-hover-color\" data-hover-bg-color=\"#ee3f75\" data-hover-color=\"#ffffff\" data-hover-border-color=\"#ffffff\" >\t<span class=\"edgtf-btn-text\">Contact<\/span>    <\/a>\t\t\t\t\t<\/div>\n\t\t\t\t\t\t\t<\/div>\n\t\t\t\t<\/div>\n\t\t\t<\/div>\n[\/vc_column][\/vc_row]<\/p>\n<\/div>","protected":false},"excerpt":{"rendered":"<p>[vc_row content_width=&#8221;grid&#8221; css=&#8221;.vc_custom_1599206143457{padding-top: 15px !important;padding-bottom: 60px !important;}&#8221;][vc_column][vc_column_text] Notre association [\/vc_column_text][vc_empty_space height=&#8221;14px&#8221;][\/vc_column][\/vc_row][vc_row content_width=&#8221;grid&#8221; css=&#8221;.vc_custom_1599818865382{padding-bottom: 100px !important;background-image: url(https:\/\/alan.lu\/wp-content\/uploads\/2020\/09\/Yellow-background.jpg?id=18865) !important;background-position: center !important;background-repeat: no-repeat !important;background-size: cover !important;}&#8221;][vc_column offset=&#8221;vc_col-lg-4 vc_col-md-12 vc_col-xs-12&#8243;][\/vc_column][vc_column offset=&#8221;vc_col-lg-4 vc_col-md-12 vc_col-xs-12&#8243;][\/vc_column][vc_column offset=&#8221;vc_col-lg-4&#8230;<\/p>\n","protected":false},"author":1,"featured_media":0,"parent":20792,"menu_order":0,"comment_status":"closed","ping_status":"closed","template":"","meta":{"give_campaign_id":0,"inline_featured_image":false,"footnotes":""},"class_list":["post-20793","page","type-page","status-publish","hentry"],"yoast_head":"<!-- This site is optimized with the Yoast SEO plugin v27.4 - https:\/\/yoast.com\/product\/yoast-seo-wordpress\/ -->\n<title>Nos vision, mission et valeurs - ALAN<\/title>\n<meta name=\"description\" content=\"Notre association: ALAN est une association sans but lucratif (a.s.b.l.) fond\u00e9e en 1998 dont la mission consiste \u00e0 am\u00e9liorer la qualit\u00e9 de vie des personnes et des familles touch\u00e9es par une maladie rare.\" \/>\n<meta name=\"robots\" content=\"index, follow, max-snippet:-1, max-image-preview:large, max-video-preview:-1\" \/>\n<link rel=\"canonical\" href=\"https:\/\/alan.lu\/fr\/a-propos\/vision-mission-valeurs\/\" \/>\n<meta property=\"og:locale\" content=\"fr_FR\" \/>\n<meta property=\"og:type\" content=\"article\" \/>\n<meta property=\"og:title\" content=\"Nos vision, mission et valeurs - ALAN\" \/>\n<meta property=\"og:description\" content=\"Notre association: ALAN est une association sans but lucratif (a.s.b.l.) fond\u00e9e en 1998 dont la mission consiste \u00e0 am\u00e9liorer la qualit\u00e9 de vie des personnes et des familles touch\u00e9es par une maladie rare.\" \/>\n<meta property=\"og:url\" content=\"https:\/\/alan.lu\/fr\/a-propos\/vision-mission-valeurs\/\" \/>\n<meta property=\"og:site_name\" content=\"ALAN\" \/>\n<meta property=\"article:modified_time\" content=\"2024-10-22T07:07:22+00:00\" \/>\n<meta name=\"twitter:card\" content=\"summary_large_image\" \/>\n<meta name=\"twitter:label1\" content=\"Dur\u00e9e de lecture estim\u00e9e\" \/>\n\t<meta name=\"twitter:data1\" content=\"3 minutes\" \/>\n<script type=\"application\/ld+json\" class=\"yoast-schema-graph\">{\"@context\":\"https:\\\/\\\/schema.org\",\"@graph\":[{\"@type\":\"WebPage\",\"@id\":\"https:\\\/\\\/alan.lu\\\/fr\\\/a-propos\\\/vision-mission-valeurs\\\/\",\"url\":\"https:\\\/\\\/alan.lu\\\/fr\\\/a-propos\\\/vision-mission-valeurs\\\/\",\"name\":\"Nos vision, mission et valeurs - ALAN\",\"isPartOf\":{\"@id\":\"https:\\\/\\\/alan.lu\\\/fr\\\/#website\"},\"datePublished\":\"2017-03-30T05:03:58+00:00\",\"dateModified\":\"2024-10-22T07:07:22+00:00\",\"description\":\"Notre association: ALAN est une association sans but lucratif (a.s.b.l.) fond\u00e9e en 1998 dont la mission consiste \u00e0 am\u00e9liorer la qualit\u00e9 de vie des personnes et des familles touch\u00e9es par une maladie rare.\",\"breadcrumb\":{\"@id\":\"https:\\\/\\\/alan.lu\\\/fr\\\/a-propos\\\/vision-mission-valeurs\\\/#breadcrumb\"},\"inLanguage\":\"fr-FR\",\"potentialAction\":[{\"@type\":\"ReadAction\",\"target\":[\"https:\\\/\\\/alan.lu\\\/fr\\\/a-propos\\\/vision-mission-valeurs\\\/\"]}]},{\"@type\":\"BreadcrumbList\",\"@id\":\"https:\\\/\\\/alan.lu\\\/fr\\\/a-propos\\\/vision-mission-valeurs\\\/#breadcrumb\",\"itemListElement\":[{\"@type\":\"ListItem\",\"position\":1,\"name\":\"Accueil\",\"item\":\"https:\\\/\\\/alan.lu\\\/fr\\\/\"},{\"@type\":\"ListItem\",\"position\":2,\"name\":\"\u00c0 propos\",\"item\":\"https:\\\/\\\/alan.lu\\\/fr\\\/a-propos\\\/\"},{\"@type\":\"ListItem\",\"position\":3,\"name\":\"Nos vision, mission et valeurs\"}]},{\"@type\":\"WebSite\",\"@id\":\"https:\\\/\\\/alan.lu\\\/fr\\\/#website\",\"url\":\"https:\\\/\\\/alan.lu\\\/fr\\\/\",\"name\":\"ALAN\",\"description\":\"Rare Diseases Luxembourg\",\"potentialAction\":[{\"@type\":\"SearchAction\",\"target\":{\"@type\":\"EntryPoint\",\"urlTemplate\":\"https:\\\/\\\/alan.lu\\\/fr\\\/?s={search_term_string}\"},\"query-input\":{\"@type\":\"PropertyValueSpecification\",\"valueRequired\":true,\"valueName\":\"search_term_string\"}}],\"inLanguage\":\"fr-FR\"}]}<\/script>\n<!-- \/ Yoast SEO plugin. -->","yoast_head_json":{"title":"Nos vision, mission et valeurs - ALAN","description":"Notre association: ALAN est une association sans but lucratif (a.s.b.l.) fond\u00e9e en 1998 dont la mission consiste \u00e0 am\u00e9liorer la qualit\u00e9 de vie des personnes et des familles touch\u00e9es par une maladie rare.","robots":{"index":"index","follow":"follow","max-snippet":"max-snippet:-1","max-image-preview":"max-image-preview:large","max-video-preview":"max-video-preview:-1"},"canonical":"https:\/\/alan.lu\/fr\/a-propos\/vision-mission-valeurs\/","og_locale":"fr_FR","og_type":"article","og_title":"Nos vision, mission et valeurs - ALAN","og_description":"Notre association: ALAN est une association sans but lucratif (a.s.b.l.) fond\u00e9e en 1998 dont la mission consiste \u00e0 am\u00e9liorer la qualit\u00e9 de vie des personnes et des familles touch\u00e9es par une maladie rare.","og_url":"https:\/\/alan.lu\/fr\/a-propos\/vision-mission-valeurs\/","og_site_name":"ALAN","article_modified_time":"2024-10-22T07:07:22+00:00","twitter_card":"summary_large_image","twitter_misc":{"Dur\u00e9e de lecture estim\u00e9e":"3 minutes"},"schema":{"@context":"https:\/\/schema.org","@graph":[{"@type":"WebPage","@id":"https:\/\/alan.lu\/fr\/a-propos\/vision-mission-valeurs\/","url":"https:\/\/alan.lu\/fr\/a-propos\/vision-mission-valeurs\/","name":"Nos vision, mission et valeurs - ALAN","isPartOf":{"@id":"https:\/\/alan.lu\/fr\/#website"},"datePublished":"2017-03-30T05:03:58+00:00","dateModified":"2024-10-22T07:07:22+00:00","description":"Notre association: ALAN est une association sans but lucratif (a.s.b.l.) fond\u00e9e en 1998 dont la mission consiste \u00e0 am\u00e9liorer la qualit\u00e9 de vie des personnes et des familles touch\u00e9es par une maladie rare.","breadcrumb":{"@id":"https:\/\/alan.lu\/fr\/a-propos\/vision-mission-valeurs\/#breadcrumb"},"inLanguage":"fr-FR","potentialAction":[{"@type":"ReadAction","target":["https:\/\/alan.lu\/fr\/a-propos\/vision-mission-valeurs\/"]}]},{"@type":"BreadcrumbList","@id":"https:\/\/alan.lu\/fr\/a-propos\/vision-mission-valeurs\/#breadcrumb","itemListElement":[{"@type":"ListItem","position":1,"name":"Accueil","item":"https:\/\/alan.lu\/fr\/"},{"@type":"ListItem","position":2,"name":"\u00c0 propos","item":"https:\/\/alan.lu\/fr\/a-propos\/"},{"@type":"ListItem","position":3,"name":"Nos vision, mission et valeurs"}]},{"@type":"WebSite","@id":"https:\/\/alan.lu\/fr\/#website","url":"https:\/\/alan.lu\/fr\/","name":"ALAN","description":"Rare Diseases Luxembourg","potentialAction":[{"@type":"SearchAction","target":{"@type":"EntryPoint","urlTemplate":"https:\/\/alan.lu\/fr\/?s={search_term_string}"},"query-input":{"@type":"PropertyValueSpecification","valueRequired":true,"valueName":"search_term_string"}}],"inLanguage":"fr-FR"}]}},"campaignId":"","_links":{"self":[{"href":"https:\/\/alan.lu\/fr\/wp-json\/wp\/v2\/pages\/20793","targetHints":{"allow":["GET"]}}],"collection":[{"href":"https:\/\/alan.lu\/fr\/wp-json\/wp\/v2\/pages"}],"about":[{"href":"https:\/\/alan.lu\/fr\/wp-json\/wp\/v2\/types\/page"}],"author":[{"embeddable":true,"href":"https:\/\/alan.lu\/fr\/wp-json\/wp\/v2\/users\/1"}],"replies":[{"embeddable":true,"href":"https:\/\/alan.lu\/fr\/wp-json\/wp\/v2\/comments?post=20793"}],"version-history":[{"count":11,"href":"https:\/\/alan.lu\/fr\/wp-json\/wp\/v2\/pages\/20793\/revisions"}],"predecessor-version":[{"id":29862,"href":"https:\/\/alan.lu\/fr\/wp-json\/wp\/v2\/pages\/20793\/revisions\/29862"}],"up":[{"embeddable":true,"href":"https:\/\/alan.lu\/fr\/wp-json\/wp\/v2\/pages\/20792"}],"wp:attachment":[{"href":"https:\/\/alan.lu\/fr\/wp-json\/wp\/v2\/media?parent=20793"}],"curies":[{"name":"wp","href":"https:\/\/api.w.org\/{rel}","templated":true}]}}