{"id":28563,"date":"2023-08-16T15:01:37","date_gmt":"2023-08-16T13:01:37","guid":{"rendered":"https:\/\/alan.lu\/?page_id=28563"},"modified":"2023-09-28T08:48:23","modified_gmt":"2023-09-28T06:48:23","slug":"1plan","status":"publish","type":"page","link":"https:\/\/alan.lu\/fr\/1plan\/","title":{"rendered":"La campagne \u00ab 30 000 espoirs \u2013 1 plan \u00bb"},"content":{"rendered":"<div class=\"wpb-content-wrapper\"><p>[vc_row content_width=&#8221;grid&#8221;][vc_column][vc_column_text]<\/p>\n<h2 style=\"text-align: center;\">La campagne \u00ab 30 000 espoirs \u2013 1 plan \u00bb<\/h2>\n<p>[\/vc_column_text][vc_empty_space height=&#8221;14px&#8221;]\n<p class=\"edgtf-section-subtitle\" style=\"text-align:center;color:#58595b\">\n\tUn deuxi\u00e8me Plan National Maladies Rares pour les quelques 30.000 personnes vivant avec une maladie rare au Luxembourg<\/p><div class=\"edgtf-separator-holder clearfix  edgtf-separator-center\">\n\t<div class=\"edgtf-separator\" style=\"border-color: #00bcdf;width: 50px;border-bottom-width: 3px;margin-top: 25px;margin-bottom: 25px\"><\/div>\n<\/div>\n[vc_empty_space height=&#8221;14px&#8221;][\/vc_column][\/vc_row][vc_row][vc_column][vc_column_text]En septembre 2023, <em>ALAN \u2013 Maladies Rares Luxembourg<\/em>, l\u2019a.s.b.l. et alliance nationale repr\u00e9sentant les personnes concern\u00e9es par une maladie rare au Luxembourg, a lanc\u00e9 une nouvelle campagne de plaidoyer en ligne avec le soutien de l\u2019a.s.b.l. <em><a href=\"https:\/\/edsletzebuerg.lu\/2\/\">EDS L\u00ebtzebuerg.<\/a> <\/em>Le message-cl\u00e9 de la campagne est qu\u2019il il faut consolider les acquis du premier Plan National Maladies Rares &amp; adopter un 2e plan d\u00e8s le d\u00e9but de 2024 pour am\u00e9liorer la qualit\u00e9 de vie des 30 000 personnes concern\u00e9es par une maladie rare.<\/p>\n<p>\u00c0 travers une s\u00e9rie de vid\u00e9os courtes, 11 enfants et adultes vivant avec une maladie rare expriment leurs espoirs pour leur propre avenir et celui d\u2019autres personnes touch\u00e9es par une telle maladie.<\/p>\n<p>Soutenez \u00ab\u00a0la communaut\u00e9 rare\u00a0\u00bb en partageant la campagne et en participant \u00e0 la discussion sur les r\u00e9seaux sociaux\u00a0: <a href=\"https:\/\/www.facebook.com\/alanmaladiesraresluxembourg\">Facebook<\/a>, <a href=\"https:\/\/www.instagram.com\/alanmaladiesraresluxembourg\/\">Instagram<\/a> &amp; <a href=\"https:\/\/www.tiktok.com\/@alan_maladies_rares_lux\">TikTok<\/a> !!<\/p>\n<p>Un tr\u00e8s grand MERCI \u00e0 notre partenaire EDS L\u00ebtzebuerg et \u00e0 nos ambassadreurs\/drices Elias, Mara, Jessica, Amy, Laurent, Marielle, Daniel, Hannah, Benny, No\u00e9mie et Maria qui ne manquent jamais une occasion pour contribuer \u00e0 la sensibilisation aux maladies rares.[\/vc_column_text][vc_empty_space height=&#8221;64px&#8221;][\/vc_column][\/vc_row][vc_row content_width=&#8221;grid&#8221;][vc_column][vc_column_text]<\/p>\n<h2 style=\"text-align: center;\">Le deuxi\u00e8me Plan National Maladies Rares<\/h2>\n<p>[\/vc_column_text][vc_empty_space height=&#8221;14px&#8221;]<div class=\"edgtf-separator-holder clearfix  edgtf-separator-center\">\n\t<div class=\"edgtf-separator\" style=\"border-color: #00bcdf;width: 50px;border-bottom-width: 3px;margin-top: 25px;margin-bottom: 25px\"><\/div>\n<\/div>\n[vc_empty_space height=&#8221;14px&#8221;][vc_empty_space][vc_column_text]Le premier <a href=\"https:\/\/sante.public.lu\/fr\/espace-professionnel\/plans-nationaux\/maladies-rares.html\">Plan National Maladies Rares<\/a> (PNMR)\u00a0 touchera \u00e0 sa fin en 2023. Gr\u00e2ce \u00e0 ce plan, des mesures importantes ont \u00e9t\u00e9 mises en place pour am\u00e9liorer la qualit\u00e9 de vie des personnes concern\u00e9es par une maladie rare. Il est d\u00e9sormais essentiel de ne pas l\u00e2cher prise et de continuer \u00e0 travailler ensemble pour que les enfants et adultes vivant avec une maladie rare aient un meilleur acc\u00e8s au diagnostic, aux traitements m\u00e9dicaux ad\u00e9quats, au soutien psychosocial et aux droits socio-\u00e9conomiques.<\/p>\n<p>&nbsp;<\/p>\n<p>Ainsi, au d\u00e9but de l\u2019ann\u00e9e, ALAN, ensemble avec ses partenaires, a publi\u00e9 un document de positionnement, lan\u00e7ant un appel afin que les maladies rares soient identifi\u00e9es comme une des priorit\u00e9s de sant\u00e9 publique au Luxembourg et que le deuxi\u00e8me PNMR pour le pays puisse \u00eatre adopt\u00e9 d\u00e8s le d\u00e9but de 2024. Le document est port\u00e9 par 6 associations \u0153uvrant pour des maladies rares sp\u00e9cifiques au Luxembourg. Il dresse un bilan de la situation au Luxembourg en mati\u00e8re de maladies rares et \u00e9nonce les arguments d\u00e9montrant qu\u2019il est capital de consid\u00e9rer le sujet des maladies rares comme une priorit\u00e9 de l\u2019agenda politique 2024-2028.<\/p>\n<p>&nbsp;<\/p>\n<p>Le document de positionnement pr\u00e9sente 7 propositions sp\u00e9cifiques qui visent \u00e0 consolider les acquis du premier PNMR et \u00e0 continuer d\u2019am\u00e9liorer le quotidien des personnes touch\u00e9es par une maladie, \u00e0 savoir :<\/p>\n<ul>\n<li>Favoriser l\u2019acc\u00e8s au diagnostic, notamment en \u00e9largissant le programme de d\u00e9pistage n\u00e9onatal et en augmentant la capacit\u00e9 nationale d\u2019analyse g\u00e9n\u00e9tique.<\/li>\n<li>Am\u00e9liorer le parcours de sant\u00e9 en p\u00e9rennisant les projets-pilotes du premier PNMR et en d\u00e9finissant davantage de fili\u00e8res de soins d\u00e9di\u00e9es \u00e0 des groupes de pathologies rares.<\/li>\n<li>D\u00e9finir un statut \u00ab d\u2019affection de longue dur\u00e9e \u00bb.<\/li>\n<li>Cr\u00e9er un registre national des maladies rares au Luxembourg.<\/li>\n<li>Acc\u00e9l\u00e9rer le d\u00e9veloppement de l\u2019ALMPS (Agence luxembourgeoise des m\u00e9dicaments et produits de sant\u00e9).<\/li>\n<li>Renforcer la formation et la sensibilisation.<\/li>\n<li>Cr\u00e9er une base l\u00e9gale pour les projets en maladies rares<\/li>\n<\/ul>\n<p>&nbsp;<\/p>\n<p>Le document de positionnement est disponible sur la page web suivante: <a href=\"https:\/\/alan.lu\/wp-content\/uploads\/2023\/02\/Position-Paper-2023-final-web.pdf\">https:\/\/alan.lu\/wp-content\/uploads\/2023\/02\/Position-Paper-2023-final-web.pdf<\/a>[\/vc_column_text][vc_empty_space height=&#8221;64px&#8221;][\/vc_column][\/vc_row][vc_row content_width=&#8221;grid&#8221;][vc_column][vc_column_text]<\/p>\n<h2 style=\"text-align: center;\">Les Instagram Reels et TikToks<\/h2>\n<p>[\/vc_column_text][vc_empty_space height=&#8221;14px&#8221;]<div class=\"edgtf-separator-holder clearfix  edgtf-separator-center\">\n\t<div class=\"edgtf-separator\" style=\"border-color: #00bcdf;width: 50px;border-bottom-width: 3px;margin-top: 25px;margin-bottom: 25px\"><\/div>\n<\/div>\n[vc_empty_space height=&#8221;14px&#8221;][\/vc_column][\/vc_row][vc_row][vc_column width=&#8221;1\/3&#8243;]\n<div class=\"edgtf-team main-info-below-image\">\n\t<div class=\"edgtf-team-inner\">\n\t\t\t\t\t<div class=\"edgtf-team-image\">\n                <img loading=\"lazy\" decoding=\"async\" width=\"1080\" height=\"1080\" src=\"https:\/\/alan.lu\/wp-content\/uploads\/2023\/08\/Elias_1080x1080.jpg\" class=\"attachment-full size-full\" alt=\"\" srcset=\"https:\/\/alan.lu\/wp-content\/uploads\/2023\/08\/Elias_1080x1080.jpg 1080w, https:\/\/alan.lu\/wp-content\/uploads\/2023\/08\/Elias_1080x1080-300x300.jpg 300w, https:\/\/alan.lu\/wp-content\/uploads\/2023\/08\/Elias_1080x1080-1024x1024.jpg 1024w, https:\/\/alan.lu\/wp-content\/uploads\/2023\/08\/Elias_1080x1080-150x150.jpg 150w, https:\/\/alan.lu\/wp-content\/uploads\/2023\/08\/Elias_1080x1080-768x768.jpg 768w, https:\/\/alan.lu\/wp-content\/uploads\/2023\/08\/Elias_1080x1080-550x550.jpg 550w, https:\/\/alan.lu\/wp-content\/uploads\/2023\/08\/Elias_1080x1080-1000x1000.jpg 1000w, https:\/\/alan.lu\/wp-content\/uploads\/2023\/08\/Elias_1080x1080-600x600.jpg 600w, https:\/\/alan.lu\/wp-content\/uploads\/2023\/08\/Elias_1080x1080-100x100.jpg 100w\" sizes=\"auto, (max-width: 1080px) 100vw, 1080px\" \/>                                    <a class=\"edgtf-team-image-link icomoon-icon-link\" itemprop=\"url\" href=\"https:\/\/youtube.com\/shorts\/GIrm1uq08m0?feature=share\" target=\"_self\"><\/a>\n                \t\t\t<\/div>\n\t\t\n\t\t\t\t\t<div class=\"edgtf-team-info\">\n\t\t\t\t\t\t\t\t\t<div class=\"edgtf-team-title-holder normal_social\">\n\t\t\t\t\t\t\t\t\t\t\t\t\t\t\t\t\t\t\t<h4 class=\"edgtf-team-name\" >\n\t\t\t\t\t\t\t\t<a class=\"team-link-name\"  href=\"https:\/\/youtube.com\/shorts\/GIrm1uq08m0?feature=share\">Elias<\/a>\n\t\t\t\t\t\t\t<\/h4>\n\t\t\t\t\t\t\t\t\t\t\t\t\t\t\t\t\t<\/div>\n\t\t\t\t\n\t\t\t\t\t\t\t\t\t<div class='edgtf-team-text'>\n\t\t\t\t\t\t<div class='edgtf-team-text-inner'>\n\t\t\t\t\t\t\t<div class='edgtf-team-description'>\n\t\t\t\t\t\t\t\t<p >``Nous esp\u00e9rons que les proc\u00e9dures administratives n\u00e9cessaires, pour acc\u00e9der aux m\u00e9dicaments et aux traitements d&#039;Elias, soient moins lourdes.\u201d - cliquez sur la photo pour voir la vid\u00e9o -<\/p>\n\t\t\t\t\t\t\t<\/div>\n\t\t\t\t\t\t<\/div>\n\t\t\t\t\t<\/div>\n\t\t\t\t\n\t\t<div class=\"edgtf-team-social-holder-between\">\n\t\t\t<div class=\"edgtf-team-social normal_social\">\n\t\t\t\t<div class=\"edgtf-team-social-inner\">\n\t\t\t\t\t<div class=\"edgtf-team-social-wrapp\">\n\n\t\t\t\t\t\t\n\t\t\t\t\t<\/div>\n\t\t\t\t<\/div>\n\t\t\t<\/div>\n\t\t<\/div>\n\n\t\t<\/div>\n\t<\/div>\n<\/div>[vc_empty_space][\/vc_column][vc_column width=&#8221;1\/3&#8243;]\n<div class=\"edgtf-team main-info-below-image\">\n\t<div class=\"edgtf-team-inner\">\n\t\t\t\t\t<div class=\"edgtf-team-image\">\n                <img loading=\"lazy\" decoding=\"async\" width=\"1080\" height=\"1080\" src=\"https:\/\/alan.lu\/wp-content\/uploads\/2023\/08\/Mara_1080x1080.jpg\" class=\"attachment-full size-full\" alt=\"\" srcset=\"https:\/\/alan.lu\/wp-content\/uploads\/2023\/08\/Mara_1080x1080.jpg 1080w, https:\/\/alan.lu\/wp-content\/uploads\/2023\/08\/Mara_1080x1080-300x300.jpg 300w, https:\/\/alan.lu\/wp-content\/uploads\/2023\/08\/Mara_1080x1080-1024x1024.jpg 1024w, https:\/\/alan.lu\/wp-content\/uploads\/2023\/08\/Mara_1080x1080-150x150.jpg 150w, https:\/\/alan.lu\/wp-content\/uploads\/2023\/08\/Mara_1080x1080-768x768.jpg 768w, https:\/\/alan.lu\/wp-content\/uploads\/2023\/08\/Mara_1080x1080-550x550.jpg 550w, https:\/\/alan.lu\/wp-content\/uploads\/2023\/08\/Mara_1080x1080-1000x1000.jpg 1000w, https:\/\/alan.lu\/wp-content\/uploads\/2023\/08\/Mara_1080x1080-600x600.jpg 600w, https:\/\/alan.lu\/wp-content\/uploads\/2023\/08\/Mara_1080x1080-100x100.jpg 100w\" sizes=\"auto, (max-width: 1080px) 100vw, 1080px\" \/>                                    <a class=\"edgtf-team-image-link icomoon-icon-link\" itemprop=\"url\" href=\"https:\/\/youtube.com\/shorts\/wYWTLDYrF6w?feature=share\" target=\"_self\"><\/a>\n                \t\t\t<\/div>\n\t\t\n\t\t\t\t\t<div class=\"edgtf-team-info\">\n\t\t\t\t\t\t\t\t\t<div class=\"edgtf-team-title-holder normal_social\">\n\t\t\t\t\t\t\t\t\t\t\t\t\t\t\t\t\t\t\t<h4 class=\"edgtf-team-name\" >\n\t\t\t\t\t\t\t\t<a class=\"team-link-name\"  href=\"https:\/\/youtube.com\/shorts\/wYWTLDYrF6w?feature=share\">Mara<\/a>\n\t\t\t\t\t\t\t<\/h4>\n\t\t\t\t\t\t\t\t\t\t\t\t\t\t\t\t\t<\/div>\n\t\t\t\t\n\t\t\t\t\t\t\t\t\t<div class='edgtf-team-text'>\n\t\t\t\t\t\t<div class='edgtf-team-text-inner'>\n\t\t\t\t\t\t\t<div class='edgtf-team-description'>\n\t\t\t\t\t\t\t\t<p >- cliquez sur la photo pour voir la vid\u00e9o - ``Je m&#039;appelle Mara et j\u2019ai une maladie g\u00e9n\u00e9tique extr\u00eamement rare qui affecte mes muscles et mon tube digestif. Je vis chaque jour avec des douleurs intenses, de la fatigue et une insuffisance pond\u00e9rale. Pendant 28 ans, la recherche d\u2019un diagnostic, c&#039;\u00e9tait comme courir de chambre en chambre dans un h\u00f4tel - d&#039;abord, quand j&#039;\u00e9tais enfant, tenant la main de mes parents, puis seule. La plupart du temps, j\u2019avais \u00e0 peine mis les pieds dans la chambre et j\u2019\u00e9tais d\u00e9j\u00e0 \u00e9tiquet\u00e9e comme ayant une maladie mentale. Chez les m\u00e9decins, la question \u00ab \u00cates-vous stress\u00e9 ? est devenu la norme - la m\u00e9thode la plus simple pour se d\u00e9barrasser de moi rapidement. Mais aussi dans toutes les autres chambres, j&#039;ai souffert \u00e0 cause des jugements et des regards et j\u2019ai eu l\u2019impression de devenir encore plus malade. Mais toutes les personnes qui sont tr\u00e8s maigres ne sont pas anorexiques ou boulimiques. Tous ceux qui titubent ne sont pas ivres, et m\u00eame si quelqu&#039;un semble en bonne sant\u00e9 de l&#039;ext\u00e9rieur, il peut \u00eatre gravement malade. Tout n&#039;est pas ce qu&#039;il para\u00eet et je souhaite du fond du c\u0153ur que la soci\u00e9t\u00e9 juge moins vite, afin que nous, les personnes concern\u00e9es, ne perdions pas le courage d&#039;ouvrir une nouvelle porte. \u00bb<\/p>\n\t\t\t\t\t\t\t<\/div>\n\t\t\t\t\t\t<\/div>\n\t\t\t\t\t<\/div>\n\t\t\t\t\n\t\t<div class=\"edgtf-team-social-holder-between\">\n\t\t\t<div class=\"edgtf-team-social normal_social\">\n\t\t\t\t<div class=\"edgtf-team-social-inner\">\n\t\t\t\t\t<div class=\"edgtf-team-social-wrapp\">\n\n\t\t\t\t\t\t\n\t\t\t\t\t<\/div>\n\t\t\t\t<\/div>\n\t\t\t<\/div>\n\t\t<\/div>\n\n\t\t<\/div>\n\t<\/div>\n<\/div>[vc_empty_space][\/vc_column][vc_column width=&#8221;1\/3&#8243;]\n<div class=\"edgtf-team main-info-below-image\">\n\t<div class=\"edgtf-team-inner\">\n\t\t\t\t\t<div class=\"edgtf-team-image\">\n                <img loading=\"lazy\" decoding=\"async\" width=\"1080\" height=\"1080\" src=\"https:\/\/alan.lu\/wp-content\/uploads\/2023\/08\/Jessica_1080x1080.jpg\" class=\"attachment-full size-full\" alt=\"\" srcset=\"https:\/\/alan.lu\/wp-content\/uploads\/2023\/08\/Jessica_1080x1080.jpg 1080w, https:\/\/alan.lu\/wp-content\/uploads\/2023\/08\/Jessica_1080x1080-300x300.jpg 300w, https:\/\/alan.lu\/wp-content\/uploads\/2023\/08\/Jessica_1080x1080-1024x1024.jpg 1024w, https:\/\/alan.lu\/wp-content\/uploads\/2023\/08\/Jessica_1080x1080-150x150.jpg 150w, https:\/\/alan.lu\/wp-content\/uploads\/2023\/08\/Jessica_1080x1080-768x768.jpg 768w, https:\/\/alan.lu\/wp-content\/uploads\/2023\/08\/Jessica_1080x1080-550x550.jpg 550w, https:\/\/alan.lu\/wp-content\/uploads\/2023\/08\/Jessica_1080x1080-1000x1000.jpg 1000w, https:\/\/alan.lu\/wp-content\/uploads\/2023\/08\/Jessica_1080x1080-600x600.jpg 600w, https:\/\/alan.lu\/wp-content\/uploads\/2023\/08\/Jessica_1080x1080-100x100.jpg 100w\" sizes=\"auto, (max-width: 1080px) 100vw, 1080px\" \/>                                    <a class=\"edgtf-team-image-link icomoon-icon-link\" itemprop=\"url\" href=\"https:\/\/youtube.com\/shorts\/mnDquBRJtyw?feature=share\" target=\"_self\"><\/a>\n                \t\t\t<\/div>\n\t\t\n\t\t\t\t\t<div class=\"edgtf-team-info\">\n\t\t\t\t\t\t\t\t\t<div class=\"edgtf-team-title-holder normal_social\">\n\t\t\t\t\t\t\t\t\t\t\t\t\t\t\t\t\t\t\t<h4 class=\"edgtf-team-name\" >\n\t\t\t\t\t\t\t\t<a class=\"team-link-name\"  href=\"https:\/\/youtube.com\/shorts\/mnDquBRJtyw?feature=share\">Jessica<\/a>\n\t\t\t\t\t\t\t<\/h4>\n\t\t\t\t\t\t\t\t\t\t\t\t\t\t\t\t\t<\/div>\n\t\t\t\t\n\t\t\t\t\t\t\t\t\t<div class='edgtf-team-text'>\n\t\t\t\t\t\t<div class='edgtf-team-text-inner'>\n\t\t\t\t\t\t\t<div class='edgtf-team-description'>\n\t\t\t\t\t\t\t\t<p >- cliquez sur la photo pour voir la vid\u00e9o - ``J&#039;esp\u00e8re que les diagnostics seront pos\u00e9s plus rapidement dans les ann\u00e9es \u00e0 venir. Les diagnostics erron\u00e9s et l&#039;ignorance peuvent causer beaucoup de dommages suppl\u00e9mentaires \u00e0 un patient atteint d&#039;une maladie rare. Sans le Plan National Maladies Rares, mon espoir est vain !\u201d<\/p>\n\t\t\t\t\t\t\t<\/div>\n\t\t\t\t\t\t<\/div>\n\t\t\t\t\t<\/div>\n\t\t\t\t\n\t\t<div class=\"edgtf-team-social-holder-between\">\n\t\t\t<div class=\"edgtf-team-social normal_social\">\n\t\t\t\t<div class=\"edgtf-team-social-inner\">\n\t\t\t\t\t<div class=\"edgtf-team-social-wrapp\">\n\n\t\t\t\t\t\t\n\t\t\t\t\t<\/div>\n\t\t\t\t<\/div>\n\t\t\t<\/div>\n\t\t<\/div>\n\n\t\t<\/div>\n\t<\/div>\n<\/div>[vc_empty_space][\/vc_column][\/vc_row][vc_row][vc_column width=&#8221;1\/3&#8243;]\n<div class=\"edgtf-team main-info-below-image\">\n\t<div class=\"edgtf-team-inner\">\n\t\t\t\t\t<div class=\"edgtf-team-image\">\n                <img loading=\"lazy\" decoding=\"async\" width=\"1080\" height=\"1080\" src=\"https:\/\/alan.lu\/wp-content\/uploads\/2023\/08\/Amy_1080x1080.jpg\" class=\"attachment-full size-full\" alt=\"\" srcset=\"https:\/\/alan.lu\/wp-content\/uploads\/2023\/08\/Amy_1080x1080.jpg 1080w, https:\/\/alan.lu\/wp-content\/uploads\/2023\/08\/Amy_1080x1080-300x300.jpg 300w, https:\/\/alan.lu\/wp-content\/uploads\/2023\/08\/Amy_1080x1080-1024x1024.jpg 1024w, https:\/\/alan.lu\/wp-content\/uploads\/2023\/08\/Amy_1080x1080-150x150.jpg 150w, https:\/\/alan.lu\/wp-content\/uploads\/2023\/08\/Amy_1080x1080-768x768.jpg 768w, https:\/\/alan.lu\/wp-content\/uploads\/2023\/08\/Amy_1080x1080-550x550.jpg 550w, https:\/\/alan.lu\/wp-content\/uploads\/2023\/08\/Amy_1080x1080-1000x1000.jpg 1000w, https:\/\/alan.lu\/wp-content\/uploads\/2023\/08\/Amy_1080x1080-600x600.jpg 600w, https:\/\/alan.lu\/wp-content\/uploads\/2023\/08\/Amy_1080x1080-100x100.jpg 100w\" sizes=\"auto, (max-width: 1080px) 100vw, 1080px\" \/>                                    <a class=\"edgtf-team-image-link icomoon-icon-link\" itemprop=\"url\" href=\"https:\/\/youtube.com\/shorts\/eisDWToQ9Mw?feature=share\" target=\"_self\"><\/a>\n                \t\t\t<\/div>\n\t\t\n\t\t\t\t\t<div class=\"edgtf-team-info\">\n\t\t\t\t\t\t\t\t\t<div class=\"edgtf-team-title-holder normal_social\">\n\t\t\t\t\t\t\t\t\t\t\t\t\t\t\t\t\t\t\t<h4 class=\"edgtf-team-name\" >\n\t\t\t\t\t\t\t\t<a class=\"team-link-name\"  href=\"https:\/\/youtube.com\/shorts\/eisDWToQ9Mw?feature=share\">Amy<\/a>\n\t\t\t\t\t\t\t<\/h4>\n\t\t\t\t\t\t\t\t\t\t\t\t\t\t\t\t\t<\/div>\n\t\t\t\t\n\t\t\t\t\t\t\t\t\t<div class='edgtf-team-text'>\n\t\t\t\t\t\t<div class='edgtf-team-text-inner'>\n\t\t\t\t\t\t\t<div class='edgtf-team-description'>\n\t\t\t\t\t\t\t\t<p >- cliquez sur la photo pour voir la vid\u00e9o - ``Amy compte sur beaucoup d&#039;aide dans sa vie quotidenne, tant \u00e0 la maison qu&#039;\u00e0 l&#039;\u00e9cole. Il est important qu&#039;Amy re\u00e7oive le soutien dont elle a besoin. Son handicap, ou ses difficult\u00e9s \u00e0 participer \u00e0 la soci\u00e9t\u00e9, ne devrait pas \u00eatre un obstacle. Son d\u00e9veloppement peut se poursuivre dans un environnement o\u00f9 elle est bien prise en charge et stimul\u00e9e, afin qu&#039;elle puisse atteindre son plein potentiel.``<\/p>\n\t\t\t\t\t\t\t<\/div>\n\t\t\t\t\t\t<\/div>\n\t\t\t\t\t<\/div>\n\t\t\t\t\n\t\t<div class=\"edgtf-team-social-holder-between\">\n\t\t\t<div class=\"edgtf-team-social normal_social\">\n\t\t\t\t<div class=\"edgtf-team-social-inner\">\n\t\t\t\t\t<div class=\"edgtf-team-social-wrapp\">\n\n\t\t\t\t\t\t\n\t\t\t\t\t<\/div>\n\t\t\t\t<\/div>\n\t\t\t<\/div>\n\t\t<\/div>\n\n\t\t<\/div>\n\t<\/div>\n<\/div>[vc_empty_space][\/vc_column][vc_column width=&#8221;1\/3&#8243;]\n<div class=\"edgtf-team main-info-below-image\">\n\t<div class=\"edgtf-team-inner\">\n\t\t\t\t\t<div class=\"edgtf-team-image\">\n                <img loading=\"lazy\" decoding=\"async\" width=\"1080\" height=\"1080\" src=\"https:\/\/alan.lu\/wp-content\/uploads\/2023\/08\/Laurent_1080x1080.jpg\" class=\"attachment-full size-full\" alt=\"\" srcset=\"https:\/\/alan.lu\/wp-content\/uploads\/2023\/08\/Laurent_1080x1080.jpg 1080w, https:\/\/alan.lu\/wp-content\/uploads\/2023\/08\/Laurent_1080x1080-300x300.jpg 300w, https:\/\/alan.lu\/wp-content\/uploads\/2023\/08\/Laurent_1080x1080-1024x1024.jpg 1024w, https:\/\/alan.lu\/wp-content\/uploads\/2023\/08\/Laurent_1080x1080-150x150.jpg 150w, https:\/\/alan.lu\/wp-content\/uploads\/2023\/08\/Laurent_1080x1080-768x768.jpg 768w, https:\/\/alan.lu\/wp-content\/uploads\/2023\/08\/Laurent_1080x1080-550x550.jpg 550w, https:\/\/alan.lu\/wp-content\/uploads\/2023\/08\/Laurent_1080x1080-1000x1000.jpg 1000w, https:\/\/alan.lu\/wp-content\/uploads\/2023\/08\/Laurent_1080x1080-600x600.jpg 600w, https:\/\/alan.lu\/wp-content\/uploads\/2023\/08\/Laurent_1080x1080-100x100.jpg 100w\" sizes=\"auto, (max-width: 1080px) 100vw, 1080px\" \/>                                    <a class=\"edgtf-team-image-link icomoon-icon-link\" itemprop=\"url\" href=\"https:\/\/youtube.com\/shorts\/b-I5Qhez7fM?feature=share\" target=\"_self\"><\/a>\n                \t\t\t<\/div>\n\t\t\n\t\t\t\t\t<div class=\"edgtf-team-info\">\n\t\t\t\t\t\t\t\t\t<div class=\"edgtf-team-title-holder normal_social\">\n\t\t\t\t\t\t\t\t\t\t\t\t\t\t\t\t\t\t\t<h4 class=\"edgtf-team-name\" >\n\t\t\t\t\t\t\t\t<a class=\"team-link-name\"  href=\"https:\/\/youtube.com\/shorts\/b-I5Qhez7fM?feature=share\">Laurent<\/a>\n\t\t\t\t\t\t\t<\/h4>\n\t\t\t\t\t\t\t\t\t\t\t\t\t\t\t\t\t<\/div>\n\t\t\t\t\n\t\t\t\t\t\t\t\t\t<div class='edgtf-team-text'>\n\t\t\t\t\t\t<div class='edgtf-team-text-inner'>\n\t\t\t\t\t\t\t<div class='edgtf-team-description'>\n\t\t\t\t\t\t\t\t<p >- cliquez sur la photo pour voir la vid\u00e9o - \u00ab J&#039;esp\u00e8re que les personnes concern\u00e9es puissent \u00eatre davantage incluses dans la planification des b\u00e2timents\/lieux publics. Il est toujours bon d&#039;avoir des experts bien form\u00e9s dans l&#039;\u00e9quipe, mais la mise en \u0153uvre de projets n\u00e9cessite \u00e9galement une exp\u00e9rience de premi\u00e8re main, qui peut \u00eatre acquise gr\u00e2ce \u00e0 des personnes confront\u00e9es quotidiennement aux probl\u00e8mes. Je peux choisir un lit pour vous, mais vous dormiriez certainement mieux si vous pouviez au moins choisir le matelas. \u00bb<\/p>\n\t\t\t\t\t\t\t<\/div>\n\t\t\t\t\t\t<\/div>\n\t\t\t\t\t<\/div>\n\t\t\t\t\n\t\t<div class=\"edgtf-team-social-holder-between\">\n\t\t\t<div class=\"edgtf-team-social normal_social\">\n\t\t\t\t<div class=\"edgtf-team-social-inner\">\n\t\t\t\t\t<div class=\"edgtf-team-social-wrapp\">\n\n\t\t\t\t\t\t\n\t\t\t\t\t<\/div>\n\t\t\t\t<\/div>\n\t\t\t<\/div>\n\t\t<\/div>\n\n\t\t<\/div>\n\t<\/div>\n<\/div>[vc_empty_space][\/vc_column][vc_column width=&#8221;1\/3&#8243;]\n<div class=\"edgtf-team main-info-below-image\">\n\t<div class=\"edgtf-team-inner\">\n\t\t\t\t\t<div class=\"edgtf-team-image\">\n                <img loading=\"lazy\" decoding=\"async\" width=\"1080\" height=\"1080\" src=\"https:\/\/alan.lu\/wp-content\/uploads\/2023\/08\/Marielle_1080x1080.jpg\" class=\"attachment-full size-full\" alt=\"\" srcset=\"https:\/\/alan.lu\/wp-content\/uploads\/2023\/08\/Marielle_1080x1080.jpg 1080w, https:\/\/alan.lu\/wp-content\/uploads\/2023\/08\/Marielle_1080x1080-300x300.jpg 300w, https:\/\/alan.lu\/wp-content\/uploads\/2023\/08\/Marielle_1080x1080-1024x1024.jpg 1024w, https:\/\/alan.lu\/wp-content\/uploads\/2023\/08\/Marielle_1080x1080-150x150.jpg 150w, https:\/\/alan.lu\/wp-content\/uploads\/2023\/08\/Marielle_1080x1080-768x768.jpg 768w, https:\/\/alan.lu\/wp-content\/uploads\/2023\/08\/Marielle_1080x1080-550x550.jpg 550w, https:\/\/alan.lu\/wp-content\/uploads\/2023\/08\/Marielle_1080x1080-1000x1000.jpg 1000w, https:\/\/alan.lu\/wp-content\/uploads\/2023\/08\/Marielle_1080x1080-600x600.jpg 600w, https:\/\/alan.lu\/wp-content\/uploads\/2023\/08\/Marielle_1080x1080-100x100.jpg 100w\" sizes=\"auto, (max-width: 1080px) 100vw, 1080px\" \/>                                    <a class=\"edgtf-team-image-link icomoon-icon-link\" itemprop=\"url\" href=\"https:\/\/youtube.com\/shorts\/Lm4OQNHqa5c?feature=share\" target=\"_self\"><\/a>\n                \t\t\t<\/div>\n\t\t\n\t\t\t\t\t<div class=\"edgtf-team-info\">\n\t\t\t\t\t\t\t\t\t<div class=\"edgtf-team-title-holder normal_social\">\n\t\t\t\t\t\t\t\t\t\t\t\t\t\t\t\t\t\t\t<h4 class=\"edgtf-team-name\" >\n\t\t\t\t\t\t\t\t<a class=\"team-link-name\"  href=\"https:\/\/youtube.com\/shorts\/Lm4OQNHqa5c?feature=share\">Marielle<\/a>\n\t\t\t\t\t\t\t<\/h4>\n\t\t\t\t\t\t\t\t\t\t\t\t\t\t\t\t\t<\/div>\n\t\t\t\t\n\t\t\t\t\t\t\t\t\t<div class='edgtf-team-text'>\n\t\t\t\t\t\t<div class='edgtf-team-text-inner'>\n\t\t\t\t\t\t\t<div class='edgtf-team-description'>\n\t\t\t\t\t\t\t\t<p >- cliquez sur la photo pour voir la vid\u00e9o - ``Je m&#039;appelle Marielle, j&#039;ai 33 ans et je vis avec la maladie de Charcot-Marie-Tooth. Je suis enseignante en luxembourgeois depuis 7 ans. Ma maladie me limite non seulement dans ma vie quotidienne, mais aussi dans mon m\u00e9tier. Je ne peux pas rester debout longtemps devant le tableau ou dans la salle de classe et je me fatigue rapidement. J&#039;ai la chance de travailler pour une \u00e9cole qui me soutient beaucoup. Mon horaire est adapt\u00e9 et je participe \u00e0 des groupes de travail pour lesquels je peux \u00e9galement travailler de chez moi. Depuis deux ans, j&#039;ai le \u00ab service \u00e0 temps partiel pour raisons de sant\u00e9 \u00bb, mais y arriver n&#039;a pas \u00e9t\u00e9 facile. J&#039;ai fait le stage normal de fonctionnaire, mais les d\u00e9marches administratives pour obtenir le service \u00e9taient tr\u00e8s lourdes. Je veux travailler et participer \u00e0 une vie sociale active, mais \u00e0 mon rythme, afin de pouvoir mener une vie digne. Comme cela devrait \u00eatre le cas pour toutes les autres personnes concern\u00e9es. Le travail et la performance ne devraient pas \u00eatre plus importants que notre sant\u00e9.``<\/p>\n\t\t\t\t\t\t\t<\/div>\n\t\t\t\t\t\t<\/div>\n\t\t\t\t\t<\/div>\n\t\t\t\t\n\t\t<div class=\"edgtf-team-social-holder-between\">\n\t\t\t<div class=\"edgtf-team-social normal_social\">\n\t\t\t\t<div class=\"edgtf-team-social-inner\">\n\t\t\t\t\t<div class=\"edgtf-team-social-wrapp\">\n\n\t\t\t\t\t\t\n\t\t\t\t\t<\/div>\n\t\t\t\t<\/div>\n\t\t\t<\/div>\n\t\t<\/div>\n\n\t\t<\/div>\n\t<\/div>\n<\/div>[vc_empty_space][\/vc_column][\/vc_row][vc_row][vc_column width=&#8221;1\/3&#8243;]\n<div class=\"edgtf-team main-info-below-image\">\n\t<div class=\"edgtf-team-inner\">\n\t\t\t\t\t<div class=\"edgtf-team-image\">\n                <img loading=\"lazy\" decoding=\"async\" width=\"1080\" height=\"1080\" src=\"https:\/\/alan.lu\/wp-content\/uploads\/2023\/08\/Daniel_1080x1080.jpg\" class=\"attachment-full size-full\" alt=\"\" srcset=\"https:\/\/alan.lu\/wp-content\/uploads\/2023\/08\/Daniel_1080x1080.jpg 1080w, https:\/\/alan.lu\/wp-content\/uploads\/2023\/08\/Daniel_1080x1080-300x300.jpg 300w, https:\/\/alan.lu\/wp-content\/uploads\/2023\/08\/Daniel_1080x1080-1024x1024.jpg 1024w, https:\/\/alan.lu\/wp-content\/uploads\/2023\/08\/Daniel_1080x1080-150x150.jpg 150w, https:\/\/alan.lu\/wp-content\/uploads\/2023\/08\/Daniel_1080x1080-768x768.jpg 768w, https:\/\/alan.lu\/wp-content\/uploads\/2023\/08\/Daniel_1080x1080-550x550.jpg 550w, https:\/\/alan.lu\/wp-content\/uploads\/2023\/08\/Daniel_1080x1080-1000x1000.jpg 1000w, https:\/\/alan.lu\/wp-content\/uploads\/2023\/08\/Daniel_1080x1080-600x600.jpg 600w, https:\/\/alan.lu\/wp-content\/uploads\/2023\/08\/Daniel_1080x1080-100x100.jpg 100w\" sizes=\"auto, (max-width: 1080px) 100vw, 1080px\" \/>                                    <a class=\"edgtf-team-image-link icomoon-icon-link\" itemprop=\"url\" href=\"https:\/\/youtube.com\/shorts\/EUIwdYccgaI?feature=share\" target=\"_self\"><\/a>\n                \t\t\t<\/div>\n\t\t\n\t\t\t\t\t<div class=\"edgtf-team-info\">\n\t\t\t\t\t\t\t\t\t<div class=\"edgtf-team-title-holder normal_social\">\n\t\t\t\t\t\t\t\t\t\t\t\t\t\t\t\t\t\t\t<h4 class=\"edgtf-team-name\" >\n\t\t\t\t\t\t\t\t<a class=\"team-link-name\"  href=\"https:\/\/youtube.com\/shorts\/EUIwdYccgaI?feature=share\">Daniel<\/a>\n\t\t\t\t\t\t\t<\/h4>\n\t\t\t\t\t\t\t\t\t\t\t\t\t\t\t\t\t<\/div>\n\t\t\t\t\n\t\t\t\t\t\t\t\t\t<div class='edgtf-team-text'>\n\t\t\t\t\t\t<div class='edgtf-team-text-inner'>\n\t\t\t\t\t\t\t<div class='edgtf-team-description'>\n\t\t\t\t\t\t\t\t<p >- cliquez sur la photo pour voir la vid\u00e9o - ``Nous esp\u00e9rons qu&#039;il y aura plus d&#039;action : l\u2019avancement de la recherche sur les maladies rares et la participation des patients aux essais cliniques permet d\u2019augmente l&#039;expertise des experts locaux et de donner un acc\u00e8s plus rapide aux traitements potentiels.\u201d<\/p>\n\t\t\t\t\t\t\t<\/div>\n\t\t\t\t\t\t<\/div>\n\t\t\t\t\t<\/div>\n\t\t\t\t\n\t\t<div class=\"edgtf-team-social-holder-between\">\n\t\t\t<div class=\"edgtf-team-social normal_social\">\n\t\t\t\t<div class=\"edgtf-team-social-inner\">\n\t\t\t\t\t<div class=\"edgtf-team-social-wrapp\">\n\n\t\t\t\t\t\t\n\t\t\t\t\t<\/div>\n\t\t\t\t<\/div>\n\t\t\t<\/div>\n\t\t<\/div>\n\n\t\t<\/div>\n\t<\/div>\n<\/div>[vc_empty_space][\/vc_column][vc_column width=&#8221;1\/3&#8243;]\n<div class=\"edgtf-team main-info-below-image\">\n\t<div class=\"edgtf-team-inner\">\n\t\t\t\t\t<div class=\"edgtf-team-image\">\n                <img loading=\"lazy\" decoding=\"async\" width=\"1080\" height=\"1080\" src=\"https:\/\/alan.lu\/wp-content\/uploads\/2023\/08\/Hannah_1080x1080.jpg\" class=\"attachment-full size-full\" alt=\"\" srcset=\"https:\/\/alan.lu\/wp-content\/uploads\/2023\/08\/Hannah_1080x1080.jpg 1080w, https:\/\/alan.lu\/wp-content\/uploads\/2023\/08\/Hannah_1080x1080-300x300.jpg 300w, https:\/\/alan.lu\/wp-content\/uploads\/2023\/08\/Hannah_1080x1080-1024x1024.jpg 1024w, https:\/\/alan.lu\/wp-content\/uploads\/2023\/08\/Hannah_1080x1080-150x150.jpg 150w, https:\/\/alan.lu\/wp-content\/uploads\/2023\/08\/Hannah_1080x1080-768x768.jpg 768w, https:\/\/alan.lu\/wp-content\/uploads\/2023\/08\/Hannah_1080x1080-550x550.jpg 550w, https:\/\/alan.lu\/wp-content\/uploads\/2023\/08\/Hannah_1080x1080-1000x1000.jpg 1000w, https:\/\/alan.lu\/wp-content\/uploads\/2023\/08\/Hannah_1080x1080-600x600.jpg 600w, https:\/\/alan.lu\/wp-content\/uploads\/2023\/08\/Hannah_1080x1080-100x100.jpg 100w\" sizes=\"auto, (max-width: 1080px) 100vw, 1080px\" \/>                                    <a class=\"edgtf-team-image-link icomoon-icon-link\" itemprop=\"url\" href=\"https:\/\/youtube.com\/shorts\/0UqIQgXLmkk?feature=share\" target=\"_self\"><\/a>\n                \t\t\t<\/div>\n\t\t\n\t\t\t\t\t<div class=\"edgtf-team-info\">\n\t\t\t\t\t\t\t\t\t<div class=\"edgtf-team-title-holder normal_social\">\n\t\t\t\t\t\t\t\t\t\t\t\t\t\t\t\t\t\t\t<h4 class=\"edgtf-team-name\" >\n\t\t\t\t\t\t\t\t<a class=\"team-link-name\"  href=\"https:\/\/youtube.com\/shorts\/0UqIQgXLmkk?feature=share\">Hannah<\/a>\n\t\t\t\t\t\t\t<\/h4>\n\t\t\t\t\t\t\t\t\t\t\t\t\t\t\t\t\t<\/div>\n\t\t\t\t\n\t\t\t\t\t\t\t\t\t<div class='edgtf-team-text'>\n\t\t\t\t\t\t<div class='edgtf-team-text-inner'>\n\t\t\t\t\t\t\t<div class='edgtf-team-description'>\n\t\t\t\t\t\t\t\t<p >-cliquez sur la photo pour voir la vid\u00e9o- ``En tant que jeune patiente avec des douleurs chroniques, j&#039;esp\u00e8re qu&#039;\u00e0 l&#039;avenir j&#039;aurai l&#039;opportunit\u00e9 de recevoir r\u00e9guli\u00e8rement une th\u00e9rapie de douleur ad\u00e9quate au Luxembourg. Une th\u00e9rapie de douleur qui peut faciliter mon quotidien. Une th\u00e9rapie de douleur qui me donne de l&#039;espoir pour mon avenir. Les patients souffrant de douleur chronique ont besoin d\u2019un encadrement durable par une \u00e9quipe sp\u00e9cialis\u00e9e. Malheureusement, les possibilit\u00e9s d&#039;un traitement de douleur durable et ad\u00e9quat au Luxembourg sont encore tr\u00e8s limit\u00e9es Et ce, bien que la demande des patients d\u00e9passe de loin l&#039;offre. Au nom de tous les patients concern\u00e9s au Luxembourg, j&#039;esp\u00e8re que nous pourrons b\u00e2tir un meilleur avenir en ce qui concerne le traitement de nos douleurs chroniques quotidiennes.``<\/p>\n\t\t\t\t\t\t\t<\/div>\n\t\t\t\t\t\t<\/div>\n\t\t\t\t\t<\/div>\n\t\t\t\t\n\t\t<div class=\"edgtf-team-social-holder-between\">\n\t\t\t<div class=\"edgtf-team-social normal_social\">\n\t\t\t\t<div class=\"edgtf-team-social-inner\">\n\t\t\t\t\t<div class=\"edgtf-team-social-wrapp\">\n\n\t\t\t\t\t\t\n\t\t\t\t\t<\/div>\n\t\t\t\t<\/div>\n\t\t\t<\/div>\n\t\t<\/div>\n\n\t\t<\/div>\n\t<\/div>\n<\/div>[vc_empty_space][\/vc_column][vc_column width=&#8221;1\/3&#8243;]\n<div class=\"edgtf-team main-info-below-image\">\n\t<div class=\"edgtf-team-inner\">\n\t\t\t\t\t<div class=\"edgtf-team-image\">\n                <img loading=\"lazy\" decoding=\"async\" width=\"1080\" height=\"1080\" src=\"https:\/\/alan.lu\/wp-content\/uploads\/2023\/08\/Benny_1080x1080.jpg\" class=\"attachment-full size-full\" alt=\"\" srcset=\"https:\/\/alan.lu\/wp-content\/uploads\/2023\/08\/Benny_1080x1080.jpg 1080w, https:\/\/alan.lu\/wp-content\/uploads\/2023\/08\/Benny_1080x1080-300x300.jpg 300w, https:\/\/alan.lu\/wp-content\/uploads\/2023\/08\/Benny_1080x1080-1024x1024.jpg 1024w, https:\/\/alan.lu\/wp-content\/uploads\/2023\/08\/Benny_1080x1080-150x150.jpg 150w, https:\/\/alan.lu\/wp-content\/uploads\/2023\/08\/Benny_1080x1080-768x768.jpg 768w, https:\/\/alan.lu\/wp-content\/uploads\/2023\/08\/Benny_1080x1080-550x550.jpg 550w, https:\/\/alan.lu\/wp-content\/uploads\/2023\/08\/Benny_1080x1080-1000x1000.jpg 1000w, https:\/\/alan.lu\/wp-content\/uploads\/2023\/08\/Benny_1080x1080-600x600.jpg 600w, https:\/\/alan.lu\/wp-content\/uploads\/2023\/08\/Benny_1080x1080-100x100.jpg 100w\" sizes=\"auto, (max-width: 1080px) 100vw, 1080px\" \/>                                    <a class=\"edgtf-team-image-link icomoon-icon-link\" itemprop=\"url\" href=\"https:\/\/youtube.com\/shorts\/SBMA__b0HAw?feature=share\" target=\"_self\"><\/a>\n                \t\t\t<\/div>\n\t\t\n\t\t\t\t\t<div class=\"edgtf-team-info\">\n\t\t\t\t\t\t\t\t\t<div class=\"edgtf-team-title-holder normal_social\">\n\t\t\t\t\t\t\t\t\t\t\t\t\t\t\t\t\t\t\t<h4 class=\"edgtf-team-name\" >\n\t\t\t\t\t\t\t\t<a class=\"team-link-name\"  href=\"https:\/\/youtube.com\/shorts\/SBMA__b0HAw?feature=share\">Benny<\/a>\n\t\t\t\t\t\t\t<\/h4>\n\t\t\t\t\t\t\t\t\t\t\t\t\t\t\t\t\t<\/div>\n\t\t\t\t\n\t\t\t\t\t\t\t\t\t<div class='edgtf-team-text'>\n\t\t\t\t\t\t<div class='edgtf-team-text-inner'>\n\t\t\t\t\t\t\t<div class='edgtf-team-description'>\n\t\t\t\t\t\t\t\t<p >-cliquez sur la photo pour voir la vid\u00e9o-``J&#039;esp\u00e8re qu\u2019il y aura des innovations technologiques, des d\u00e9couvertes r\u00e9volutionnaires, une simplification des processus, moins de paperasse et une r\u00e9duction de la charge pour les patients concern\u00e9s par une maladie rare.\u201d<\/p>\n\t\t\t\t\t\t\t<\/div>\n\t\t\t\t\t\t<\/div>\n\t\t\t\t\t<\/div>\n\t\t\t\t\n\t\t<div class=\"edgtf-team-social-holder-between\">\n\t\t\t<div class=\"edgtf-team-social normal_social\">\n\t\t\t\t<div class=\"edgtf-team-social-inner\">\n\t\t\t\t\t<div class=\"edgtf-team-social-wrapp\">\n\n\t\t\t\t\t\t\n\t\t\t\t\t<\/div>\n\t\t\t\t<\/div>\n\t\t\t<\/div>\n\t\t<\/div>\n\n\t\t<\/div>\n\t<\/div>\n<\/div>[vc_empty_space][\/vc_column][\/vc_row][vc_row][vc_column width=&#8221;1\/3&#8243;]\n<div class=\"edgtf-team main-info-below-image\">\n\t<div class=\"edgtf-team-inner\">\n\t\t\t\t\t<div class=\"edgtf-team-image\">\n                <img loading=\"lazy\" decoding=\"async\" width=\"1080\" height=\"1080\" src=\"https:\/\/alan.lu\/wp-content\/uploads\/2023\/08\/Noemie_1080x1080.jpg\" class=\"attachment-full size-full\" alt=\"\" srcset=\"https:\/\/alan.lu\/wp-content\/uploads\/2023\/08\/Noemie_1080x1080.jpg 1080w, https:\/\/alan.lu\/wp-content\/uploads\/2023\/08\/Noemie_1080x1080-300x300.jpg 300w, https:\/\/alan.lu\/wp-content\/uploads\/2023\/08\/Noemie_1080x1080-1024x1024.jpg 1024w, https:\/\/alan.lu\/wp-content\/uploads\/2023\/08\/Noemie_1080x1080-150x150.jpg 150w, https:\/\/alan.lu\/wp-content\/uploads\/2023\/08\/Noemie_1080x1080-768x768.jpg 768w, https:\/\/alan.lu\/wp-content\/uploads\/2023\/08\/Noemie_1080x1080-550x550.jpg 550w, https:\/\/alan.lu\/wp-content\/uploads\/2023\/08\/Noemie_1080x1080-1000x1000.jpg 1000w, https:\/\/alan.lu\/wp-content\/uploads\/2023\/08\/Noemie_1080x1080-600x600.jpg 600w, https:\/\/alan.lu\/wp-content\/uploads\/2023\/08\/Noemie_1080x1080-100x100.jpg 100w\" sizes=\"auto, (max-width: 1080px) 100vw, 1080px\" \/>                                    <a class=\"edgtf-team-image-link icomoon-icon-link\" itemprop=\"url\" href=\"https:\/\/youtube.com\/shorts\/BO44n0V8U6I?feature=share\" target=\"_self\"><\/a>\n                \t\t\t<\/div>\n\t\t\n\t\t\t\t\t<div class=\"edgtf-team-info\">\n\t\t\t\t\t\t\t\t\t<div class=\"edgtf-team-title-holder normal_social\">\n\t\t\t\t\t\t\t\t\t\t\t\t\t\t\t\t\t\t\t<h4 class=\"edgtf-team-name\" >\n\t\t\t\t\t\t\t\t<a class=\"team-link-name\"  href=\"https:\/\/youtube.com\/shorts\/BO44n0V8U6I?feature=share\">No\u00e9mie<\/a>\n\t\t\t\t\t\t\t<\/h4>\n\t\t\t\t\t\t\t\t\t\t\t\t\t\t\t\t\t<\/div>\n\t\t\t\t\n\t\t\t\t\t\t\t\t\t<div class='edgtf-team-text'>\n\t\t\t\t\t\t<div class='edgtf-team-text-inner'>\n\t\t\t\t\t\t\t<div class='edgtf-team-description'>\n\t\t\t\t\t\t\t\t<p >-cliquez sur la photo pour voir la vid\u00e9o-``La SLA (scl\u00e9rose lat\u00e9rale amyotrophique) est une maladie neurod\u00e9g\u00e9n\u00e9rative incurable dans laquelle chaque muscle du corps responsable du mouvement est progressivement paralys\u00e9. \u00c0 la fin, on est pi\u00e9g\u00e9 dans son propre corps, et on doit \u00eatre nourri et ventil\u00e9 artificiellement pour continuer \u00e0 vivre. Malheureusement, il n&#039;existe toujours pas de m\u00e9dicament efficace qui puisse gu\u00e9rir ou arr\u00eater cette maladie neuro-musculaire. Mon plus grand souhait est que la recherche dans ce domaine fasse des progr\u00e8s massifs, et qu&#039;un m\u00e9dicament efficace contre cette maladie soit trouv\u00e9. Cela sauverait de nombreuses vies.\u201d<\/p>\n\t\t\t\t\t\t\t<\/div>\n\t\t\t\t\t\t<\/div>\n\t\t\t\t\t<\/div>\n\t\t\t\t\n\t\t<div class=\"edgtf-team-social-holder-between\">\n\t\t\t<div class=\"edgtf-team-social normal_social\">\n\t\t\t\t<div class=\"edgtf-team-social-inner\">\n\t\t\t\t\t<div class=\"edgtf-team-social-wrapp\">\n\n\t\t\t\t\t\t\n\t\t\t\t\t<\/div>\n\t\t\t\t<\/div>\n\t\t\t<\/div>\n\t\t<\/div>\n\n\t\t<\/div>\n\t<\/div>\n<\/div>[vc_empty_space][\/vc_column][vc_column width=&#8221;1\/3&#8243;]\n<div class=\"edgtf-team main-info-below-image\">\n\t<div class=\"edgtf-team-inner\">\n\t\t\t\t\t<div class=\"edgtf-team-image\">\n                <img loading=\"lazy\" decoding=\"async\" width=\"1080\" height=\"1080\" src=\"https:\/\/alan.lu\/wp-content\/uploads\/2023\/08\/Maria_1080x1080.jpg\" class=\"attachment-full size-full\" alt=\"\" srcset=\"https:\/\/alan.lu\/wp-content\/uploads\/2023\/08\/Maria_1080x1080.jpg 1080w, https:\/\/alan.lu\/wp-content\/uploads\/2023\/08\/Maria_1080x1080-300x300.jpg 300w, https:\/\/alan.lu\/wp-content\/uploads\/2023\/08\/Maria_1080x1080-1024x1024.jpg 1024w, https:\/\/alan.lu\/wp-content\/uploads\/2023\/08\/Maria_1080x1080-150x150.jpg 150w, https:\/\/alan.lu\/wp-content\/uploads\/2023\/08\/Maria_1080x1080-768x768.jpg 768w, https:\/\/alan.lu\/wp-content\/uploads\/2023\/08\/Maria_1080x1080-550x550.jpg 550w, https:\/\/alan.lu\/wp-content\/uploads\/2023\/08\/Maria_1080x1080-1000x1000.jpg 1000w, https:\/\/alan.lu\/wp-content\/uploads\/2023\/08\/Maria_1080x1080-600x600.jpg 600w, https:\/\/alan.lu\/wp-content\/uploads\/2023\/08\/Maria_1080x1080-100x100.jpg 100w\" sizes=\"auto, (max-width: 1080px) 100vw, 1080px\" \/>                                    <a class=\"edgtf-team-image-link icomoon-icon-link\" itemprop=\"url\" href=\"https:\/\/youtube.com\/shorts\/wpSXwZet7tE?feature=share\" target=\"_self\"><\/a>\n                \t\t\t<\/div>\n\t\t\n\t\t\t\t\t<div class=\"edgtf-team-info\">\n\t\t\t\t\t\t\t\t\t<div class=\"edgtf-team-title-holder normal_social\">\n\t\t\t\t\t\t\t\t\t\t\t\t\t\t\t\t\t\t\t<h4 class=\"edgtf-team-name\" >\n\t\t\t\t\t\t\t\t<a class=\"team-link-name\"  href=\"https:\/\/youtube.com\/shorts\/wpSXwZet7tE?feature=share\">Maria<\/a>\n\t\t\t\t\t\t\t<\/h4>\n\t\t\t\t\t\t\t\t\t\t\t\t\t\t\t\t\t<\/div>\n\t\t\t\t\n\t\t\t\t\t\t\t\t\t<div class='edgtf-team-text'>\n\t\t\t\t\t\t<div class='edgtf-team-text-inner'>\n\t\t\t\t\t\t\t<div class='edgtf-team-description'>\n\t\t\t\t\t\t\t\t<p >-cliquez sur la photo pour voir la vid\u00e9o- \u201cJ\u2019esp\u00e8re que la recherche puisse avancer et les diagnostics pourront \u00eatre pos\u00e9s plus rapidement ici au Luxembourg. J\u2019ai d\u00fb aller \u00e0 Paris \u00e0 la Salp\u00eatri\u00e8re clinique g\u00e9n\u00e9tique parce qu&#039;au Luxembourg ma maladie n&#039;\u00e9tait pas bien connue. Le diagnostic a \u00e9t\u00e9 fait trop tard pour que je commence \u00e0 faire de la kin\u00e9sith\u00e9rapie pour m&#039;aider un peu avec ma spasticit\u00e9.``<\/p>\n\t\t\t\t\t\t\t<\/div>\n\t\t\t\t\t\t<\/div>\n\t\t\t\t\t<\/div>\n\t\t\t\t\n\t\t<div class=\"edgtf-team-social-holder-between\">\n\t\t\t<div class=\"edgtf-team-social normal_social\">\n\t\t\t\t<div class=\"edgtf-team-social-inner\">\n\t\t\t\t\t<div class=\"edgtf-team-social-wrapp\">\n\n\t\t\t\t\t\t\n\t\t\t\t\t<\/div>\n\t\t\t\t<\/div>\n\t\t\t<\/div>\n\t\t<\/div>\n\n\t\t<\/div>\n\t<\/div>\n<\/div>[vc_empty_space][\/vc_column][\/vc_row][vc_row content_width=&#8221;grid&#8221;][vc_column][vc_empty_space height=&#8221;64px&#8221;][vc_column_text]<\/p>\n<h2 style=\"text-align: center;\">Soutenez notre campagne<\/h2>\n<p>[\/vc_column_text][vc_empty_space height=&#8221;14px&#8221;]<div class=\"edgtf-separator-holder clearfix  edgtf-separator-center\">\n\t<div class=\"edgtf-separator\" style=\"border-color: #00bcdf;width: 50px;border-bottom-width: 3px;margin-top: 25px;margin-bottom: 25px\"><\/div>\n<\/div>\n[vc_empty_space height=&#8221;14px&#8221;][vc_column_text]Vous pouvez soutenir la campagne et \u00ab\u00a0la communaut\u00e9 rare\u00a0\u00bb en partageant cette campagne et en rejoignant la discussion sur les r\u00e9seaux sociaux\u00a0: Facebook, Instagram &amp; TikTok. Cliquez simplement les boutons ci-dessous\u00a0![\/vc_column_text][\/vc_column][\/vc_row][vc_row content_width=&#8221;grid&#8221; css=&#8221;.vc_custom_1603354399161{padding-top: 36px !important;padding-bottom: 41px !important;}&#8221; el_id=&#8221;wrapper-contact-next-btn&#8221;][vc_column width=&#8221;1\/3&#8243;]\t<div class=\"edgtf-call-to-action normal\" style=\"background-color: #00b4dd;\">\n\n\t\t\t\t\t<div class=\"edgtf-call-to-action-row-75-25 clearfix\" style=\"padding: 55px 15px;\">\n\t\t\t\t\t\t<div class=\"edgtf-text-wrapper edgtf-call-to-action-column1 edgtf-call-to-action-cell left\">\n\t\t\t\t\t<div class=\"edgtf-call-to-action-text\" style=\"text-align: left\"><span style=\"color: #ffffff;\">Soutenez la campagne<\/span>\t\t\t\t\t\t\t\t\t\t\t<\/div>\n\t\t\t\t<\/div>\n\n\t\t\t\t\t\t\t\t\t<div class=\"edgtf-button-wrapper edgtf-call-to-action-column2 edgtf-call-to-action-cell\" style =\"text-align: right ;\">\n\t\t\t\t\t\t<a itemprop=\"url\" href=\"https:\/\/www.instagram.com\/alanmaladiesraresluxembourg\/\" target=\"_self\" style=\"color: #00b4dd;background-color: #ffffff;border-color: #ffffff\" class=\"edgtf-btn edgtf-btn-large edgtf-btn-solid edgtf-btn-custom-hover-bg edgtf-btn-custom-border-hover edgtf-btn-custom-hover-color\" data-hover-bg-color=\"#00b4dd\" data-hover-color=\"#ffffff\" data-hover-border-color=\"#ffffff\" >\t<span class=\"edgtf-btn-text\">Instagram<\/span>    <\/a>\t\t\t\t\t<\/div>\n\t\t\t\t\t\t\t<\/div>\n\t\t\t<\/div>\n[\/vc_column][vc_column width=&#8221;1\/3&#8243;]\t<div class=\"edgtf-call-to-action normal\" style=\"background-color: #00b4dd;\">\n\n\t\t\t\t\t<div class=\"edgtf-call-to-action-row-75-25 clearfix\" style=\"padding: 55px 15px;\">\n\t\t\t\t\t\t<div class=\"edgtf-text-wrapper edgtf-call-to-action-column1 edgtf-call-to-action-cell left\">\n\t\t\t\t\t<div class=\"edgtf-call-to-action-text\" style=\"text-align: left\"><span style=\"color: #ffffff;\">Soutenez la campagne<\/span>\t\t\t\t\t\t\t\t\t\t\t<\/div>\n\t\t\t\t<\/div>\n\n\t\t\t\t\t\t\t\t\t<div class=\"edgtf-button-wrapper edgtf-call-to-action-column2 edgtf-call-to-action-cell\" style =\"text-align: right ;\">\n\t\t\t\t\t\t<a itemprop=\"url\" href=\"https:\/\/www.tiktok.com\/@alan_maladies_rares_lux\" target=\"_self\" style=\"color: #00b4dd;background-color: #ffffff;border-color: #ffffff\" class=\"edgtf-btn edgtf-btn-large edgtf-btn-solid edgtf-btn-custom-hover-bg edgtf-btn-custom-border-hover edgtf-btn-custom-hover-color\" data-hover-bg-color=\"#00b4dd\" data-hover-color=\"#ffffff\" data-hover-border-color=\"#ffffff\" >\t<span class=\"edgtf-btn-text\">TikTok<\/span>    <\/a>\t\t\t\t\t<\/div>\n\t\t\t\t\t\t\t<\/div>\n\t\t\t<\/div>\n[\/vc_column][vc_column width=&#8221;1\/3&#8243;]\t<div class=\"edgtf-call-to-action normal\" style=\"background-color: #00b4dd;\">\n\n\t\t\t\t\t<div class=\"edgtf-call-to-action-row-75-25 clearfix\" style=\"padding: 55px 15px;\">\n\t\t\t\t\t\t<div class=\"edgtf-text-wrapper edgtf-call-to-action-column1 edgtf-call-to-action-cell left\">\n\t\t\t\t\t<div class=\"edgtf-call-to-action-text\" style=\"text-align: left\"><span style=\"color: #ffffff;\">Soutenez la campagne<\/span>\t\t\t\t\t\t\t\t\t\t\t<\/div>\n\t\t\t\t<\/div>\n\n\t\t\t\t\t\t\t\t\t<div class=\"edgtf-button-wrapper edgtf-call-to-action-column2 edgtf-call-to-action-cell\" style =\"text-align: right ;\">\n\t\t\t\t\t\t<a itemprop=\"url\" href=\"https:\/\/www.facebook.com\/alanmaladiesraresluxembourg\" target=\"_self\" style=\"color: #00b4dd;background-color: #ffffff;border-color: #ffffff\" class=\"edgtf-btn edgtf-btn-large edgtf-btn-solid edgtf-btn-custom-hover-bg edgtf-btn-custom-border-hover edgtf-btn-custom-hover-color\" data-hover-bg-color=\"#00b4dd\" data-hover-color=\"#ffffff\" data-hover-border-color=\"#ffffff\" >\t<span class=\"edgtf-btn-text\">Facebook<\/span>    <\/a>\t\t\t\t\t<\/div>\n\t\t\t\t\t\t\t<\/div>\n\t\t\t<\/div>\n[\/vc_column][\/vc_row][vc_row][vc_column][vc_empty_space height=&#8221;64px&#8221;][\/vc_column][\/vc_row][vc_row content_width=&#8221;grid&#8221;][vc_column][vc_column_text]<\/p>\n<h2 style=\"text-align: center;\">Le partenaire de la campagne<\/h2>\n<p>[\/vc_column_text][vc_empty_space height=&#8221;14px&#8221;]<div class=\"edgtf-separator-holder clearfix  edgtf-separator-center\">\n\t<div class=\"edgtf-separator\" style=\"border-color: #00bcdf;width: 50px;border-bottom-width: 3px;margin-top: 25px;margin-bottom: 25px\"><\/div>\n<\/div>\n[vc_empty_space height=&#8221;14px&#8221;][vc_column_text]<img loading=\"lazy\" decoding=\"async\" class=\"alignleft wp-image-25545 size-full\" src=\"https:\/\/alan.lu\/wp-content\/uploads\/2022\/09\/logo-eds.jpg\" alt=\"\" width=\"200\" height=\"200\" srcset=\"https:\/\/alan.lu\/wp-content\/uploads\/2022\/09\/logo-eds.jpg 200w, https:\/\/alan.lu\/wp-content\/uploads\/2022\/09\/logo-eds-150x150.jpg 150w, https:\/\/alan.lu\/wp-content\/uploads\/2022\/09\/logo-eds-100x100.jpg 100w, https:\/\/alan.lu\/wp-content\/uploads\/2022\/09\/logo-eds-60x60.jpg 60w, https:\/\/alan.lu\/wp-content\/uploads\/2022\/09\/logo-eds-90x90.jpg 90w\" sizes=\"auto, (max-width: 200px) 100vw, 200px\" \/><\/p>\n<p><a href=\"https:\/\/edsletzebuerg.lu\/2\/\"><strong>EDS L\u00ebtzebuerg<\/strong><\/a><\/p>\n<p>EDS L\u00ebtzebuerg a.s.b.l. est une association sans but lucratif fond\u00e9e en 2021. L\u2019Association a pour objet d\u2019informer et sensibiliser le grand public sur le syndrome d\u2019Ehlers-Danlos, de contribuer \u00e0 la diffusion des informations concernant le d\u00e9pistage et les m\u00e9thodes de traitements du syndrome, d\u2019informer, conseiller et soutenir les personnes atteintes du syndrome d\u2019Ehlers-Danlos et de les aider tout comme leur famille et leurs proches.[\/vc_column_text][vc_empty_space height=&#8221;14px&#8221;][\/vc_column][\/vc_row]<\/p>\n<\/div>","protected":false},"excerpt":{"rendered":"<p>[vc_row content_width=&#8221;grid&#8221;][vc_column][vc_column_text] La campagne \u00ab 30 000 espoirs \u2013 1 plan \u00bb [\/vc_column_text][vc_empty_space height=&#8221;14px&#8221;][vc_empty_space height=&#8221;14px&#8221;][\/vc_column][\/vc_row][vc_row][vc_column][vc_column_text]En septembre 2023, ALAN \u2013 Maladies Rares Luxembourg, l\u2019a.s.b.l. et alliance nationale repr\u00e9sentant les personnes concern\u00e9es&#8230;<\/p>\n","protected":false},"author":2,"featured_media":0,"parent":0,"menu_order":0,"comment_status":"closed","ping_status":"closed","template":"","meta":{"give_campaign_id":0,"inline_featured_image":false,"footnotes":""},"class_list":["post-28563","page","type-page","status-publish","hentry"],"yoast_head":"<!-- This site is optimized with the Yoast SEO plugin v27.4 - https:\/\/yoast.com\/product\/yoast-seo-wordpress\/ -->\n<title>La campagne \u00ab 30 000 espoirs \u2013 1 plan \u00bb, - ALAN<\/title>\n<meta name=\"description\" content=\"This year for Rare Disease Day ALAN and its partners focus their campaign on two actions: the \u201cGlobal Chain of Lights\u201d and the photo exhibition \u201cRaReflections. These actions are accompanied by an intensive and interactive social media campaign.\" \/>\n<meta name=\"robots\" content=\"noindex, follow\" \/>\n<meta property=\"og:locale\" content=\"fr_FR\" \/>\n<meta property=\"og:type\" content=\"article\" \/>\n<meta property=\"og:title\" content=\"La campagne \u00ab 30 000 espoirs \u2013 1 plan \u00bb, - ALAN\" \/>\n<meta property=\"og:description\" content=\"This year for Rare Disease Day ALAN and its partners focus their campaign on two actions: the \u201cGlobal Chain of Lights\u201d and the photo exhibition \u201cRaReflections. These actions are accompanied by an intensive and interactive social media campaign.\" \/>\n<meta property=\"og:url\" content=\"https:\/\/alan.lu\/fr\/1plan\/\" \/>\n<meta property=\"og:site_name\" content=\"ALAN\" \/>\n<meta property=\"article:modified_time\" content=\"2023-09-28T06:48:23+00:00\" \/>\n<meta property=\"og:image\" content=\"https:\/\/alan.lu\/wp-content\/uploads\/2022\/09\/logo-eds.jpg\" \/>\n<meta name=\"twitter:card\" content=\"summary_large_image\" \/>\n<meta name=\"twitter:label1\" content=\"Dur\u00e9e de lecture estim\u00e9e\" \/>\n\t<meta name=\"twitter:data1\" content=\"8 minutes\" \/>\n<script type=\"application\/ld+json\" class=\"yoast-schema-graph\">{\"@context\":\"https:\\\/\\\/schema.org\",\"@graph\":[{\"@type\":\"WebPage\",\"@id\":\"https:\\\/\\\/alan.lu\\\/fr\\\/1plan\\\/\",\"url\":\"https:\\\/\\\/alan.lu\\\/fr\\\/1plan\\\/\",\"name\":\"La campagne \u00ab 30 000 espoirs \u2013 1 plan \u00bb, - ALAN\",\"isPartOf\":{\"@id\":\"https:\\\/\\\/alan.lu\\\/fr\\\/#website\"},\"primaryImageOfPage\":{\"@id\":\"https:\\\/\\\/alan.lu\\\/fr\\\/1plan\\\/#primaryimage\"},\"image\":{\"@id\":\"https:\\\/\\\/alan.lu\\\/fr\\\/1plan\\\/#primaryimage\"},\"thumbnailUrl\":\"https:\\\/\\\/alan.lu\\\/wp-content\\\/uploads\\\/2022\\\/09\\\/logo-eds.jpg\",\"datePublished\":\"2023-08-16T13:01:37+00:00\",\"dateModified\":\"2023-09-28T06:48:23+00:00\",\"description\":\"This year for Rare Disease Day ALAN and its partners focus their campaign on two actions: the \u201cGlobal Chain of Lights\u201d and the photo exhibition \u201cRaReflections. These actions are accompanied by an intensive and interactive social media campaign.\",\"breadcrumb\":{\"@id\":\"https:\\\/\\\/alan.lu\\\/fr\\\/1plan\\\/#breadcrumb\"},\"inLanguage\":\"fr-FR\",\"potentialAction\":[{\"@type\":\"ReadAction\",\"target\":[\"https:\\\/\\\/alan.lu\\\/fr\\\/1plan\\\/\"]}]},{\"@type\":\"ImageObject\",\"inLanguage\":\"fr-FR\",\"@id\":\"https:\\\/\\\/alan.lu\\\/fr\\\/1plan\\\/#primaryimage\",\"url\":\"https:\\\/\\\/alan.lu\\\/wp-content\\\/uploads\\\/2022\\\/09\\\/logo-eds.jpg\",\"contentUrl\":\"https:\\\/\\\/alan.lu\\\/wp-content\\\/uploads\\\/2022\\\/09\\\/logo-eds.jpg\"},{\"@type\":\"BreadcrumbList\",\"@id\":\"https:\\\/\\\/alan.lu\\\/fr\\\/1plan\\\/#breadcrumb\",\"itemListElement\":[{\"@type\":\"ListItem\",\"position\":1,\"name\":\"Accueil\",\"item\":\"https:\\\/\\\/alan.lu\\\/fr\\\/\"},{\"@type\":\"ListItem\",\"position\":2,\"name\":\"La campagne \u00ab 30 000 espoirs \u2013 1 plan \u00bb\"}]},{\"@type\":\"WebSite\",\"@id\":\"https:\\\/\\\/alan.lu\\\/fr\\\/#website\",\"url\":\"https:\\\/\\\/alan.lu\\\/fr\\\/\",\"name\":\"ALAN\",\"description\":\"Rare Diseases Luxembourg\",\"potentialAction\":[{\"@type\":\"SearchAction\",\"target\":{\"@type\":\"EntryPoint\",\"urlTemplate\":\"https:\\\/\\\/alan.lu\\\/fr\\\/?s={search_term_string}\"},\"query-input\":{\"@type\":\"PropertyValueSpecification\",\"valueRequired\":true,\"valueName\":\"search_term_string\"}}],\"inLanguage\":\"fr-FR\"}]}<\/script>\n<!-- \/ Yoast SEO plugin. -->","yoast_head_json":{"title":"La campagne \u00ab 30 000 espoirs \u2013 1 plan \u00bb, - ALAN","description":"This year for Rare Disease Day ALAN and its partners focus their campaign on two actions: the \u201cGlobal Chain of Lights\u201d and the photo exhibition \u201cRaReflections. These actions are accompanied by an intensive and interactive social media campaign.","robots":{"index":"noindex","follow":"follow"},"og_locale":"fr_FR","og_type":"article","og_title":"La campagne \u00ab 30 000 espoirs \u2013 1 plan \u00bb, - ALAN","og_description":"This year for Rare Disease Day ALAN and its partners focus their campaign on two actions: the \u201cGlobal Chain of Lights\u201d and the photo exhibition \u201cRaReflections. These actions are accompanied by an intensive and interactive social media campaign.","og_url":"https:\/\/alan.lu\/fr\/1plan\/","og_site_name":"ALAN","article_modified_time":"2023-09-28T06:48:23+00:00","og_image":[{"url":"https:\/\/alan.lu\/wp-content\/uploads\/2022\/09\/logo-eds.jpg","type":"","width":"","height":""}],"twitter_card":"summary_large_image","twitter_misc":{"Dur\u00e9e de lecture estim\u00e9e":"8 minutes"},"schema":{"@context":"https:\/\/schema.org","@graph":[{"@type":"WebPage","@id":"https:\/\/alan.lu\/fr\/1plan\/","url":"https:\/\/alan.lu\/fr\/1plan\/","name":"La campagne \u00ab 30 000 espoirs \u2013 1 plan \u00bb, - ALAN","isPartOf":{"@id":"https:\/\/alan.lu\/fr\/#website"},"primaryImageOfPage":{"@id":"https:\/\/alan.lu\/fr\/1plan\/#primaryimage"},"image":{"@id":"https:\/\/alan.lu\/fr\/1plan\/#primaryimage"},"thumbnailUrl":"https:\/\/alan.lu\/wp-content\/uploads\/2022\/09\/logo-eds.jpg","datePublished":"2023-08-16T13:01:37+00:00","dateModified":"2023-09-28T06:48:23+00:00","description":"This year for Rare Disease Day ALAN and its partners focus their campaign on two actions: the \u201cGlobal Chain of Lights\u201d and the photo exhibition \u201cRaReflections. These actions are accompanied by an intensive and interactive social media campaign.","breadcrumb":{"@id":"https:\/\/alan.lu\/fr\/1plan\/#breadcrumb"},"inLanguage":"fr-FR","potentialAction":[{"@type":"ReadAction","target":["https:\/\/alan.lu\/fr\/1plan\/"]}]},{"@type":"ImageObject","inLanguage":"fr-FR","@id":"https:\/\/alan.lu\/fr\/1plan\/#primaryimage","url":"https:\/\/alan.lu\/wp-content\/uploads\/2022\/09\/logo-eds.jpg","contentUrl":"https:\/\/alan.lu\/wp-content\/uploads\/2022\/09\/logo-eds.jpg"},{"@type":"BreadcrumbList","@id":"https:\/\/alan.lu\/fr\/1plan\/#breadcrumb","itemListElement":[{"@type":"ListItem","position":1,"name":"Accueil","item":"https:\/\/alan.lu\/fr\/"},{"@type":"ListItem","position":2,"name":"La campagne \u00ab 30 000 espoirs \u2013 1 plan \u00bb"}]},{"@type":"WebSite","@id":"https:\/\/alan.lu\/fr\/#website","url":"https:\/\/alan.lu\/fr\/","name":"ALAN","description":"Rare Diseases Luxembourg","potentialAction":[{"@type":"SearchAction","target":{"@type":"EntryPoint","urlTemplate":"https:\/\/alan.lu\/fr\/?s={search_term_string}"},"query-input":{"@type":"PropertyValueSpecification","valueRequired":true,"valueName":"search_term_string"}}],"inLanguage":"fr-FR"}]}},"campaignId":"","_links":{"self":[{"href":"https:\/\/alan.lu\/fr\/wp-json\/wp\/v2\/pages\/28563","targetHints":{"allow":["GET"]}}],"collection":[{"href":"https:\/\/alan.lu\/fr\/wp-json\/wp\/v2\/pages"}],"about":[{"href":"https:\/\/alan.lu\/fr\/wp-json\/wp\/v2\/types\/page"}],"author":[{"embeddable":true,"href":"https:\/\/alan.lu\/fr\/wp-json\/wp\/v2\/users\/2"}],"replies":[{"embeddable":true,"href":"https:\/\/alan.lu\/fr\/wp-json\/wp\/v2\/comments?post=28563"}],"version-history":[{"count":16,"href":"https:\/\/alan.lu\/fr\/wp-json\/wp\/v2\/pages\/28563\/revisions"}],"predecessor-version":[{"id":28721,"href":"https:\/\/alan.lu\/fr\/wp-json\/wp\/v2\/pages\/28563\/revisions\/28721"}],"wp:attachment":[{"href":"https:\/\/alan.lu\/fr\/wp-json\/wp\/v2\/media?parent=28563"}],"curies":[{"name":"wp","href":"https:\/\/api.w.org\/{rel}","templated":true}]}}