{"id":29633,"date":"2024-09-16T09:55:41","date_gmt":"2024-09-16T07:55:41","guid":{"rendered":"https:\/\/alan.lu\/?page_id=29633"},"modified":"2024-10-14T10:33:05","modified_gmt":"2024-10-14T08:33:05","slug":"rare-rewind","status":"publish","type":"page","link":"https:\/\/alan.lu\/fr\/rare-rewind\/","title":{"rendered":"Rare Rewind"},"content":{"rendered":"<div class=\"wpb-content-wrapper\"><p>[vc_row content_width=&#8221;grid&#8221;][vc_column][vc_column_text css=&#8221;&#8221;]<\/p>\n<h2 style=\"text-align: center;\">La campagne de sensibilisation \u00ab Rare Rewind \u00bb<\/h2>\n<p>[\/vc_column_text][vc_empty_space height=&#8221;14px&#8221;]\n<p class=\"edgtf-section-subtitle\" style=\"text-align:center;color:#58595b\">\n\tQu\u2019est-ce que tu dirais \u00e0 ton \u00ab ancien-moi \u00bb ?<\/p><div class=\"edgtf-separator-holder clearfix  edgtf-separator-center\">\n\t<div class=\"edgtf-separator\" style=\"border-color: #00bcdf;width: 50px;border-bottom-width: 3px;margin-top: 25px;margin-bottom: 25px\"><\/div>\n<\/div>\n[vc_empty_space height=&#8221;14px&#8221;][\/vc_column][\/vc_row][vc_row][vc_column][vc_column_text css=&#8221;&#8221;]D\u00e9but octobre 2024, ALAN \u2013 Maladies Rares Luxembourg, l\u2019a.s.b.l. et alliance nationale repr\u00e9sentant les personnes concern\u00e9es par une maladie rare au Luxembourg, a lanc\u00e9 une nouvelle campagne de sensibilisation interactive avec le soutien de ses partenaires, les a.s.b.l. <a href=\"https:\/\/alsr.lu\/\">Association Luxembourgeoise du Syndrome de Rett<\/a> (ALSR), <a href=\"https:\/\/edsletzebuerg.lu\/2\/\">EDS L\u00ebtzebuerg<\/a> ,\u00a0<a href=\"https:\/\/www.kriibskrankkanner.lu\/\">Een H\u00e4erz fir kriibskrank Kanner<\/a> , <a href=\"https:\/\/www.waertvollt-liewen.lu\/\">W\u00e4ertvollt Liewen<\/a>\u00a0et <a href=\"https:\/\/www.alaec.lu\/\">Association Luxembourgeoise d&#8217;Aide aux Enfants Cardiaques<\/a>.<\/p>\n<p>La campagne vise \u00e0 sensibiliser davantage le grand public aux maladies rares et leur impact sur la vie quotidienne des personnes concern\u00e9es, avec un accent sur la complexit\u00e9 du parcours des personnes et familles concern\u00e9s.<\/p>\n<p>La campagne emm\u00e8ne 7 personnes concern\u00e9es par une maladie rare dans un voyage dans le temps et leur demande de faire une r\u00e9flexion sur leur parcours avec la maladie &#8211; un parcours souvent marqu\u00e9 par l\u2019errance diagnostique, l\u2019incompr\u00e9hension et des bouleversements \u00e9motionnels. Dans une s\u00e9rie de vid\u00e9os courtes, les adolescents et adultes concern\u00e9s parlent \u00e0 leur \u00ab ancien-moi \u00bb\u00a0: si une machine \u00e0 remonter le temps pouvait les ramener au moment d\u2019apparition de leurs premiers sympt\u00f4mes, que se diraient-ils? Quels conseils donneraient-ils \u00e0 leur \u00ab ancien-moi \u00bb ?<\/p>\n<p>Soutenez la campagne en partageant les vid\u00e9os ou en participant activement sur les r\u00e9seaux sociaux\u00a0: <a href=\"https:\/\/www.facebook.com\/alanmaladiesraresluxembourg\">Facebook<\/a>,\u00a0<a href=\"https:\/\/www.instagram.com\/alanmaladiesraresluxembourg\/\">Instagram<\/a>\u00a0&amp;\u00a0<a href=\"https:\/\/www.tiktok.com\/@alan_maladies_rares_lux\">TikTok<\/a> !(d\u00e9tails en bas de page).<\/p>\n<p>Un tr\u00e8s grand MERCI \u00e0 nos partenaires, notamment l\u2019association ALSR, et \u00e0 nos ambassadreurs\/drices Vicky, Abby, Jean-Francis, Manon &amp; Nathasha, Lara, Cassandra et St\u00e9phanie pour leur courage, leur ouverture et leur franchise.[\/vc_column_text][vc_empty_space height=&#8221;64px&#8221;][\/vc_column][\/vc_row][vc_row content_width=&#8221;grid&#8221;][vc_column][vc_column_text]<\/p>\n<h2 style=\"text-align: center;\">Les Instagram Reels et TikToks<\/h2>\n<p>[\/vc_column_text][vc_empty_space height=&#8221;14px&#8221;]<div class=\"edgtf-separator-holder clearfix  edgtf-separator-center\">\n\t<div class=\"edgtf-separator\" style=\"border-color: #00bcdf;width: 50px;border-bottom-width: 3px;margin-top: 25px;margin-bottom: 25px\"><\/div>\n<\/div>\n[vc_empty_space height=&#8221;14px&#8221;][\/vc_column][\/vc_row][vc_row][vc_column width=&#8221;1\/3&#8243;]\n<div class=\"edgtf-team main-info-below-image\">\n\t<div class=\"edgtf-team-inner\">\n\t\t\t\t\t<div class=\"edgtf-team-image\">\n                <img loading=\"lazy\" decoding=\"async\" width=\"1080\" height=\"1080\" src=\"https:\/\/alan.lu\/wp-content\/uploads\/2024\/09\/Vicky-1080x1080-1.jpg\" class=\"attachment-full size-full\" alt=\"\" srcset=\"https:\/\/alan.lu\/wp-content\/uploads\/2024\/09\/Vicky-1080x1080-1.jpg 1080w, https:\/\/alan.lu\/wp-content\/uploads\/2024\/09\/Vicky-1080x1080-1-300x300.jpg 300w, https:\/\/alan.lu\/wp-content\/uploads\/2024\/09\/Vicky-1080x1080-1-1024x1024.jpg 1024w, https:\/\/alan.lu\/wp-content\/uploads\/2024\/09\/Vicky-1080x1080-1-150x150.jpg 150w, https:\/\/alan.lu\/wp-content\/uploads\/2024\/09\/Vicky-1080x1080-1-768x768.jpg 768w, https:\/\/alan.lu\/wp-content\/uploads\/2024\/09\/Vicky-1080x1080-1-550x550.jpg 550w, https:\/\/alan.lu\/wp-content\/uploads\/2024\/09\/Vicky-1080x1080-1-1000x1000.jpg 1000w, https:\/\/alan.lu\/wp-content\/uploads\/2024\/09\/Vicky-1080x1080-1-600x600.jpg 600w, https:\/\/alan.lu\/wp-content\/uploads\/2024\/09\/Vicky-1080x1080-1-100x100.jpg 100w\" sizes=\"auto, (max-width: 1080px) 100vw, 1080px\" \/>                                    <a class=\"edgtf-team-image-link icomoon-icon-link\" itemprop=\"url\" href=\"https:\/\/youtu.be\/oiqLJkiq8Vw\" target=\"_self\"><\/a>\n                \t\t\t<\/div>\n\t\t\n\t\t\t\t\t<div class=\"edgtf-team-info\">\n\t\t\t\t\t\t\t\t\t<div class=\"edgtf-team-title-holder normal_social\">\n\t\t\t\t\t\t\t\t\t\t\t\t\t\t\t\t\t\t\t<h4 class=\"edgtf-team-name\" >\n\t\t\t\t\t\t\t\t<a class=\"team-link-name\"  href=\"https:\/\/youtu.be\/oiqLJkiq8Vw\">Vicky<\/a>\n\t\t\t\t\t\t\t<\/h4>\n\t\t\t\t\t\t\t\t\t\t\t\t\t\t\t\t\t<\/div>\n\t\t\t\t\n\t\t\t\t\t\t\t\t\t<div class='edgtf-team-text'>\n\t\t\t\t\t\t<div class='edgtf-team-text-inner'>\n\t\t\t\t\t\t\t<div class='edgtf-team-description'>\n\t\t\t\t\t\t\t\t<p >cliquez sur la photo pour voir la vid\u00e9o<\/p>\n\t\t\t\t\t\t\t<\/div>\n\t\t\t\t\t\t<\/div>\n\t\t\t\t\t<\/div>\n\t\t\t\t\n\t\t<div class=\"edgtf-team-social-holder-between\">\n\t\t\t<div class=\"edgtf-team-social normal_social\">\n\t\t\t\t<div class=\"edgtf-team-social-inner\">\n\t\t\t\t\t<div class=\"edgtf-team-social-wrapp\">\n\n\t\t\t\t\t\t\n\t\t\t\t\t<\/div>\n\t\t\t\t<\/div>\n\t\t\t<\/div>\n\t\t<\/div>\n\n\t\t<\/div>\n\t<\/div>\n<\/div>[vc_empty_space][\/vc_column][vc_column width=&#8221;1\/3&#8243;]\n<div class=\"edgtf-team main-info-below-image\">\n\t<div class=\"edgtf-team-inner\">\n\t\t\t\t\t<div class=\"edgtf-team-image\">\n                <img loading=\"lazy\" decoding=\"async\" width=\"1080\" height=\"1080\" src=\"https:\/\/alan.lu\/wp-content\/uploads\/2024\/09\/Abby-1080x1080-1.jpg\" class=\"attachment-full size-full\" alt=\"\" srcset=\"https:\/\/alan.lu\/wp-content\/uploads\/2024\/09\/Abby-1080x1080-1.jpg 1080w, https:\/\/alan.lu\/wp-content\/uploads\/2024\/09\/Abby-1080x1080-1-300x300.jpg 300w, https:\/\/alan.lu\/wp-content\/uploads\/2024\/09\/Abby-1080x1080-1-1024x1024.jpg 1024w, https:\/\/alan.lu\/wp-content\/uploads\/2024\/09\/Abby-1080x1080-1-150x150.jpg 150w, https:\/\/alan.lu\/wp-content\/uploads\/2024\/09\/Abby-1080x1080-1-768x768.jpg 768w, https:\/\/alan.lu\/wp-content\/uploads\/2024\/09\/Abby-1080x1080-1-550x550.jpg 550w, https:\/\/alan.lu\/wp-content\/uploads\/2024\/09\/Abby-1080x1080-1-1000x1000.jpg 1000w, https:\/\/alan.lu\/wp-content\/uploads\/2024\/09\/Abby-1080x1080-1-600x600.jpg 600w, https:\/\/alan.lu\/wp-content\/uploads\/2024\/09\/Abby-1080x1080-1-100x100.jpg 100w\" sizes=\"auto, (max-width: 1080px) 100vw, 1080px\" \/>                                    <a class=\"edgtf-team-image-link icomoon-icon-link\" itemprop=\"url\" href=\"https:\/\/www.youtube.com\/shorts\/8a-Hsa4_MFs\" target=\"_self\"><\/a>\n                \t\t\t<\/div>\n\t\t\n\t\t\t\t\t<div class=\"edgtf-team-info\">\n\t\t\t\t\t\t\t\t\t<div class=\"edgtf-team-title-holder normal_social\">\n\t\t\t\t\t\t\t\t\t\t\t\t\t\t\t\t\t\t\t<h4 class=\"edgtf-team-name\" >\n\t\t\t\t\t\t\t\t<a class=\"team-link-name\"  href=\"https:\/\/www.youtube.com\/shorts\/8a-Hsa4_MFs\">Abby<\/a>\n\t\t\t\t\t\t\t<\/h4>\n\t\t\t\t\t\t\t\t\t\t\t\t\t\t\t\t\t<\/div>\n\t\t\t\t\n\t\t\t\t\t\t\t\t\t<div class='edgtf-team-text'>\n\t\t\t\t\t\t<div class='edgtf-team-text-inner'>\n\t\t\t\t\t\t\t<div class='edgtf-team-description'>\n\t\t\t\t\t\t\t\t<p >cliquez sur la photo pour voir la vid\u00e9o<\/p>\n\t\t\t\t\t\t\t<\/div>\n\t\t\t\t\t\t<\/div>\n\t\t\t\t\t<\/div>\n\t\t\t\t\n\t\t<div class=\"edgtf-team-social-holder-between\">\n\t\t\t<div class=\"edgtf-team-social normal_social\">\n\t\t\t\t<div class=\"edgtf-team-social-inner\">\n\t\t\t\t\t<div class=\"edgtf-team-social-wrapp\">\n\n\t\t\t\t\t\t\n\t\t\t\t\t<\/div>\n\t\t\t\t<\/div>\n\t\t\t<\/div>\n\t\t<\/div>\n\n\t\t<\/div>\n\t<\/div>\n<\/div>[vc_empty_space][\/vc_column][vc_column width=&#8221;1\/3&#8243;]\n<div class=\"edgtf-team main-info-below-image\">\n\t<div class=\"edgtf-team-inner\">\n\t\t\t\t\t<div class=\"edgtf-team-image\">\n                <img loading=\"lazy\" decoding=\"async\" width=\"1080\" height=\"1080\" src=\"https:\/\/alan.lu\/wp-content\/uploads\/2024\/09\/Jean-Francis-1080x1080-1.jpg\" class=\"attachment-full size-full\" alt=\"\" srcset=\"https:\/\/alan.lu\/wp-content\/uploads\/2024\/09\/Jean-Francis-1080x1080-1.jpg 1080w, https:\/\/alan.lu\/wp-content\/uploads\/2024\/09\/Jean-Francis-1080x1080-1-300x300.jpg 300w, https:\/\/alan.lu\/wp-content\/uploads\/2024\/09\/Jean-Francis-1080x1080-1-1024x1024.jpg 1024w, https:\/\/alan.lu\/wp-content\/uploads\/2024\/09\/Jean-Francis-1080x1080-1-150x150.jpg 150w, https:\/\/alan.lu\/wp-content\/uploads\/2024\/09\/Jean-Francis-1080x1080-1-768x768.jpg 768w, https:\/\/alan.lu\/wp-content\/uploads\/2024\/09\/Jean-Francis-1080x1080-1-550x550.jpg 550w, https:\/\/alan.lu\/wp-content\/uploads\/2024\/09\/Jean-Francis-1080x1080-1-1000x1000.jpg 1000w, https:\/\/alan.lu\/wp-content\/uploads\/2024\/09\/Jean-Francis-1080x1080-1-600x600.jpg 600w, https:\/\/alan.lu\/wp-content\/uploads\/2024\/09\/Jean-Francis-1080x1080-1-100x100.jpg 100w\" sizes=\"auto, (max-width: 1080px) 100vw, 1080px\" \/>                                    <a class=\"edgtf-team-image-link icomoon-icon-link\" itemprop=\"url\" href=\"https:\/\/youtu.be\/rzPzDzZtS84\" target=\"_self\"><\/a>\n                \t\t\t<\/div>\n\t\t\n\t\t\t\t\t<div class=\"edgtf-team-info\">\n\t\t\t\t\t\t\t\t\t<div class=\"edgtf-team-title-holder normal_social\">\n\t\t\t\t\t\t\t\t\t\t\t\t\t\t\t\t\t\t\t<h4 class=\"edgtf-team-name\" >\n\t\t\t\t\t\t\t\t<a class=\"team-link-name\"  href=\"https:\/\/youtu.be\/rzPzDzZtS84\">Jean-Francis<\/a>\n\t\t\t\t\t\t\t<\/h4>\n\t\t\t\t\t\t\t\t\t\t\t\t\t\t\t\t\t<\/div>\n\t\t\t\t\n\t\t\t\t\t\t\t\t\t<div class='edgtf-team-text'>\n\t\t\t\t\t\t<div class='edgtf-team-text-inner'>\n\t\t\t\t\t\t\t<div class='edgtf-team-description'>\n\t\t\t\t\t\t\t\t<p >cliquez sur la photo pour voir la vid\u00e9o<\/p>\n\t\t\t\t\t\t\t<\/div>\n\t\t\t\t\t\t<\/div>\n\t\t\t\t\t<\/div>\n\t\t\t\t\n\t\t<div class=\"edgtf-team-social-holder-between\">\n\t\t\t<div class=\"edgtf-team-social normal_social\">\n\t\t\t\t<div class=\"edgtf-team-social-inner\">\n\t\t\t\t\t<div class=\"edgtf-team-social-wrapp\">\n\n\t\t\t\t\t\t\n\t\t\t\t\t<\/div>\n\t\t\t\t<\/div>\n\t\t\t<\/div>\n\t\t<\/div>\n\n\t\t<\/div>\n\t<\/div>\n<\/div>[vc_empty_space][\/vc_column][\/vc_row][vc_row][vc_column width=&#8221;1\/3&#8243;]\n<div class=\"edgtf-team main-info-below-image\">\n\t<div class=\"edgtf-team-inner\">\n\t\t\t\t\t<div class=\"edgtf-team-image\">\n                <img loading=\"lazy\" decoding=\"async\" width=\"1080\" height=\"1080\" src=\"https:\/\/alan.lu\/wp-content\/uploads\/2024\/09\/Lara-1080x1080-1.jpg\" class=\"attachment-full size-full\" alt=\"\" srcset=\"https:\/\/alan.lu\/wp-content\/uploads\/2024\/09\/Lara-1080x1080-1.jpg 1080w, https:\/\/alan.lu\/wp-content\/uploads\/2024\/09\/Lara-1080x1080-1-300x300.jpg 300w, https:\/\/alan.lu\/wp-content\/uploads\/2024\/09\/Lara-1080x1080-1-1024x1024.jpg 1024w, https:\/\/alan.lu\/wp-content\/uploads\/2024\/09\/Lara-1080x1080-1-150x150.jpg 150w, https:\/\/alan.lu\/wp-content\/uploads\/2024\/09\/Lara-1080x1080-1-768x768.jpg 768w, https:\/\/alan.lu\/wp-content\/uploads\/2024\/09\/Lara-1080x1080-1-550x550.jpg 550w, https:\/\/alan.lu\/wp-content\/uploads\/2024\/09\/Lara-1080x1080-1-1000x1000.jpg 1000w, https:\/\/alan.lu\/wp-content\/uploads\/2024\/09\/Lara-1080x1080-1-600x600.jpg 600w, https:\/\/alan.lu\/wp-content\/uploads\/2024\/09\/Lara-1080x1080-1-100x100.jpg 100w\" sizes=\"auto, (max-width: 1080px) 100vw, 1080px\" \/>                                    <a class=\"edgtf-team-image-link icomoon-icon-link\" itemprop=\"url\" href=\"https:\/\/youtu.be\/TAvAv-WYAoM\" target=\"_self\"><\/a>\n                \t\t\t<\/div>\n\t\t\n\t\t\t\t\t<div class=\"edgtf-team-info\">\n\t\t\t\t\t\t\t\t\t<div class=\"edgtf-team-title-holder normal_social\">\n\t\t\t\t\t\t\t\t\t\t\t\t\t\t\t\t\t\t\t<h4 class=\"edgtf-team-name\" >\n\t\t\t\t\t\t\t\t<a class=\"team-link-name\"  href=\"https:\/\/youtu.be\/TAvAv-WYAoM\">Lara<\/a>\n\t\t\t\t\t\t\t<\/h4>\n\t\t\t\t\t\t\t\t\t\t\t\t\t\t\t\t\t<\/div>\n\t\t\t\t\n\t\t\t\t\t\t\t\t\t<div class='edgtf-team-text'>\n\t\t\t\t\t\t<div class='edgtf-team-text-inner'>\n\t\t\t\t\t\t\t<div class='edgtf-team-description'>\n\t\t\t\t\t\t\t\t<p >cliquez sur la photo pour voir la video<\/p>\n\t\t\t\t\t\t\t<\/div>\n\t\t\t\t\t\t<\/div>\n\t\t\t\t\t<\/div>\n\t\t\t\t\n\t\t<div class=\"edgtf-team-social-holder-between\">\n\t\t\t<div class=\"edgtf-team-social normal_social\">\n\t\t\t\t<div class=\"edgtf-team-social-inner\">\n\t\t\t\t\t<div class=\"edgtf-team-social-wrapp\">\n\n\t\t\t\t\t\t\n\t\t\t\t\t<\/div>\n\t\t\t\t<\/div>\n\t\t\t<\/div>\n\t\t<\/div>\n\n\t\t<\/div>\n\t<\/div>\n<\/div>[vc_empty_space][\/vc_column][vc_column width=&#8221;1\/3&#8243;]\n<div class=\"edgtf-team main-info-below-image\">\n\t<div class=\"edgtf-team-inner\">\n\t\t\t\t\t<div class=\"edgtf-team-image\">\n                <img loading=\"lazy\" decoding=\"async\" width=\"1080\" height=\"1080\" src=\"https:\/\/alan.lu\/wp-content\/uploads\/2024\/09\/Manon-Natascha-1080x1080-1.jpg\" class=\"attachment-full size-full\" alt=\"\" srcset=\"https:\/\/alan.lu\/wp-content\/uploads\/2024\/09\/Manon-Natascha-1080x1080-1.jpg 1080w, https:\/\/alan.lu\/wp-content\/uploads\/2024\/09\/Manon-Natascha-1080x1080-1-300x300.jpg 300w, https:\/\/alan.lu\/wp-content\/uploads\/2024\/09\/Manon-Natascha-1080x1080-1-1024x1024.jpg 1024w, https:\/\/alan.lu\/wp-content\/uploads\/2024\/09\/Manon-Natascha-1080x1080-1-150x150.jpg 150w, https:\/\/alan.lu\/wp-content\/uploads\/2024\/09\/Manon-Natascha-1080x1080-1-768x768.jpg 768w, https:\/\/alan.lu\/wp-content\/uploads\/2024\/09\/Manon-Natascha-1080x1080-1-550x550.jpg 550w, https:\/\/alan.lu\/wp-content\/uploads\/2024\/09\/Manon-Natascha-1080x1080-1-1000x1000.jpg 1000w, https:\/\/alan.lu\/wp-content\/uploads\/2024\/09\/Manon-Natascha-1080x1080-1-600x600.jpg 600w, https:\/\/alan.lu\/wp-content\/uploads\/2024\/09\/Manon-Natascha-1080x1080-1-100x100.jpg 100w\" sizes=\"auto, (max-width: 1080px) 100vw, 1080px\" \/>                                    <a class=\"edgtf-team-image-link icomoon-icon-link\" itemprop=\"url\" href=\"https:\/\/youtu.be\/exBhuZul4qY\" target=\"_self\"><\/a>\n                \t\t\t<\/div>\n\t\t\n\t\t\t\t\t<div class=\"edgtf-team-info\">\n\t\t\t\t\t\t\t\t\t<div class=\"edgtf-team-title-holder normal_social\">\n\t\t\t\t\t\t\t\t\t\t\t\t\t\t\t\t\t\t\t<h4 class=\"edgtf-team-name\" >\n\t\t\t\t\t\t\t\t<a class=\"team-link-name\"  href=\"https:\/\/youtu.be\/exBhuZul4qY\">Manon &amp; Natascha<\/a>\n\t\t\t\t\t\t\t<\/h4>\n\t\t\t\t\t\t\t\t\t\t\t\t\t\t\t\t\t<\/div>\n\t\t\t\t\n\t\t\t\t\t\t\t\t\t<div class='edgtf-team-text'>\n\t\t\t\t\t\t<div class='edgtf-team-text-inner'>\n\t\t\t\t\t\t\t<div class='edgtf-team-description'>\n\t\t\t\t\t\t\t\t<p >cliquez sur la photo pour voir la video<\/p>\n\t\t\t\t\t\t\t<\/div>\n\t\t\t\t\t\t<\/div>\n\t\t\t\t\t<\/div>\n\t\t\t\t\n\t\t<div class=\"edgtf-team-social-holder-between\">\n\t\t\t<div class=\"edgtf-team-social normal_social\">\n\t\t\t\t<div class=\"edgtf-team-social-inner\">\n\t\t\t\t\t<div class=\"edgtf-team-social-wrapp\">\n\n\t\t\t\t\t\t\n\t\t\t\t\t<\/div>\n\t\t\t\t<\/div>\n\t\t\t<\/div>\n\t\t<\/div>\n\n\t\t<\/div>\n\t<\/div>\n<\/div>[vc_empty_space][\/vc_column][vc_column width=&#8221;1\/3&#8243;]\n<div class=\"edgtf-team main-info-below-image\">\n\t<div class=\"edgtf-team-inner\">\n\t\t\t\t\t<div class=\"edgtf-team-image\">\n                <img loading=\"lazy\" decoding=\"async\" width=\"1080\" height=\"1080\" src=\"https:\/\/alan.lu\/wp-content\/uploads\/2024\/09\/Cassandra-1080x1080-1.jpg\" class=\"attachment-full size-full\" alt=\"\" srcset=\"https:\/\/alan.lu\/wp-content\/uploads\/2024\/09\/Cassandra-1080x1080-1.jpg 1080w, https:\/\/alan.lu\/wp-content\/uploads\/2024\/09\/Cassandra-1080x1080-1-300x300.jpg 300w, https:\/\/alan.lu\/wp-content\/uploads\/2024\/09\/Cassandra-1080x1080-1-1024x1024.jpg 1024w, https:\/\/alan.lu\/wp-content\/uploads\/2024\/09\/Cassandra-1080x1080-1-150x150.jpg 150w, https:\/\/alan.lu\/wp-content\/uploads\/2024\/09\/Cassandra-1080x1080-1-768x768.jpg 768w, https:\/\/alan.lu\/wp-content\/uploads\/2024\/09\/Cassandra-1080x1080-1-550x550.jpg 550w, https:\/\/alan.lu\/wp-content\/uploads\/2024\/09\/Cassandra-1080x1080-1-1000x1000.jpg 1000w, https:\/\/alan.lu\/wp-content\/uploads\/2024\/09\/Cassandra-1080x1080-1-600x600.jpg 600w, https:\/\/alan.lu\/wp-content\/uploads\/2024\/09\/Cassandra-1080x1080-1-100x100.jpg 100w\" sizes=\"auto, (max-width: 1080px) 100vw, 1080px\" \/>                                    <a class=\"edgtf-team-image-link icomoon-icon-link\" itemprop=\"url\" href=\"https:\/\/youtu.be\/eoZW3LjudsI\" target=\"_self\"><\/a>\n                \t\t\t<\/div>\n\t\t\n\t\t\t\t\t<div class=\"edgtf-team-info\">\n\t\t\t\t\t\t\t\t\t<div class=\"edgtf-team-title-holder normal_social\">\n\t\t\t\t\t\t\t\t\t\t\t\t\t\t\t\t\t\t\t<h4 class=\"edgtf-team-name\" >\n\t\t\t\t\t\t\t\t<a class=\"team-link-name\"  href=\"https:\/\/youtu.be\/eoZW3LjudsI\">Cassandra<\/a>\n\t\t\t\t\t\t\t<\/h4>\n\t\t\t\t\t\t\t\t\t\t\t\t\t\t\t\t\t<\/div>\n\t\t\t\t\n\t\t\t\t\t\t\t\t\t<div class='edgtf-team-text'>\n\t\t\t\t\t\t<div class='edgtf-team-text-inner'>\n\t\t\t\t\t\t\t<div class='edgtf-team-description'>\n\t\t\t\t\t\t\t\t<p >cliquez sur la photo pour voir la video<\/p>\n\t\t\t\t\t\t\t<\/div>\n\t\t\t\t\t\t<\/div>\n\t\t\t\t\t<\/div>\n\t\t\t\t\n\t\t<div class=\"edgtf-team-social-holder-between\">\n\t\t\t<div class=\"edgtf-team-social normal_social\">\n\t\t\t\t<div class=\"edgtf-team-social-inner\">\n\t\t\t\t\t<div class=\"edgtf-team-social-wrapp\">\n\n\t\t\t\t\t\t\n\t\t\t\t\t<\/div>\n\t\t\t\t<\/div>\n\t\t\t<\/div>\n\t\t<\/div>\n\n\t\t<\/div>\n\t<\/div>\n<\/div>[vc_empty_space][\/vc_column][\/vc_row][vc_row][vc_column width=&#8221;1\/3&#8243;]\n<div class=\"edgtf-team main-info-below-image\">\n\t<div class=\"edgtf-team-inner\">\n\t\t\t\t\t<div class=\"edgtf-team-image\">\n                <img loading=\"lazy\" decoding=\"async\" width=\"1080\" height=\"1080\" src=\"https:\/\/alan.lu\/wp-content\/uploads\/2024\/09\/Stephanie-1080x1080-1.jpg\" class=\"attachment-full size-full\" alt=\"\" srcset=\"https:\/\/alan.lu\/wp-content\/uploads\/2024\/09\/Stephanie-1080x1080-1.jpg 1080w, https:\/\/alan.lu\/wp-content\/uploads\/2024\/09\/Stephanie-1080x1080-1-300x300.jpg 300w, https:\/\/alan.lu\/wp-content\/uploads\/2024\/09\/Stephanie-1080x1080-1-1024x1024.jpg 1024w, https:\/\/alan.lu\/wp-content\/uploads\/2024\/09\/Stephanie-1080x1080-1-150x150.jpg 150w, https:\/\/alan.lu\/wp-content\/uploads\/2024\/09\/Stephanie-1080x1080-1-768x768.jpg 768w, https:\/\/alan.lu\/wp-content\/uploads\/2024\/09\/Stephanie-1080x1080-1-550x550.jpg 550w, https:\/\/alan.lu\/wp-content\/uploads\/2024\/09\/Stephanie-1080x1080-1-1000x1000.jpg 1000w, https:\/\/alan.lu\/wp-content\/uploads\/2024\/09\/Stephanie-1080x1080-1-600x600.jpg 600w, https:\/\/alan.lu\/wp-content\/uploads\/2024\/09\/Stephanie-1080x1080-1-100x100.jpg 100w\" sizes=\"auto, (max-width: 1080px) 100vw, 1080px\" \/>                                    <a class=\"edgtf-team-image-link icomoon-icon-link\" itemprop=\"url\" href=\"https:\/\/youtu.be\/2SOcVMNg-Sk\" target=\"_self\"><\/a>\n                \t\t\t<\/div>\n\t\t\n\t\t\t\t\t<div class=\"edgtf-team-info\">\n\t\t\t\t\t\t\t\t\t<div class=\"edgtf-team-title-holder normal_social\">\n\t\t\t\t\t\t\t\t\t\t\t\t\t\t\t\t\t\t\t<h4 class=\"edgtf-team-name\" >\n\t\t\t\t\t\t\t\t<a class=\"team-link-name\"  href=\"https:\/\/youtu.be\/2SOcVMNg-Sk\">St\u00e9phanie<\/a>\n\t\t\t\t\t\t\t<\/h4>\n\t\t\t\t\t\t\t\t\t\t\t\t\t\t\t\t\t<\/div>\n\t\t\t\t\n\t\t\t\t\t\t\t\t\t<div class='edgtf-team-text'>\n\t\t\t\t\t\t<div class='edgtf-team-text-inner'>\n\t\t\t\t\t\t\t<div class='edgtf-team-description'>\n\t\t\t\t\t\t\t\t<p >cliquez sur la photo pour voir la video<\/p>\n\t\t\t\t\t\t\t<\/div>\n\t\t\t\t\t\t<\/div>\n\t\t\t\t\t<\/div>\n\t\t\t\t\n\t\t<div class=\"edgtf-team-social-holder-between\">\n\t\t\t<div class=\"edgtf-team-social normal_social\">\n\t\t\t\t<div class=\"edgtf-team-social-inner\">\n\t\t\t\t\t<div class=\"edgtf-team-social-wrapp\">\n\n\t\t\t\t\t\t\n\t\t\t\t\t<\/div>\n\t\t\t\t<\/div>\n\t\t\t<\/div>\n\t\t<\/div>\n\n\t\t<\/div>\n\t<\/div>\n<\/div>[vc_empty_space][\/vc_column][vc_column width=&#8221;1\/3&#8243;][\/vc_column][\/vc_row][vc_row content_width=&#8221;grid&#8221;][vc_column][vc_empty_space height=&#8221;64px&#8221;][vc_column_text css=&#8221;&#8221;]<\/p>\n<h2 style=\"text-align: center;\">Soutenez la campagne<\/h2>\n<p>[\/vc_column_text][vc_empty_space height=&#8221;14px&#8221;]<div class=\"edgtf-separator-holder clearfix  edgtf-separator-center\">\n\t<div class=\"edgtf-separator\" style=\"border-color: #00bcdf;width: 50px;border-bottom-width: 3px;margin-top: 25px;margin-bottom: 25px\"><\/div>\n<\/div>\n[vc_empty_space height=&#8221;14px&#8221;][vc_column_text css=&#8221;&#8221;]Vous pouvez soutenir la campagne et \u00ab\u00a0la communaut\u00e9 rare\u00a0\u00bb en partageant les vid\u00e9os de la campagne et en rejoignant la discussion sur les r\u00e9seaux sociaux.<\/p>\n<p>Si vous avez envie de faire cet exercice de r\u00e9flexion vous-m\u00eame, nous vous encourageons \u00e0 partager vos propres photos du pass\u00e9 avec les conseils que vous donneriez \u00e0 votre \u00ab ancien-moi \u00bb. Postez ces photos et vid\u00e9os sur les r\u00e9seaux sociaux, taguez ALAN et n\u2019oubliez pas d\u2019utiliser le hashtag #rarerewind. Nous avons h\u00e2te de d\u00e9couvrir vos messages et conseils !<\/p>\n<p>Pour trouver les vid\u00e9os et nos comptes Facebook, Instagram &amp; TikTok, cliquez simplement les boutons ci-dessous.[\/vc_column_text][\/vc_column][\/vc_row][vc_row content_width=&#8221;grid&#8221; css=&#8221;.vc_custom_1603354399161{padding-top: 36px !important;padding-bottom: 41px !important;}&#8221; el_id=&#8221;wrapper-contact-next-btn&#8221;][vc_column width=&#8221;1\/3&#8243;]\t<div class=\"edgtf-call-to-action normal\" style=\"background-color: #00b4dd;\">\n\n\t\t\t\t\t<div class=\"edgtf-call-to-action-row-75-25 clearfix\" style=\"padding: 55px 15px;\">\n\t\t\t\t\t\t<div class=\"edgtf-text-wrapper edgtf-call-to-action-column1 edgtf-call-to-action-cell left\">\n\t\t\t\t\t<div class=\"edgtf-call-to-action-text\" style=\"text-align: left\"><span style=\"color: #ffffff;\">Soutenez la campagne<\/span>\t\t\t\t\t\t\t\t\t\t\t<\/div>\n\t\t\t\t<\/div>\n\n\t\t\t\t\t\t\t\t\t<div class=\"edgtf-button-wrapper edgtf-call-to-action-column2 edgtf-call-to-action-cell\" style =\"text-align: right ;\">\n\t\t\t\t\t\t<a itemprop=\"url\" href=\"https:\/\/www.instagram.com\/alanmaladiesraresluxembourg\/\" target=\"_self\" style=\"color: #00b4dd;background-color: #ffffff;border-color: #ffffff\" class=\"edgtf-btn edgtf-btn-large edgtf-btn-solid edgtf-btn-custom-hover-bg edgtf-btn-custom-border-hover edgtf-btn-custom-hover-color\" data-hover-bg-color=\"#00b4dd\" data-hover-color=\"#ffffff\" data-hover-border-color=\"#ffffff\" >\t<span class=\"edgtf-btn-text\">Instagram<\/span>    <\/a>\t\t\t\t\t<\/div>\n\t\t\t\t\t\t\t<\/div>\n\t\t\t<\/div>\n[\/vc_column][vc_column width=&#8221;1\/3&#8243;]\t<div class=\"edgtf-call-to-action normal\" style=\"background-color: #00b4dd;\">\n\n\t\t\t\t\t<div class=\"edgtf-call-to-action-row-75-25 clearfix\" style=\"padding: 55px 15px;\">\n\t\t\t\t\t\t<div class=\"edgtf-text-wrapper edgtf-call-to-action-column1 edgtf-call-to-action-cell left\">\n\t\t\t\t\t<div class=\"edgtf-call-to-action-text\" style=\"text-align: left\"><span style=\"color: #ffffff;\">Soutenez la campagne<\/span>\t\t\t\t\t\t\t\t\t\t\t<\/div>\n\t\t\t\t<\/div>\n\n\t\t\t\t\t\t\t\t\t<div class=\"edgtf-button-wrapper edgtf-call-to-action-column2 edgtf-call-to-action-cell\" style =\"text-align: right ;\">\n\t\t\t\t\t\t<a itemprop=\"url\" href=\"https:\/\/www.tiktok.com\/@alan_maladies_rares_lux\" target=\"_self\" style=\"color: #00b4dd;background-color: #ffffff;border-color: #ffffff\" class=\"edgtf-btn edgtf-btn-large edgtf-btn-solid edgtf-btn-custom-hover-bg edgtf-btn-custom-border-hover edgtf-btn-custom-hover-color\" data-hover-bg-color=\"#00b4dd\" data-hover-color=\"#ffffff\" data-hover-border-color=\"#ffffff\" >\t<span class=\"edgtf-btn-text\">TikTok<\/span>    <\/a>\t\t\t\t\t<\/div>\n\t\t\t\t\t\t\t<\/div>\n\t\t\t<\/div>\n[\/vc_column][vc_column width=&#8221;1\/3&#8243;]\t<div class=\"edgtf-call-to-action normal\" style=\"background-color: #00b4dd;\">\n\n\t\t\t\t\t<div class=\"edgtf-call-to-action-row-75-25 clearfix\" style=\"padding: 55px 15px;\">\n\t\t\t\t\t\t<div class=\"edgtf-text-wrapper edgtf-call-to-action-column1 edgtf-call-to-action-cell left\">\n\t\t\t\t\t<div class=\"edgtf-call-to-action-text\" style=\"text-align: left\"><span style=\"color: #ffffff;\">Soutenez la campagne<\/span>\t\t\t\t\t\t\t\t\t\t\t<\/div>\n\t\t\t\t<\/div>\n\n\t\t\t\t\t\t\t\t\t<div class=\"edgtf-button-wrapper edgtf-call-to-action-column2 edgtf-call-to-action-cell\" style =\"text-align: right ;\">\n\t\t\t\t\t\t<a itemprop=\"url\" href=\"https:\/\/www.facebook.com\/alanmaladiesraresluxembourg\" target=\"_self\" style=\"color: #00b4dd;background-color: #ffffff;border-color: #ffffff\" class=\"edgtf-btn edgtf-btn-large edgtf-btn-solid edgtf-btn-custom-hover-bg edgtf-btn-custom-border-hover edgtf-btn-custom-hover-color\" data-hover-bg-color=\"#00b4dd\" data-hover-color=\"#ffffff\" data-hover-border-color=\"#ffffff\" >\t<span class=\"edgtf-btn-text\">Facebook<\/span>    <\/a>\t\t\t\t\t<\/div>\n\t\t\t\t\t\t\t<\/div>\n\t\t\t<\/div>\n[\/vc_column][\/vc_row][vc_row][vc_column][vc_empty_space height=&#8221;64px&#8221;][\/vc_column][\/vc_row][vc_row content_width=&#8221;grid&#8221;][vc_column][vc_column_text css=&#8221;&#8221;]<\/p>\n<h2 style=\"text-align: center;\">Les partenaires de la campagne<\/h2>\n<p>[\/vc_column_text][vc_empty_space height=&#8221;14px&#8221;]<div class=\"edgtf-separator-holder clearfix  edgtf-separator-center\">\n\t<div class=\"edgtf-separator\" style=\"border-color: #00bcdf;width: 50px;border-bottom-width: 3px;margin-top: 25px;margin-bottom: 25px\"><\/div>\n<\/div>\n[vc_empty_space height=&#8221;14px&#8221;][vc_column_text css=&#8221;&#8221;]<img loading=\"lazy\" decoding=\"async\" class=\"alignleft wp-image-25545 size-full\" src=\"https:\/\/alan.lu\/wp-content\/uploads\/2024\/09\/alsr-200x200-1.jpg\" alt=\"\" width=\"200\" height=\"200\" \/><\/p>\n<p><a href=\"https:\/\/alsr.lu\/\"><strong>Association Luxembourgeoise du Syndrome de Rett <\/strong><\/a><\/p>\n<p>L\u2019ALSR est une association de b\u00e9n\u00e9voles ayant pour but de faire connaitre le Syndrome de Rett, de soutenir les personnes atteintes du Syndrome de Rett et leur famille, et d\u2019agir pour la reconnaissance des personnes atteintes du Syndrome de Rett au sein de la collectivit\u00e9.<br \/>\nLe Syndrome de Rett est une maladie g\u00e9n\u00e9tique rare qui se d\u00e9veloppe principalement chez les filles, provoquant un handicap mental et des atteintes motrices s\u00e9v\u00e8res.[\/vc_column_text][vc_empty_space height=&#8221;14px&#8221;][\/vc_column][\/vc_row][vc_row content_width=&#8221;grid&#8221;][vc_column][vc_column_text css=&#8221;&#8221;]<img loading=\"lazy\" decoding=\"async\" class=\"alignleft wp-image-25545 size-full\" src=\"https:\/\/alan.lu\/wp-content\/uploads\/2024\/09\/logo-haerz-fir-kk.jpg\" alt=\"\" width=\"200\" height=\"200\" \/><\/p>\n<p><a href=\"https:\/\/www.kriibskrankkanner.lu\/\"><strong>Een H\u00e4erz fir kriibskrank Kanner <\/strong><\/a><\/p>\n<p>L\u2019association sans but lucratif \u00ab Een H\u00e4erz fir kriibskrank Kanner \u00bb a pour objet de soutenir et d\u2019accompagner les familles des enfants, adolescents et jeunes adultes atteints de cancer.[\/vc_column_text][vc_empty_space height=&#8221;14px&#8221;][\/vc_column][\/vc_row][vc_row content_width=&#8221;grid&#8221;][vc_column][vc_column_text]<img loading=\"lazy\" decoding=\"async\" class=\"alignleft wp-image-25545 size-full\" src=\"https:\/\/alan.lu\/wp-content\/uploads\/2022\/09\/logo-eds.jpg\" alt=\"\" width=\"200\" height=\"200\" srcset=\"https:\/\/alan.lu\/wp-content\/uploads\/2022\/09\/logo-eds.jpg 200w, https:\/\/alan.lu\/wp-content\/uploads\/2022\/09\/logo-eds-150x150.jpg 150w, https:\/\/alan.lu\/wp-content\/uploads\/2022\/09\/logo-eds-100x100.jpg 100w, https:\/\/alan.lu\/wp-content\/uploads\/2022\/09\/logo-eds-60x60.jpg 60w, https:\/\/alan.lu\/wp-content\/uploads\/2022\/09\/logo-eds-90x90.jpg 90w\" sizes=\"auto, (max-width: 200px) 100vw, 200px\" \/><\/p>\n<p><a href=\"https:\/\/edsletzebuerg.lu\/2\/\"><strong>EDS L\u00ebtzebuerg<\/strong><\/a><\/p>\n<p>EDS L\u00ebtzebuerg a.s.b.l. est une association sans but lucratif fond\u00e9e en 2021. L\u2019Association a pour objet d\u2019informer et sensibiliser le grand public sur le syndrome d\u2019Ehlers-Danlos, de contribuer \u00e0 la diffusion des informations concernant le d\u00e9pistage et les m\u00e9thodes de traitements du syndrome, d\u2019informer, conseiller et soutenir les personnes atteintes du syndrome d\u2019Ehlers-Danlos et de les aider tout comme leur famille et leurs proches.[\/vc_column_text][vc_empty_space height=&#8221;14px&#8221;][\/vc_column][\/vc_row][vc_row content_width=&#8221;grid&#8221;][vc_column][vc_column_text css=&#8221;&#8221;]<img loading=\"lazy\" decoding=\"async\" class=\"alignleft wp-image-25545 size-full\" src=\"https:\/\/alan.lu\/wp-content\/uploads\/2024\/09\/ALAEC200x200.jpg\" alt=\"\" width=\"200\" height=\"200\" \/><\/p>\n<p><a href=\"https:\/\/www.alaec.lu\/\"><strong>Association Luxembourgeoise d&#8217;Aide aux Enfants Cardiaques a.s.b.l.<\/strong><\/a><\/p>\n<p>L\u2019 Association Luxembourgeoise d\u2019Aide aux Enfants Cardiaques (\u00ab H\u00e4erzkrank Kanner zu L\u00ebtzebuerg \u00bb, en abr\u00e9g\u00e9 ALAEC) a \u00e9t\u00e9 cr\u00e9\u00e9e en janvier 2002. Elle a pour but principal d&#8217;accompagner les enfants et leurs parents, aux c\u00f4t\u00e9s des cardiologues traitants, lors de ces moments-cl\u00e9s de la vie.<br \/>\nLes principaux objectifs de l\u2019association sont les suivants:<br \/>\n\u2022 Faciliter les contacts entre les personnes concern\u00e9es;<br \/>\n\u2022 Organiser r\u00e9guli\u00e8rement des rencontres, des \u00e9changes et des s\u00e9ances d\u2019information;<br \/>\n\u2022 Sensibiliser le grand public aux probl\u00e8mes des enfants cardiaques;<br \/>\n\u2022 Proposer un accompagnement social et un soutien psychologique aux enfants et \u00e0 leurs familles;<br \/>\n\u2022 Une offre d&#8217;informations au niveau administratif et financier;<br \/>\n\u2022 Soutenir la recherche sur les cardiopathies cong\u00e9nitales.<br \/>\nL&#8217; Association Luxembourgeoise d&#8217;Aide aux Enfants Cardiaques asbl est reconnue d&#8217;utilit\u00e9 publique par arr\u00eat\u00e9 grand-ducal du 15 janvier 2022. Elle a \u00e9galement sign\u00e9 la charte du b\u00e9n\u00e9volat le 5.12.2014.[\/vc_column_text][vc_empty_space height=&#8221;14px&#8221;][\/vc_column][\/vc_row][vc_row content_width=&#8221;grid&#8221;][vc_column][vc_column_text css=&#8221;&#8221;]<img loading=\"lazy\" decoding=\"async\" class=\"alignleft wp-image-25545 size-full\" src=\"https:\/\/alan.lu\/wp-content\/uploads\/2022\/09\/logo-waertvollt-liewen.jpg\" alt=\"\" width=\"200\" height=\"200\" \/><\/p>\n<p><a href=\"https:\/\/www.waertvollt-liewen.lu\/\"><strong>W\u00e4ertvollt Liewen<\/strong><\/a><\/p>\n<p>L\u2019association \u00ab W\u00e4ertvollt Liewen \u00bb a.s.b.l., fond\u00e9e en f\u00e9vrier 2012, sert de trait d\u2019union<br \/>\nentre des personnes atteintes d\u2019une Scl\u00e9rose Lat\u00e9rale Amyotrophique (SLA), ou maladie<br \/>\nde Charcot, une maladie neurod\u00e9g\u00e9n\u00e9rative grave qui r\u00e9duit l\u2019esperance de vie des<br \/>\npersonnes atteintes, ou pathologie similaire et les autorit\u00e9s. Le but de \u00ab W\u00e4ertvollt Liewen \u00bb a.s.b.l. est d\u2019aider \u00e0 mettre en place au Grand-Duch\u00e9 de Luxembourg un r\u00e9seau national de r\u00e9f\u00e9rence et de comp\u00e9tence pour les personnes atteintes d\u2019une Scl\u00e9rose Lat\u00e9rale Amyotrophique (SLA) ou d\u2019une pathologie similaire.[\/vc_column_text][vc_empty_space height=&#8221;14px&#8221;][\/vc_column][\/vc_row]<\/p>\n<\/div>","protected":false},"excerpt":{"rendered":"<p>[vc_row content_width=&#8221;grid&#8221;][vc_column][vc_column_text css=&#8221;&#8221;] La campagne de sensibilisation \u00ab Rare Rewind \u00bb [\/vc_column_text][vc_empty_space height=&#8221;14px&#8221;][vc_empty_space height=&#8221;14px&#8221;][\/vc_column][\/vc_row][vc_row][vc_column][vc_column_text css=&#8221;&#8221;]D\u00e9but octobre 2024, ALAN \u2013 Maladies Rares Luxembourg, l\u2019a.s.b.l. et alliance nationale repr\u00e9sentant les personnes concern\u00e9es&#8230;<\/p>\n","protected":false},"author":2,"featured_media":0,"parent":0,"menu_order":0,"comment_status":"closed","ping_status":"closed","template":"","meta":{"give_campaign_id":0,"inline_featured_image":false,"footnotes":""},"class_list":["post-29633","page","type-page","status-publish","hentry"],"yoast_head":"<!-- This site is optimized with the Yoast SEO plugin v27.4 - https:\/\/yoast.com\/product\/yoast-seo-wordpress\/ -->\n<title>Rare Rewind, - ALAN<\/title>\n<meta name=\"description\" content=\"This year for Rare Disease Day ALAN and its partners focus their campaign on two actions: the \u201cGlobal Chain of Lights\u201d and the photo exhibition \u201cRaReflections. These actions are accompanied by an intensive and interactive social media campaign.\" \/>\n<meta name=\"robots\" content=\"noindex, follow\" \/>\n<meta property=\"og:locale\" content=\"fr_FR\" \/>\n<meta property=\"og:type\" content=\"article\" \/>\n<meta property=\"og:title\" content=\"Rare Rewind, - ALAN\" \/>\n<meta property=\"og:description\" content=\"This year for Rare Disease Day ALAN and its partners focus their campaign on two actions: the \u201cGlobal Chain of Lights\u201d and the photo exhibition \u201cRaReflections. These actions are accompanied by an intensive and interactive social media campaign.\" \/>\n<meta property=\"og:url\" content=\"https:\/\/alan.lu\/fr\/rare-rewind\/\" \/>\n<meta property=\"og:site_name\" content=\"ALAN\" \/>\n<meta property=\"article:modified_time\" content=\"2024-10-14T08:33:05+00:00\" \/>\n<meta property=\"og:image\" content=\"https:\/\/alan.lu\/wp-content\/uploads\/2024\/09\/alsr-200x200-1.jpg\" \/>\n<meta name=\"twitter:card\" content=\"summary_large_image\" \/>\n<meta name=\"twitter:label1\" content=\"Dur\u00e9e de lecture estim\u00e9e\" \/>\n\t<meta name=\"twitter:data1\" content=\"6 minutes\" \/>\n<script type=\"application\/ld+json\" class=\"yoast-schema-graph\">{\"@context\":\"https:\\\/\\\/schema.org\",\"@graph\":[{\"@type\":\"WebPage\",\"@id\":\"https:\\\/\\\/alan.lu\\\/fr\\\/rare-rewind\\\/\",\"url\":\"https:\\\/\\\/alan.lu\\\/fr\\\/rare-rewind\\\/\",\"name\":\"Rare Rewind, - ALAN\",\"isPartOf\":{\"@id\":\"https:\\\/\\\/alan.lu\\\/fr\\\/#website\"},\"primaryImageOfPage\":{\"@id\":\"https:\\\/\\\/alan.lu\\\/fr\\\/rare-rewind\\\/#primaryimage\"},\"image\":{\"@id\":\"https:\\\/\\\/alan.lu\\\/fr\\\/rare-rewind\\\/#primaryimage\"},\"thumbnailUrl\":\"https:\\\/\\\/alan.lu\\\/wp-content\\\/uploads\\\/2024\\\/09\\\/alsr-200x200-1.jpg\",\"datePublished\":\"2024-09-16T07:55:41+00:00\",\"dateModified\":\"2024-10-14T08:33:05+00:00\",\"description\":\"This year for Rare Disease Day ALAN and its partners focus their campaign on two actions: the \u201cGlobal Chain of Lights\u201d and the photo exhibition \u201cRaReflections. These actions are accompanied by an intensive and interactive social media campaign.\",\"breadcrumb\":{\"@id\":\"https:\\\/\\\/alan.lu\\\/fr\\\/rare-rewind\\\/#breadcrumb\"},\"inLanguage\":\"fr-FR\",\"potentialAction\":[{\"@type\":\"ReadAction\",\"target\":[\"https:\\\/\\\/alan.lu\\\/fr\\\/rare-rewind\\\/\"]}]},{\"@type\":\"ImageObject\",\"inLanguage\":\"fr-FR\",\"@id\":\"https:\\\/\\\/alan.lu\\\/fr\\\/rare-rewind\\\/#primaryimage\",\"url\":\"https:\\\/\\\/alan.lu\\\/wp-content\\\/uploads\\\/2024\\\/09\\\/alsr-200x200-1.jpg\",\"contentUrl\":\"https:\\\/\\\/alan.lu\\\/wp-content\\\/uploads\\\/2024\\\/09\\\/alsr-200x200-1.jpg\"},{\"@type\":\"BreadcrumbList\",\"@id\":\"https:\\\/\\\/alan.lu\\\/fr\\\/rare-rewind\\\/#breadcrumb\",\"itemListElement\":[{\"@type\":\"ListItem\",\"position\":1,\"name\":\"Accueil\",\"item\":\"https:\\\/\\\/alan.lu\\\/fr\\\/\"},{\"@type\":\"ListItem\",\"position\":2,\"name\":\"Rare Rewind\"}]},{\"@type\":\"WebSite\",\"@id\":\"https:\\\/\\\/alan.lu\\\/fr\\\/#website\",\"url\":\"https:\\\/\\\/alan.lu\\\/fr\\\/\",\"name\":\"ALAN\",\"description\":\"Rare Diseases Luxembourg\",\"potentialAction\":[{\"@type\":\"SearchAction\",\"target\":{\"@type\":\"EntryPoint\",\"urlTemplate\":\"https:\\\/\\\/alan.lu\\\/fr\\\/?s={search_term_string}\"},\"query-input\":{\"@type\":\"PropertyValueSpecification\",\"valueRequired\":true,\"valueName\":\"search_term_string\"}}],\"inLanguage\":\"fr-FR\"}]}<\/script>\n<!-- \/ Yoast SEO plugin. -->","yoast_head_json":{"title":"Rare Rewind, - ALAN","description":"This year for Rare Disease Day ALAN and its partners focus their campaign on two actions: the \u201cGlobal Chain of Lights\u201d and the photo exhibition \u201cRaReflections. These actions are accompanied by an intensive and interactive social media campaign.","robots":{"index":"noindex","follow":"follow"},"og_locale":"fr_FR","og_type":"article","og_title":"Rare Rewind, - ALAN","og_description":"This year for Rare Disease Day ALAN and its partners focus their campaign on two actions: the \u201cGlobal Chain of Lights\u201d and the photo exhibition \u201cRaReflections. These actions are accompanied by an intensive and interactive social media campaign.","og_url":"https:\/\/alan.lu\/fr\/rare-rewind\/","og_site_name":"ALAN","article_modified_time":"2024-10-14T08:33:05+00:00","og_image":[{"url":"https:\/\/alan.lu\/wp-content\/uploads\/2024\/09\/alsr-200x200-1.jpg","type":"","width":"","height":""}],"twitter_card":"summary_large_image","twitter_misc":{"Dur\u00e9e de lecture estim\u00e9e":"6 minutes"},"schema":{"@context":"https:\/\/schema.org","@graph":[{"@type":"WebPage","@id":"https:\/\/alan.lu\/fr\/rare-rewind\/","url":"https:\/\/alan.lu\/fr\/rare-rewind\/","name":"Rare Rewind, - ALAN","isPartOf":{"@id":"https:\/\/alan.lu\/fr\/#website"},"primaryImageOfPage":{"@id":"https:\/\/alan.lu\/fr\/rare-rewind\/#primaryimage"},"image":{"@id":"https:\/\/alan.lu\/fr\/rare-rewind\/#primaryimage"},"thumbnailUrl":"https:\/\/alan.lu\/wp-content\/uploads\/2024\/09\/alsr-200x200-1.jpg","datePublished":"2024-09-16T07:55:41+00:00","dateModified":"2024-10-14T08:33:05+00:00","description":"This year for Rare Disease Day ALAN and its partners focus their campaign on two actions: the \u201cGlobal Chain of Lights\u201d and the photo exhibition \u201cRaReflections. These actions are accompanied by an intensive and interactive social media campaign.","breadcrumb":{"@id":"https:\/\/alan.lu\/fr\/rare-rewind\/#breadcrumb"},"inLanguage":"fr-FR","potentialAction":[{"@type":"ReadAction","target":["https:\/\/alan.lu\/fr\/rare-rewind\/"]}]},{"@type":"ImageObject","inLanguage":"fr-FR","@id":"https:\/\/alan.lu\/fr\/rare-rewind\/#primaryimage","url":"https:\/\/alan.lu\/wp-content\/uploads\/2024\/09\/alsr-200x200-1.jpg","contentUrl":"https:\/\/alan.lu\/wp-content\/uploads\/2024\/09\/alsr-200x200-1.jpg"},{"@type":"BreadcrumbList","@id":"https:\/\/alan.lu\/fr\/rare-rewind\/#breadcrumb","itemListElement":[{"@type":"ListItem","position":1,"name":"Accueil","item":"https:\/\/alan.lu\/fr\/"},{"@type":"ListItem","position":2,"name":"Rare Rewind"}]},{"@type":"WebSite","@id":"https:\/\/alan.lu\/fr\/#website","url":"https:\/\/alan.lu\/fr\/","name":"ALAN","description":"Rare Diseases Luxembourg","potentialAction":[{"@type":"SearchAction","target":{"@type":"EntryPoint","urlTemplate":"https:\/\/alan.lu\/fr\/?s={search_term_string}"},"query-input":{"@type":"PropertyValueSpecification","valueRequired":true,"valueName":"search_term_string"}}],"inLanguage":"fr-FR"}]}},"campaignId":"","_links":{"self":[{"href":"https:\/\/alan.lu\/fr\/wp-json\/wp\/v2\/pages\/29633","targetHints":{"allow":["GET"]}}],"collection":[{"href":"https:\/\/alan.lu\/fr\/wp-json\/wp\/v2\/pages"}],"about":[{"href":"https:\/\/alan.lu\/fr\/wp-json\/wp\/v2\/types\/page"}],"author":[{"embeddable":true,"href":"https:\/\/alan.lu\/fr\/wp-json\/wp\/v2\/users\/2"}],"replies":[{"embeddable":true,"href":"https:\/\/alan.lu\/fr\/wp-json\/wp\/v2\/comments?post=29633"}],"version-history":[{"count":15,"href":"https:\/\/alan.lu\/fr\/wp-json\/wp\/v2\/pages\/29633\/revisions"}],"predecessor-version":[{"id":29818,"href":"https:\/\/alan.lu\/fr\/wp-json\/wp\/v2\/pages\/29633\/revisions\/29818"}],"wp:attachment":[{"href":"https:\/\/alan.lu\/fr\/wp-json\/wp\/v2\/media?parent=29633"}],"curies":[{"name":"wp","href":"https:\/\/api.w.org\/{rel}","templated":true}]}}